{"id":69,"date":"2020-12-03T10:34:42","date_gmt":"2020-12-03T09:34:42","guid":{"rendered":"http:\/\/indeks.pk.edu.pl\/?page_id=69"},"modified":"2026-04-20T12:25:45","modified_gmt":"2026-04-20T10:25:45","slug":"zwyciezcy-z-poprzednich-lat","status":"publish","type":"page","link":"https:\/\/indeks.pk.edu.pl\/?page_id=69","title":{"rendered":"Zwyci\u0119zcy na PK"},"content":{"rendered":"\n<h2 class=\"wp-block-heading\">Rok 2026<\/h2>\n\n\n\n<h1 class=\"wp-block-heading\">Laureaci 11. edycji konkursu \u201eO Z\u0142oty Indeks PK\u201d odwiedzili Politechnik\u0119 Krakowsk\u0105 i odebrali dyplomy<\/h1>\n\n\n\n<p><strong>Og\u00f3lnopolski konkurs \u201eO Z\u0142oty Indeks PK\u201d to przedsi\u0119wzi\u0119cie, kt\u00f3re na sta\u0142e wpisa\u0142o si\u0119 do kalendarza wydarze\u0144 organizowanych przez Politechnik\u0119 Krakowsk\u0105, a dedykowanych uczniom szk\u00f3\u0142 \u015brednich. Po raz 11. maturzy\u015bci z ca\u0142ej Polski i nie tylko oni, bowiem w tym roku w politechnicznym konkursie mogli startowa\u0107 tak\u017ce uczniowie z m\u0142odszych klas szk\u00f3\u0142 ponadpodstawowych, walczyli o dodatkowe punkty w rekrutacji na Politechnik\u0119 Krakowsk\u0105, czyli tytu\u0142owy z\u0142oty indeks. Konkurs rozegrano \u2013 pierwszy raz w jego historii \u2013 w 5 dyscyplinach: matematyce, chemii, informatyce, predyspozycjach architektonicznych oraz \u2013 i to nowo\u015b\u0107 \u2013 elektrotechnice i automatyce. Laureaci konkursu \u201eO Z\u0142oty Indeks PK\u201d odwiedzili uczelni\u0119 17 kwietnia br. i odebrali pami\u0105tkowe dyplomy, a przy okazji skorzystali z atrakcji Dnia Otwartego Politechniki Krakowskiej.<\/strong><\/p>\n\n\n\n<figure class=\"wp-block-image\"><img decoding=\"async\" src=\"https:\/\/www.pk.edu.pl\/images\/news\/2026\/4\/zloty_indeks_DSC_3589.jpg\" alt=\"Wsp\u00f3lne zdj\u0119cie uczestnik\u00f3w spotkania na Politechnice Krakowskiej\"\/><\/figure>\n\n\n\n<p>Tytu\u0142 laureata 11. edycji konkursu \u201eO Z\u0142oty Indeks PK\u201d trafi\u0142 do 88 uczestnik\u00f3w, a w\u015br\u00f3d nich do: 11 laureat\u00f3w z chemii, 18 z informatyki, 39 z matematyki, 11 laureat\u00f3w z predyspozycji architektonicznych i 9 laureat\u00f3w z elektrotechniki i automatyki. Z najlepszymi uczestnikami spotkali si\u0119 w Pawilonie Konferencyjno-Wystawowym \u201eKot\u0142ownia\u201d na kampusie g\u0142\u00f3wnym Politechniki przy ul. Warszawskiej 24 rektor prof. dr hab. in\u017c. Andrzej Szarata i prorektor ds. studenckich dr in\u017c. Marek Bauer. W spotkaniu udzia\u0142 wzi\u0119li te\u017c przedstawiciele wydzia\u0142\u00f3w uczelni oraz cz\u0142onkowie Komisji Konkursowej.<\/p>\n\n\n\n<p>Przypomnijmy, elektroniczna rejestracja do zako\u0144czonej edycji konkursu \u201eO Z\u0142oty Indeks PK\u201d odbywa\u0142a si\u0119 od 1 grudnia 2025 r. do 12 stycznia 2026 r. Do udzia\u0142u zg\u0142osi\u0142y si\u0119 602 osoby, a wi\u0119c rekordowa liczba. Rywalizacj\u0119 przeprowadzono w dw\u00f3ch etapach. I zdalny odby\u0142 si\u0119 17 stycznia. Do II \u2013 stacjonarnego, kt\u00f3ry przeprowadzono 21 lutego \u2013 zakwalifikowa\u0142o si\u0119 156 os\u00f3b. 11. ods\u0142ona politechnicznego konkursu zosta\u0142a przeprowadzona w pi\u0119ciu przedmiotach: matematyce, chemii, informatyce, predyspozycjach architektonicznych, elektrotechnice i automatyce. Za ka\u017cdy z nich odpowiedzialne by\u0142y dwie osoby z Komisji Konkursowej: prof. Anna Kumaniecka i dr Adam Bednarz za matematyk\u0119, dr Barbara Laskowska i dr in\u017c. Piotr Sury\u0142o za chemi\u0119, dr Adam Wyrzykowski i mgr in\u017c. Aleksander Radwan-Prag\u0142owski za informatyk\u0119, dr in\u017c. arch. Lukas Olma i mgr in\u017c. arch. Anna Marek-\u017baak za predyspozycje architektoniczne, dr hab. in\u017c. Krzysztof Tomczyk, prof. PK, dr in\u017c. Bartosz Rozegna\u0142 za elektrotechnik\u0119 i automatyk\u0119. Na czele Komisji sta\u0142 prorektor dr in\u017c. Marek Bauer. Przedsi\u0119wzi\u0119cie koordynowa\u0142a Marta Madej z Dzia\u0142u Spraw Studenckich.<\/p>\n\n\n\n<p>Pula dodatkowych punkt\u00f3w w rekrutacji na PK, o kt\u00f3re walczyli uczestnicy, zale\u017cna jest od wynik\u00f3w uzyskanych w finale. 200 punkt\u00f3w otrzymuj\u0105 laureaci I stopnia (wyniki w przedziale od 81 do 100 proc. maksymalnej liczby punkt\u00f3w), 100 dodatkowych punkt\u00f3w w rekrutacji na PK \u2013 laureaci II stopnia (uczniowie z wynikami mieszcz\u0105cymi si\u0119 w przedziale 66-80 proc. maksymalnej liczby punkt\u00f3w), za\u015b 60 punkt\u00f3w zdobywcy tytu\u0142u laureata III stopnia (rezultaty w puli od 50 do 65 proc. maksymalnej liczby punkt\u00f3w). Punkty wywalczone z przedmiot\u00f3w matematyka, chemia, informatyka oraz elektrotechnika i automatyka, nie przys\u0142uguj\u0105 w post\u0119powaniu rekrutacyjnym na kierunki&nbsp;<em>architektura<\/em>&nbsp;i&nbsp;<em>architektura krajobrazu<\/em>, natomiast te zdobyte z przedmiotu predyspozycje architektoniczne, s\u0105 brane pod uwag\u0119 wy\u0142\u0105cznie w rekrutacji na&nbsp;<em>architektur\u0119<\/em>&nbsp;oraz&nbsp;<em>architektur\u0119 krajobrazu<\/em>. Z przyznanych punkt\u00f3w branych pod uwag\u0119 w procesie rekrutacyjnym na Politechnik\u0119 Krakowsk\u0105 mo\u017cna skorzysta\u0107 tylko w roku uzyskania \u015bwiadectwa dojrza\u0142o\u015bci.<\/p>\n\n\n\n<p><strong>Laureatki i laureaci 11. konkursu \u201eO Z\u0142oty Indeks PK\u201d:<\/strong><\/p>\n\n\n\n<p><strong>Chemia<\/strong><\/p>\n\n\n\n<p><strong>Laureat II stopnia<\/strong><\/p>\n\n\n\n<p>1.&nbsp;<strong>Jakub Lenart<\/strong>&nbsp;(XIII Liceum Og\u00f3lnokszta\u0142c\u0105ce im. Bohater\u00f3w Westerplatte w Krakowie)<\/p>\n\n\n\n<p><strong>Laureaci III stopnia<\/strong><\/p>\n\n\n\n<p>1.&nbsp;<strong>Micha\u0142 Kr\u00f3l<\/strong>&nbsp;(Liceum Og\u00f3lnokszta\u0142c\u0105ce im. ks. Piotra Skargi w S\u0119dziszowie Ma\u0142opolskim)<\/p>\n\n\n\n<p>2.&nbsp;<strong>Dawid Gilas<\/strong>&nbsp;(Zesp\u00f3\u0142 Szk\u00f3\u0142 nr 2 im. Miko\u0142aja Reja w Kra\u015bniku)<\/p>\n\n\n\n<p>3.&nbsp;<strong>Anna Gryczman<\/strong>&nbsp;(I Liceum Og\u00f3lnokszta\u0142c\u0105ce im. Miko\u0142aja Kopernika w Jaros\u0142awiu)<\/p>\n\n\n\n<p>4.&nbsp;<strong>Kacper \u0141ukawski<\/strong>&nbsp;(Publiczne Liceum Og\u00f3lnokszta\u0142c\u0105ce im. \u015bw. Stanis\u0142awa Kostki w Krakowie)<\/p>\n\n\n\n<p>5.&nbsp;<strong>Julia Kochutek<\/strong>&nbsp;(I Liceum Og\u00f3lnokszta\u0142c\u0105ce im. Miko\u0142aja Kopernika w \u017bywcu)<\/p>\n\n\n\n<p>6.&nbsp;<strong>Julia W\u0105tor<\/strong>&nbsp;(Ma\u0142opolska Szko\u0142a Go\u015bcinno\u015bci w My\u015blenicach)<\/p>\n\n\n\n<p>7.&nbsp;<strong>Aleksander Kasi\u0144ski<\/strong>&nbsp;(I Liceum Og\u00f3lnokszta\u0142c\u0105ce im. Miko\u0142aja Kopernika w \u017bywcu)<\/p>\n\n\n\n<p>8.&nbsp;<strong>Julia \u0141agosz<\/strong>&nbsp;(I LO im. Waleriana \u0141ukasi\u0144skiego w D\u0105browie G\u00f3rniczej)<\/p>\n\n\n\n<p>9.&nbsp;<strong>Tomasz Mazur<\/strong>&nbsp;(Zesp\u00f3\u0142 Szk\u00f3\u0142 nr 2 im. Miko\u0142aja Reja w Kra\u015bniku)<\/p>\n\n\n\n<p>10.&nbsp;<strong>Pawe\u0142 Mrozi\u0144ski<\/strong>&nbsp;(I Liceum Og\u00f3lnokszta\u0142c\u0105ce im. Waleriana \u0141ukasi\u0144skiego)<\/p>\n\n\n\n<p><strong>Matematyka<\/strong><\/p>\n\n\n\n<p><strong>Laureaci I stopnia<\/strong><\/p>\n\n\n\n<p>1.&nbsp;<strong>Leonard Popiela<\/strong>&nbsp;(V Liceum Og\u00f3lnokszta\u0142c\u0105ce im. Augusta Witkowskiego w Krakowie)<\/p>\n\n\n\n<p>2.&nbsp;<strong>Rafa\u0142 Grzyb<\/strong>&nbsp;(I Liceum Og\u00f3lnokszta\u0142c\u0105ce im. Organizacji Narod\u00f3w Zjednoczonych w Bi\u0142goraju)<\/p>\n\n\n\n<p>3.&nbsp;<strong>Daniel Myszka<\/strong>&nbsp;(II Liceum Og\u00f3lnokszta\u0142c\u0105ce im. Stanis\u0142awa Staszica w Starachowicach)<\/p>\n\n\n\n<p>4.&nbsp;<strong>Dawid Skrabot<\/strong>&nbsp;(IV Liceum Og\u00f3lnokszta\u0142c\u0105ce z Oddzia\u0142ami Dwuj\u0119zycznymi im. Stanis\u0142awa Staszica w Sosnowcu)<\/p>\n\n\n\n<p>5.&nbsp;<strong>Krzysztof Kosiba<\/strong>&nbsp;(II Liceum Og\u00f3lnokszta\u0142c\u0105ce im. Kr\u00f3la Jana III Sobieskiego w Krakowie)<\/p>\n\n\n\n<p>6.&nbsp;<strong>Jan Link<\/strong>&nbsp;(IV Liceum Og\u00f3lnokszta\u0142c\u0105ce w Tarnowie)<\/p>\n\n\n\n<p>7.&nbsp;<strong>Eryk \u0141o\u0144ski<\/strong>&nbsp;(I LO im. ONZ w Bi\u0142goraju)<\/p>\n\n\n\n<p>8.&nbsp;<strong>Julia Sobala<\/strong>&nbsp;(I Liceum Og\u00f3lnokszta\u0142c\u0105ce im. Tadeusza Ko\u015bciuszki w My\u015blenicach)<\/p>\n\n\n\n<p>9.&nbsp;<strong>Patryk Waciak<\/strong>&nbsp;(II Liceum Og\u00f3lnokszta\u0142c\u0105ce im. prof. Kazimierza Morawskiego w Przemy\u015blu)<\/p>\n\n\n\n<p><strong>Laureaci II stopnia<\/strong><\/p>\n\n\n\n<p>1.&nbsp;<strong>Jakub Czubat<\/strong>&nbsp;(Zesp\u00f3\u0142 Szk\u00f3\u0142 Licealnych im. Boles\u0142awa Chrobrego w Le\u017cajsku)<\/p>\n\n\n\n<p>2.&nbsp;<strong>Arkadiusz Steczko<\/strong>&nbsp;(Zesp\u00f3\u0142 Szk\u00f3\u0142 \u0141\u0105czno\u015bci im. Obro\u0144c\u00f3w Poczty Polskiej w Gda\u0144sku w Krakowie)<\/p>\n\n\n\n<p>3.&nbsp;<strong>Gabriel Szapa\u0142owski<\/strong>&nbsp;(31. Liceum Og\u00f3lnokszta\u0142c\u0105ce im. Romana Ingardena w Krakowie)<\/p>\n\n\n\n<p>4.&nbsp;<strong>Pawe\u0142 Latosi\u0144ski<\/strong>&nbsp;(VIII Liceum Og\u00f3lnokszta\u0142c\u0105ce im. Marii Sk\u0142odowskiej-Curie z Oddzia\u0142ami Dwuj\u0119zycznymi w Katowicach)<\/p>\n\n\n\n<p>5.&nbsp;<strong>Antonina Paczkowska<\/strong>&nbsp;(V Liceum Og\u00f3lnokszta\u0142c\u0105ce im. Augusta Witkowskiego w Krakowie)<\/p>\n\n\n\n<p>6.&nbsp;<strong>Emilia Proszkiewicz<\/strong>&nbsp;(V Liceum Og\u00f3lnokszta\u0142c\u0105ce im. Augusta Witkowskiego w Krakowie)<\/p>\n\n\n\n<p>7.&nbsp;<strong>Kamil Widenka<\/strong>&nbsp;(Liceum Og\u00f3lnokszta\u0142c\u0105ce nr 1 im. 14 Pu\u0142ku Powsta\u0144c\u00f3w \u015al\u0105skich w Wodzis\u0142awiu \u015al\u0105skim)<\/p>\n\n\n\n<p>8.&nbsp;<strong>Pawe\u0142 Ambrozik<\/strong>&nbsp;(II Liceum Og\u00f3lnokszta\u0142c\u0105ce im. Kr\u00f3la Jana III Sobieskiego w Krakowie)<\/p>\n\n\n\n<p>9.&nbsp;<strong>Igor Kope\u0107<\/strong>&nbsp;(II Liceum Og\u00f3lnokszta\u0142c\u0105ce im. Jana III Sobieskiego w Krakowie)<\/p>\n\n\n\n<p>10.&nbsp;<strong>Jakub Ksi\u0119\u017cyc<\/strong>&nbsp;(Technikum \u0141\u0105czno\u015bci nr 14 w Krakowie)<\/p>\n\n\n\n<p>11.&nbsp;<strong>Bartosz Mazurkiewicz<\/strong>&nbsp;(Technikum \u0141\u0105czno\u015bci nr 14 w Krakowie)<\/p>\n\n\n\n<p>12.&nbsp;<strong>Rafa\u0142 Nie\u0107<\/strong>&nbsp;(Zesp\u00f3\u0142 Szk\u00f3\u0142 Elektryczno-Mechanicznych im. Gen. J\u00f3zefa Kustronia w Nowym S\u0105czu)<\/p>\n\n\n\n<p>13.&nbsp;<strong>Olga Paduch<\/strong>&nbsp;(I Liceum Og\u00f3lnokszta\u0142c\u0105ce im. Kr\u00f3la Kazimierza Wielkiego w Bochni)<\/p>\n\n\n\n<p>14.&nbsp;<strong>Bartosz Sawczuk<\/strong>&nbsp;(I Liceum Og\u00f3lnokszta\u0142c\u0105ce im. W\u0142adys\u0142awa Broniewskiego w \u015awidniku)<\/p>\n\n\n\n<p>15.&nbsp;<strong>Victoria Zgoda<\/strong>&nbsp;(II Liceum Og\u00f3lnokszta\u0142c\u0105ce im. Kr\u00f3la Jana III Sobieskiego w Krakowie)<\/p>\n\n\n\n<p>16.&nbsp;<strong>Tomasz \u017burawski<\/strong>&nbsp;(Publiczne Liceum Og\u00f3lnokszta\u0142c\u0105ce nr 2 w Opolu)<\/p>\n\n\n\n<p><strong>Laureaci III stopnia<\/strong><\/p>\n\n\n\n<p>1.&nbsp;<strong>Damian Boro\u0144ski<\/strong>&nbsp;(II Liceum Og\u00f3lnokszta\u0142c\u0105ce im. Marii Konopnickiej w Nowym S\u0105czu)<\/p>\n\n\n\n<p>2.&nbsp;<strong>Zlata Diejewa<\/strong>&nbsp;(V Liceum Og\u00f3lnokszta\u0142c\u0105ce im. Augusta Witkowskiego w Krakowie)<\/p>\n\n\n\n<p>3.&nbsp;<strong>Igor Du\u0144ski<\/strong>&nbsp;(Alternatywne Liceum Og\u00f3lnokszta\u0142c\u0105ce w K\u0142odzku)<\/p>\n\n\n\n<p>4.&nbsp;<strong>Lena Gutfra\u0144ska<\/strong>&nbsp;(Liceum Og\u00f3lnokszta\u0142c\u0105ce im. mjra Henryka Sucharskiego w Sierpcu)<\/p>\n\n\n\n<p>5.&nbsp;<strong>Wiktor Ignatowski<\/strong>&nbsp;(II Liceum Og\u00f3lnokszta\u0142c\u0105ce im. prof. Kazimierza Morawskiego w Przemy\u015blu)<\/p>\n\n\n\n<p>6.&nbsp;<strong>Maria Kantor<\/strong>&nbsp;(II Liceum Og\u00f3lnokszta\u0142c\u0105ce im. Marii Konopnickiej w Nowym S\u0105czu)<\/p>\n\n\n\n<p>7.&nbsp;<strong>Bartosz Krzemie\u0144ski<\/strong>&nbsp;(V Liceum Og\u00f3lnokszta\u0142c\u0105ce im. Augusta Witkowskiego w Krakowie)<\/p>\n\n\n\n<p>8.&nbsp;<strong>Siamion Tabolin<\/strong>&nbsp;(Liceum Og\u00f3lnokszta\u0142c\u0105ce im. Zygmunta Wr\u00f3blewskiego w Krakowie)<\/p>\n\n\n\n<p>9.&nbsp;<strong>Natalia Gregorczyk<\/strong>&nbsp;(Zesp\u00f3\u0142 Szk\u00f3\u0142 im. ks. Stanis\u0142awa Staszica w Tarnobrzegu)<\/p>\n\n\n\n<p>10.&nbsp;<strong>Gabriela Katzer<\/strong>&nbsp;(Zesp\u00f3\u0142 Szk\u00f3\u0142 i Plac\u00f3wek O\u015bwiatowych im. Miko\u0142aja Kopernika w Kalwarii Zebrzydowskiej)<\/p>\n\n\n\n<p>11.&nbsp;<strong>Jakub M\u0142ynarczyk<\/strong>&nbsp;(I Liceum Og\u00f3lnokszta\u0142c\u0105ce im. Seweryna Goszczy\u0144skiego w Nowym Targu)<\/p>\n\n\n\n<p>12.&nbsp;<strong>Anna Szyma\u0144ska<\/strong>&nbsp;(Publiczne Salezja\u0144skie Liceum Og\u00f3lnokszta\u0142c\u0105ce w Krakowie)<\/p>\n\n\n\n<p>13.&nbsp;<strong>Filip Zaj\u0105c<\/strong>&nbsp;(Technikum \u0141\u0105czno\u015bci numer 14 w Krakowie)<\/p>\n\n\n\n<p>14.&nbsp;<strong>Anna Zi\u0119ba<\/strong>&nbsp;(I Liceum Og\u00f3lnokszta\u0142c\u0105ce im. Kr\u00f3la Kazimierza Wielkiego w Bochni)<\/p>\n\n\n\n<p><strong>Predyspozycje architektoniczne<\/strong><\/p>\n\n\n\n<p><strong>Laureaci I stopnia<\/strong><\/p>\n\n\n\n<p>1.&nbsp;<strong>Julia Krupa<\/strong>&nbsp;(Zesp\u00f3\u0142 Szk\u00f3\u0142 Og\u00f3lnokszta\u0142c\u0105cych nr 2 im. \u015aw. Jadwigi Kr\u00f3lowej w Nowym Targu)<\/p>\n\n\n\n<p>2.&nbsp;<strong>Pawe\u0142 Sad\u0142o<\/strong>&nbsp;(I Liceum Og\u00f3lnokszta\u0142c\u0105ce im. ks. Stanis\u0142awa Konarskiego w Rzeszowie)<\/p>\n\n\n\n<p><strong>Laureaci II stopnia<\/strong><\/p>\n\n\n\n<p>1.&nbsp;<strong>Paulina Sikora<\/strong>&nbsp;(I Liceum Og\u00f3lnokszta\u0142c\u0105ce im. Kazimierza Brodzi\u0144skiego w Tarnowie) &nbsp;&nbsp;&nbsp;&nbsp;&nbsp;&nbsp;&nbsp;&nbsp;&nbsp;&nbsp;&nbsp;&nbsp;&nbsp;&nbsp;<\/p>\n\n\n\n<p>2.&nbsp;<strong>Weronika Mazurowsk<\/strong>a (III Liceum Og\u00f3lnokszta\u0142c\u0105ce im. Adama Mickiewicza w Tarnowie)<\/p>\n\n\n\n<p>3.&nbsp;<strong>Gabriela \u0141abno<\/strong>&nbsp;(I Liceum Og\u00f3lnokszta\u0142c\u0105ce im. Kazimierza Brodzi\u0144skiego w Tarnowie)<\/p>\n\n\n\n<p>4.&nbsp;<strong>Julia Pokrywka<\/strong>&nbsp;(I Liceum Og\u00f3lnokszta\u0142c\u0105ce im. Kr\u00f3la Kazimierza Wielkiego w Brzozowie)<\/p>\n\n\n\n<p><strong>Laureaci III stopnia<\/strong><\/p>\n\n\n\n<p>1.&nbsp;<strong>Martyna Sowa<\/strong>&nbsp;(VI Liceum Og\u00f3lnokszta\u0142c\u0105ce im. Ambro\u017cego Towarnickiego w Rzeszowie)<\/p>\n\n\n\n<p>2.&nbsp;<strong>Micha\u0142 Kroczek<\/strong>&nbsp;(I LO im. W\u0142adys\u0142awa Orkana w Limanowej)<\/p>\n\n\n\n<p>3.&nbsp;<strong>Lena Schramel<\/strong>&nbsp;(III Liceum im. Jana Kochanowskiego w Krakowie)<\/p>\n\n\n\n<p>4.&nbsp;<strong>Szymon Rzeszutek<\/strong>&nbsp;(Zesp\u00f3\u0142 Szk\u00f3\u0142 Budowlanych im. \u017bo\u0142nierzy Armii Krajowej w Mielcu)<\/p>\n\n\n\n<p>5.&nbsp;<strong>Natalia Kochan<\/strong>&nbsp;(Zesp\u00f3\u0142 Szk\u00f3\u0142 Licealnych im. Boles\u0142awa Chrobrego w Le\u017cajsku)<\/p>\n\n\n\n<p><strong>Informatyka<\/strong><\/p>\n\n\n\n<p><strong>Laureat I stopnia<\/strong><\/p>\n\n\n\n<p>1.&nbsp;<strong>Krzysztof Micha\u0142czyk<\/strong>&nbsp;(Technikum Komunikacyjne nr 25 w Krakowie)<\/p>\n\n\n\n<p><strong>Laureaci II stopnia<\/strong><\/p>\n\n\n\n<p>1.&nbsp;<strong>Karol Michno<\/strong>&nbsp;(Zesp\u00f3\u0142 Szk\u00f3\u0142 w Rabce-Zdroju im. ks. prof. J\u00f3zefa Tischnera)<\/p>\n\n\n\n<p>2.&nbsp;<strong>Szymon Urbaniak<\/strong>&nbsp;(Technikum \u0141\u0105czno\u015bci nr 14 im. Obro\u0144c\u00f3w Poczty Polskiej w Gda\u0144sku w Krakowie)<\/p>\n\n\n\n<p>3.&nbsp;<strong>Bart\u0142omiej Konopka<\/strong>&nbsp;(31. Liceum Og\u00f3lnokszta\u0142c\u0105ce im. Romana Ingardena w Krakowie)<\/p>\n\n\n\n<p>4.&nbsp;<strong>Bartosz Czuban<\/strong>&nbsp;(Technikum \u0141\u0105czno\u015bci nr 14 w Krakowie)<\/p>\n\n\n\n<p>5.&nbsp;<strong>Robert Kubasiak<\/strong>&nbsp;(Zesp\u00f3\u0142 Szk\u00f3\u0142 im. Walerego Goetla w Suchej Beskidzkiej, odzia\u0142 Mak\u00f3w Podhala\u0144ski)<\/p>\n\n\n\n<p>6.&nbsp;<strong>Jakub Mro\u017cek<\/strong>&nbsp;(Zesp\u00f3\u0142 Szk\u00f3\u0142 w Rabce-Zdroju im. ks. prof. J\u00f3zefa Tischnera)<\/p>\n\n\n\n<p>7.&nbsp;<strong>Bartosz Pawlik<\/strong>&nbsp;(V Liceum Og\u00f3lnokszta\u0142c\u0105ce im. ks. Piotra \u015aciegiennego w Kielcach)<\/p>\n\n\n\n<p>8.&nbsp;<strong>Wojciech Piech<\/strong>&nbsp;(31. Liceum Og\u00f3lnokszta\u0142c\u0105ce im. Romana Ingardena w Krakowie)<\/p>\n\n\n\n<p><strong>Laureaci III stopnia<\/strong><\/p>\n\n\n\n<p>1.&nbsp;<strong>Szymon Janiak<\/strong>&nbsp;(Zesp\u00f3\u0142 Szk\u00f3\u0142 w Rabce-Zdroju im. ks. prof. J\u00f3zefa Tischnera)<\/p>\n\n\n\n<p>2.&nbsp;<strong>Kacper K\u0119dzior<\/strong>&nbsp;(Zesp\u00f3\u0142 Szk\u00f3\u0142 w Rabce-Zdroju im. ks. prof. J\u00f3zefa Tischnera)<\/p>\n\n\n\n<p>3.&nbsp;<strong>Miko\u0142aj Marasek<\/strong>&nbsp;(31. Liceum Og\u00f3lnokszta\u0142c\u0105ce im. Romana Ingardena w Krakowie)<\/p>\n\n\n\n<p>4.&nbsp;<strong>Jan Mamo\u0144<\/strong>&nbsp;(Technikum nr 1 im. Ks. Stanis\u0142awa Staszica w Wadowicach)<\/p>\n\n\n\n<p>5.&nbsp;<strong>Szymon Jaksan<\/strong>&nbsp;(Technikum Energetyczno-Elektroniczne im. Tadeusza Ko\u015bciuszki nr 9 w Krakowie)<\/p>\n\n\n\n<p>6.&nbsp;<strong>Karol Krupicz<\/strong>&nbsp;(Regionalne Centrum Edukacji Zawodowej w Bi\u0142goraju)<\/p>\n\n\n\n<p>7.&nbsp;<strong>Krystian Koza<\/strong>&nbsp;(Zesp\u00f3\u0142 Szk\u00f3\u0142 Technicznych i Og\u00f3lnokszta\u0142c\u0105cych im. Jana Paw\u0142a II w Limanowej)<\/p>\n\n\n\n<p>8.&nbsp;<strong>Kacper Salamon<\/strong>&nbsp;(Regionalne Centrum Edukacji Zawodowej w Bi\u0142goraju)<\/p>\n\n\n\n<p>9.&nbsp;<strong>Karol Michalik<\/strong>&nbsp;(Zesp\u00f3\u0142 Szk\u00f3\u0142 Technicznych i Og\u00f3lnokszta\u0142c\u0105cych im. Jana Paw\u0142a II w Limanowej)<\/p>\n\n\n\n<p><strong>Elektrotechnika i automatyka<\/strong><\/p>\n\n\n\n<p><strong>Laureaci I stopnia<\/strong><\/p>\n\n\n\n<p>1.&nbsp;<strong>Grzegorz Wiktor<\/strong>&nbsp;(Technikum Energetyczno-Elektroniczne im. Tadeusza Ko\u015bciuszki nr 9 w Krakowie)<\/p>\n\n\n\n<p>2.&nbsp;<strong>Olaf Zagrobelny<\/strong>&nbsp;(Technikum Energetyczno-Elektroniczne im. Tadeusza Ko\u015bciuszki nr 9 w Krakowie)<\/p>\n\n\n\n<p>3.&nbsp;<strong>Hubert Ziarkowski<\/strong>&nbsp;(Technikum Energetyczno-Elektroniczne im. Tadeusza Ko\u015bciuszki nr 9 w Krakowie)<\/p>\n\n\n\n<p><strong>Laureaci II stopnia<\/strong><\/p>\n\n\n\n<p>1.&nbsp;<strong>Krystian Bochenek<\/strong>&nbsp;(Zesp\u00f3\u0142 Szk\u00f3\u0142 Energetycznych w Krakowie)<\/p>\n\n\n\n<p>2.&nbsp;<strong>Ignacy \u017buchowicz<\/strong>&nbsp;(Technikum Energetyczno-Elektroniczne im. Tadeusza Ko\u015bciuszki nr 9 w Krakowie)<\/p>\n\n\n\n<p><strong>Laureaci III stopnia<\/strong><\/p>\n\n\n\n<p>1.&nbsp;<strong>Jacek Kawalec<\/strong>&nbsp;(II LO im. Kr\u00f3la Jana III Sobieskiego w Krakowie)<\/p>\n\n\n\n<p>2.&nbsp;<strong>Bartosz Krechniak<\/strong>&nbsp;(Zesp\u00f3\u0142 Szk\u00f3\u0142 Technicznych im. Ignacego Mo\u015bcickiego w Tarnowie)<\/p>\n\n\n\n<p>3.&nbsp;<strong>Franciszek Skalny<\/strong>&nbsp;(III Spo\u0142eczne Liceum Og\u00f3lnokszta\u0142c\u0105ce im. Juliusza S\u0142owackiego Spo\u0142ecznego Towarzystwa O\u015bwiatowego w Krakowie)<\/p>\n\n\n\n<p>4.&nbsp;<strong>Kacper Molendowski<\/strong>&nbsp;(Technikum Energetyczno-Elektroniczne im. Tadeusza Ko\u015bciuszki nr 9 w Krakowie)<\/p>\n\n\n\n<h2 class=\"wp-block-heading\">Rok 2025<\/h2>\n\n\n\n<p><strong>Laureatki i laureaci 10. konkursu \u201eO Z\u0142oty Indeks PK\u201d:<\/strong><\/p>\n\n\n\n<p><strong><em>Informatyka<\/em><\/strong><\/p>\n\n\n\n<p><strong>Laureaci I stopnia \u2013 9 os\u00f3b:<\/strong><\/p>\n\n\n\n<p>1. Jan Malinowski (VIII Liceum Og\u00f3lnokszta\u0142c\u0105ce im. Stanis\u0142awa Wyspia\u0144skiego w Krakowie)<\/p>\n\n\n\n<p>2. Franciszek \u0141opusza\u0144ski (I Liceum Og\u00f3lnokszta\u0142c\u0105ce Dwuj\u0119zyczne im. Edwarda Dembowskiego w Gliwicach)<\/p>\n\n\n\n<p>3. Dominik Wojtanowski (Zesp\u00f3\u0142 Szk\u00f3\u0142 Technicznych i Og\u00f3lnokszta\u0142c\u0105cych im. Stefana Banacha w Jaros\u0142awiu)<\/p>\n\n\n\n<p>4. Jakub Rajchel (Liceum Og\u00f3lnokszta\u0142c\u0105ce im. Tadeusza Ko\u015bciuszki w Krzeszowicach)<\/p>\n\n\n\n<p>5. Maciej Wojtysiak (Centrum Kszta\u0142cenia Zawodowego im. Tadeusza Ko\u015bciuszki w \u0141owiczu)<\/p>\n\n\n\n<p>6. Maciej Fusiarz (Regionalne Centrum Edukacji Zawodowej w Bi\u0142goraju)<\/p>\n\n\n\n<p>7. Gabriel Pilch (Technikum Energetyczno-Elektroniczne im. Tadeusza Ko\u015bciuszki nr 9 w Krakowie)<\/p>\n\n\n\n<p>8. Hubert Krzy\u017cak (Zesp\u00f3\u0142 Szk\u00f3\u0142 Elektryczno-Mechanicznych im. Gen. J\u00f3zefa Kustronia w Nowym S\u0105czu)<\/p>\n\n\n\n<p>9. Piotr Budzi\u0144ski (Technikum Komunikacyjne nr 25 w Krakowie)<\/p>\n\n\n\n<p><strong>Laureaci II stopnia \u2013 10 os\u00f3b:<\/strong><\/p>\n\n\n\n<p>1. Jan Ga\u0144czarczyk (Zesp\u00f3\u0142 Szk\u00f3\u0142 im. W\u0142adys\u0142awa Szybi\u0144skiego Technikum nr 1 w Cieszynie)<\/p>\n\n\n\n<p>2. Krystian Damasiewicz (Technikum TEB Edukacja w Krakowie)<\/p>\n\n\n\n<p>3. Micha\u0142 Biela (Technikum Komunikacyjne nr 25 w Krakowie)<\/p>\n\n\n\n<p>4. Mateusz \u0141ago\u017any (I Liceum Og\u00f3lnokszta\u0142c\u0105ce im. W\u0142adys\u0142awa Broniewskiego w \u015awidniku)<\/p>\n\n\n\n<p>5. Jakub Surowiec (Zesp\u00f3\u0142 Szk\u00f3\u0142 Technicznych w Mielcu)<\/p>\n\n\n\n<p>6. Grzegorz Stadnik (Technikum Energetyczno- Elektroniczne nr 9 im. Tadeusza Ko\u015bciuszki w Krakowie)<\/p>\n\n\n\n<p>7. Igor Mlekodaj (Technikum Energetyczno- Elektroniczne nr 9 im. Tadeusza Ko\u015bciuszki w Krakowie)<\/p>\n\n\n\n<p>8. Tomasz Brak (Liceum Og\u00f3lnokszta\u0142c\u0105ce im. Tadeusza Ko\u015bciuszki w Miechowie)<\/p>\n\n\n\n<p>9. Oskar Farbaniec (XXXI Liceum Og\u00f3lnokszta\u0142c\u0105ce im. Romana Ingardena w Krakowie)<\/p>\n\n\n\n<p>10. Arkadiusz Kuska (Zesp\u00f3\u0142 Szk\u00f3\u0142 nr 1 w Bochni)<\/p>\n\n\n\n<p><strong>Laureaci III stopnia \u2013 4 osoby:<\/strong><\/p>\n\n\n\n<p>1. Pawe\u0142 B\u0142ahut (Zesp\u00f3\u0142 Szk\u00f3\u0142 im. W\u0142adys\u0142awa Szybi\u0144skiego w Cieszynie)<\/p>\n\n\n\n<p>2. Jakub W\u00f3jtowicz (Zesp\u00f3\u0142 Szk\u00f3\u0142 Technicznych i Og\u00f3lnokszta\u0142c\u0105cych im. Jana Paw\u0142a II w Limanowej)<\/p>\n\n\n\n<p>3. Mi\u0142osz Wrona (Zesp\u00f3\u0142 Szk\u00f3\u0142 Technicznych i Og\u00f3lnokszta\u0142c\u0105cych im. Jana Paw\u0142a II w Limanowej)<\/p>\n\n\n\n<p>4. Mateusz Kuta (Zesp\u00f3\u0142 Szk\u00f3\u0142 im. Walerego Goetla w Suchej Beskidzkiej)<\/p>\n\n\n\n<p><strong><em>Matematyka<\/em><\/strong><\/p>\n\n\n\n<p><strong>Laureaci II stopnia \u2013 10 os\u00f3b<\/strong><\/p>\n\n\n\n<p>1. Marcin Wilkus (Samorz\u0105dowe Liceum Og\u00f3lnokszta\u0142c\u0105ce im. Cypriana Kamila Norwida w Stalowej Woli)&nbsp;<\/p>\n\n\n\n<p>2. Kacper Sobczyk (XLIV 44 Liceum Og\u00f3lnokszta\u0142c\u0105ce im. Stanis\u0142awa Konarskiego w Krakowie)<\/p>\n\n\n\n<p>3. Jakub Skalany (I Licem Og\u00f3lnokszta\u0142c\u0105ce im. Seweryna Goszczy\u0144skiego w Nowym Targu)<\/p>\n\n\n\n<p>4. \u0141ukasz Jod\u0142owiec (I Liceum Og\u00f3lnokszta\u0142c\u0105ce im. Miko\u0142aja Kopernika w \u017bywcu)<\/p>\n\n\n\n<p>5. Piotr Bana\u015b (V Liceum Og\u00f3lnokszta\u0142c\u0105ce im. Augusta Witkowskiego w Krakowie)<\/p>\n\n\n\n<p>6. Zuzanna Talarek (I Liceum Og\u00f3lnokszta\u0142c\u0105ce im. Bart\u0142omieja Nowodworskiego w Krakowie)<\/p>\n\n\n\n<p>7. Micha\u0142 Zieli\u0144ski (V Liceum Og\u00f3lnokszta\u0142c\u0105ce im. Augusta Witkowskiego w Krakowie)<\/p>\n\n\n\n<p>8. Oliwier Moskalewicz (II Liceum Og\u00f3lnokszta\u0142c\u0105ce im. Marii Konopnickiej w Nowym S\u0105czu)<\/p>\n\n\n\n<p>9. Micha\u0142 Szymo\u0144ski (I Liceum Og\u00f3lnokszta\u0142c\u0105ce im. Miko\u0142aja Kopernika w \u017bywcu)<\/p>\n\n\n\n<p>10. Nataniel Konieczny (Zesp\u00f3\u0142 Szk\u00f3\u0142 \u0141\u0105czno\u015bci im. Obro\u0144c\u00f3w Poczty Polskiej w Gda\u0144sku w Krakowie)<\/p>\n\n\n\n<p><strong>Laureaci III stopnia \u2013 5 os\u00f3b<\/strong><\/p>\n\n\n\n<p>1. Marta Kurowska (Zesp\u00f3\u0142 Szk\u00f3\u0142 \u0141\u0105czno\u015bci im. Obro\u0144c\u00f3w Poczty Polskiej w Gda\u0144sku w Krakowie)<\/p>\n\n\n\n<p>2. Ignacy Pezda (I Liceum Og\u00f3lnokszta\u0142c\u0105ce im. Miko\u0142aja Kopernika w \u017bywcu)<\/p>\n\n\n\n<p>3. Jan Socha (Zesp\u00f3\u0142 Szk\u00f3\u0142 \u0141\u0105czno\u015bci im. Obro\u0144c\u00f3w Poczty Polskiej w Gda\u0144sku w Krakowie)<\/p>\n\n\n\n<p>4. Karol M\u0119drala (I Liceum Og\u00f3lnokszta\u0142c\u0105ce im. Miko\u0142aja Kopernika w \u017bywcu)<\/p>\n\n\n\n<p>5. Wojciech Uzar (XLIV 44 Liceum Og\u00f3lnokszta\u0142c\u0105ce im. Ks. Stanis\u0142awa Konarskiego w Krakowie)<\/p>\n\n\n\n<p><strong><em>Predyspozycje architektoniczne<\/em><\/strong><\/p>\n\n\n\n<p><strong>Laureaci I stopnia \u2013 2 osoby:<\/strong><\/p>\n\n\n\n<p>1. Kinga Piczak (IX Liceum Og\u00f3lnokszta\u0142c\u0105ce z Oddzia\u0142ami Dwuj\u0119zycznymi im. \u015aw. Kr\u00f3lowej Jadwigi<br>w Rzeszowie)<\/p>\n\n\n\n<p>2. Aleks Jastrz\u0119bski (Liceum Og\u00f3lnokszta\u0142c\u0105ce im. Komisji Edukacji Narodowej w Bielsku-Bia\u0142ej)<\/p>\n\n\n\n<p><strong>Laureatki II stopnia \u2013 2 osoby:<\/strong><\/p>\n\n\n\n<p>&nbsp;1. Aleksandra Korcyl (II Liceum Og\u00f3lnokszta\u0142c\u0105ce im. Hetmana Jana Tarnowskiego w Tarnowie)<\/p>\n\n\n\n<p>2. Katarzyna Pietraszek (Liceum Og\u00f3lnokszta\u0142c\u0105ce im. Jana Paw\u0142a II Si\u00f3str Prezentek w Rzeszowie)<\/p>\n\n\n\n<p><strong>Laureaci III stopnia \u2013 7 os\u00f3b:<\/strong><\/p>\n\n\n\n<p>1. Aleksandra Wo\u017aniak (V Liceum Og\u00f3lnokszta\u0142c\u0105ce im. Augusta Witkowskiego w Krakowie)<\/p>\n\n\n\n<p>2. Jakub Niedzia\u0142ek (I Liceum Og\u00f3lnokszta\u0142c\u0105ce im. Stanis\u0142awa Konarskiego w Rzeszowie)<\/p>\n\n\n\n<p>3. Emilia Ocha\u0142 (Liceum Og\u00f3lnokszta\u0142c\u0105ce im. Jana Paw\u0142a II Si\u00f3str Prezentek w Rzeszowie)<\/p>\n\n\n\n<p>4. Magdalena Paliga (Zesp\u00f3\u0142 Szk\u00f3\u0142 nr 2 im. Eugeniusza Kwiatkowskiego w D\u0119bicy)<\/p>\n\n\n\n<p>5. Nikola Pierzcha\u0142a (Liceum Og\u00f3lnokszta\u0142c\u0105ce im. Artura Grottgera w Grybowie)<\/p>\n\n\n\n<p>6. Jakub Dworak (IV Liceum Og\u00f3lnokszta\u0142c\u0105ce im. Miko\u0142aja Kopernika w Rzeszowie)<\/p>\n\n\n\n<p>7. Oliwia Mazan (Liceum Og\u00f3lnokszta\u0142c\u0105ce im. Tadeusza Ko\u015bciuszki w Ropczycach)<\/p>\n\n\n\n<p><strong><em>Chemia<\/em><\/strong><\/p>\n\n\n\n<p><strong>Laureat I stopnia \u2013 1:<\/strong><\/p>\n\n\n\n<p>&nbsp;1. Maciej Funek (Zesp\u00f3\u0142 Szk\u00f3\u0142 Chemicznych im. Marii Sk\u0142odowskiej-Curie w Krakowie)<\/p>\n\n\n\n<p>&nbsp;<strong>Laureat II stopnia \u2013 1:<\/strong><\/p>\n\n\n\n<p>&nbsp;1. Jan Molitoris (I Liceum Og\u00f3lnokszta\u0142c\u0105ce z Oddzia\u0142ami Dwuj\u0119zycznymi im. Jana D\u0142ugosza w Nowym S\u0105czu)<\/p>\n\n\n\n<p>&nbsp;<strong>Laureatki III stopnia \u2013 2:<\/strong><\/p>\n\n\n\n<p>&nbsp;1. Dominika Dobrza\u0144ska (II Liceum Og\u00f3lnokszta\u0142c\u0105ce im. Kr\u00f3la Jana III Sobieskiego w Krakowie)<\/p>\n\n\n\n<p>2. Aleksandra Biernatek (I Liceum Og\u00f3lnokszta\u0142c\u0105ce im. Miko\u0142aja Kopernika w \u017bywcu)<\/p>\n\n\n\n<h2 class=\"wp-block-heading\">Rok 2024<\/h2>\n\n\n\n<p><strong>W pi\u0105tek 19 kwietnia Politechnika Krakowska go\u015bci\u0142a laureat\u00f3w 9. edycji konkursu \u201eO Z\u0142oty Indeks PK\u201d. Maturzy\u015bci, kt\u00f3rzy z powodzeniem wzi\u0119li udzia\u0142 w dwuetapowej rywalizacji, odebrali z r\u0105k prorektora ds. studenckich dr. in\u017c. Marka Bauera pami\u0105tkowe dyplomy.&nbsp;\u2013&nbsp;<em>W konkursie \u201eO Z\u0142oty Indeks PK\u201d wielu maturzyst\u00f3w zmaga si\u0119 z nie\u0142atwymi zadaniami i co najwa\u017cniejsze \u2013 z pozytywnym rezultatem. I na takie w\u0142a\u015bnie osoby czeka Politechnika Krakowska. Po pierwsze, na bardzo zdolnych ludzi, kt\u00f3rzy doskonale radz\u0105 sobie z konkursowymi zagadnieniami, a po drugie \u2013 na osoby ambitne oraz aktywne, kt\u00f3re ch\u0119tnie podejmuj\u0105 si\u0119 takich wyzwa\u0144, jak udzia\u0142 w rywalizacji organizowanej przez PK&nbsp;<\/em>\u2013 powiedzia\u0142 dr in\u017c. Marek Bauer.&nbsp;<\/strong><strong>A\u017c 93 osoby mog\u0105 cieszy\u0107 si\u0119 tytu\u0142em laureata politechnicznego konkursu. W zale\u017cno\u015bci od wynik\u00f3w uzyskanych w finale, uczestnicy maj\u0105 do dyspozycji 200, 100 lub 60 dodatkowych punkt\u00f3w w post\u0119powaniu rekrutacyjnym na Politechnik\u0119 Krakowsk\u0105.<\/strong><\/p>\n\n\n\n<p>Spotkanie dla laureat\u00f3w 9. edycji konkursu \u201eO Z\u0142oty Indeks PK\u201d odby\u0142o si\u0119 w Mi\u0119dzywydzia\u0142owym Centrum Edukacyjno-Badawczym \u201eDzia\u0142ownia\u201d. Wzi\u0119\u0142o w nim udzia\u0142 51 uczestnik\u00f3w fina\u0142owych zmaga\u0144 o dodatkowe punkty rekrutacyjne. Ponadto, w wydarzeniu uczestniczyli cz\u0142onkowie Komisji Konkursowej, na czele kt\u00f3rej stoi prorektor Marek Bauer:&nbsp;dr hab. in\u017c. Anna Kumaniecka (przedmiot matematyka, w Komisji zasiada tak\u017ce dr Adam Bednarz), dr in\u017c. Piotr Sury\u0142o i dr Barbara Laskowska (chemia), mgr in\u017c. Krzysztof Swa\u0142dek (przedmiot informatyka, w Komisji zasiada tak\u017ce dr Agnieszka Jak\u00f3bik), dr in\u017c. arch. Lukas Olma i mgr in\u017c. arch. Anna Marek (predyspozycje architektoniczne),&nbsp;a tak\u017ce przedstawiciele poszczeg\u00f3lnych wydzia\u0142\u00f3w PK. Wydarzenie prowadzi\u0142 Micha\u0142 Lebiest z Radia \u201eNowinki\u201d. Termin wizyty laureat\u00f3w nie by\u0142 przypadkowy, bowiem 19 kwietnia odby\u0142 si\u0119 r\u00f3wnie\u017c Dzie\u0144 Otwarty Politechniki Krakowskiej. Przyszli studenci mogli zatem skorzysta\u0107 z atrakcji przygotowanych przez wydzia\u0142y uczelni oraz Dzia\u0142 Promocji, a tak\u017ce lepiej pozna\u0107 PK.<\/p>\n\n\n\n<p>Zmagania maturzyst\u00f3w w 9. edycji konkursu \u201eO Z\u0142oty Indeks PK\u201d toczy\u0142y si\u0119 w czterech dyscyplinach: matematyce, chemii, informatyce i predyspozycjach architektonicznych. W tym roku zosta\u0142 pobity rekord zg\u0142osze\u0144. Do konkursu zarejestrowa\u0142o si\u0119 a\u017c 583 osoby. Do II etapu zakwalifikowa\u0142o si\u0119 161 uczestnik\u00f3w, a w fina\u0142owej rywalizacji wzi\u0119\u0142o ostatecznie udzia\u0142 137 tegorocznych maturzyst\u00f3w. Najwi\u0119ksz\u0105 frekwencj\u0105 cieszy\u0142a si\u0119 matematyka. Do zada\u0144 obliczeniowych i problemowych podesz\u0142o 62 uczni\u00f3w. Predyspozycje architektoniczne zweryfikowa\u0142o 29 os\u00f3b. Ich zadanie polega\u0142o na wykonaniu modeli fizycznych z dostarczonych przez organizator\u00f3w materia\u0142\u00f3w i w oparciu o wskazany temat konkursowy (oceniano kompozycj\u0119, form\u0119 i zgodno\u015b\u0107 pracy z tematem). Zadania za zakresu chemii i informatyki rozwi\u0105zywa\u0142o w dniu fina\u0142u kolejno 25 i 21 uczni\u00f3w.<\/p>\n\n\n\n<p>Fina\u0142owe zmagania odbywa\u0142y si\u0119 w salach dydaktycznych na kampusach Politechniki Krakowskiej przy ul. Warszawskiej 24 oraz przy ul. Podchor\u0105\u017cych 1 (predyspozycje architektoniczne). II etap pozwoli\u0142 wy\u0142oni\u0107 laureat\u00f3w tegorocznej edycji konkursu \u201eO Z\u0142oty Indeks\u201d. Tytu\u0142 ten trafi\u0142 do 93 os\u00f3b. Pula dodatkowych punkt\u00f3w w rekrutacji na PK, a wi\u0119c \u00f3w \u201eZ\u0142oty Indeks\u201d, zale\u017cna jest od wynik\u00f3w uzyskanych w finale. 200 punkt\u00f3w otrzymali laureaci I stopnia, kt\u00f3rzy swoim wynikiem uplasowali si\u0119 w przedziale od 81 do 100 proc. maksymalnej liczby punkt\u00f3w. Uczniowie z wynikami mieszcz\u0105cymi si\u0119 w przedziale 61-80 proc. maksymalnej liczby punkt\u00f3w, uzyskali tytu\u0142 laureata II stopnia i 100 dodatkowych punkt\u00f3w w rekrutacji na PK. Laureatami III stopnia zostali uczestnicy, kt\u00f3rych rezultaty mieszcz\u0105 si\u0119 w puli od 40 do 60 proc. maksymalnej liczby punkt\u00f3w \u2013 ilo\u015b\u0107 dodatkowych punkt\u00f3w rekrutacyjnych wynosi 60. Zgodnie z zasadami konkursu, punkty wywalczone z przedmiot\u00f3w matematyka, chemia lub informatyka, nie przys\u0142uguj\u0105 w post\u0119powaniu rekrutacyjnym na kierunki&nbsp;<em>architektura<\/em>&nbsp;i&nbsp;<em>architektura krajobrazu<\/em>, natomiast te zdobyte z przedmiotu predyspozycje architektoniczne, s\u0105 brane pod uwag\u0119 wy\u0142\u0105cznie w rekrutacji na architektur\u0119 oraz&nbsp;<em>architektur\u0119 krajobrazu<\/em>. Z mo\u017cliwo\u015bci wykorzystania dodatkowych punkt\u00f3w jest wy\u0142\u0105czony proces rekrutacji na tylko jeden kierunek z oferty PK \u2013&nbsp;<em>in\u017cynieri\u0119 wzornictwa przemys\u0142owego<\/em>.<\/p>\n\n\n\n<figure class=\"wp-block-image size-large is-resized\"><img loading=\"lazy\" decoding=\"async\" width=\"1024\" height=\"502\" src=\"https:\/\/indeks.pk.edu.pl\/wp-content\/uploads\/2024\/10\/image-1024x502.png\" alt=\"\" class=\"wp-image-383\" style=\"width:840px;height:auto\" srcset=\"https:\/\/indeks.pk.edu.pl\/wp-content\/uploads\/2024\/10\/image-1024x502.png 1024w, https:\/\/indeks.pk.edu.pl\/wp-content\/uploads\/2024\/10\/image-300x147.png 300w, https:\/\/indeks.pk.edu.pl\/wp-content\/uploads\/2024\/10\/image-768x377.png 768w, https:\/\/indeks.pk.edu.pl\/wp-content\/uploads\/2024\/10\/image-1536x753.png 1536w, https:\/\/indeks.pk.edu.pl\/wp-content\/uploads\/2024\/10\/image-1920x942.png 1920w, https:\/\/indeks.pk.edu.pl\/wp-content\/uploads\/2024\/10\/image.png 2000w\" sizes=\"auto, (max-width: 1024px) 100vw, 1024px\" \/><\/figure>\n\n\n\n<p><strong>W\u015br\u00f3d 93 os\u00f3b, kt\u00f3re zdoby\u0142y w tym roku \u201eZ\u0142ote Indeksy PK\u201d, 57 uczni\u00f3w rywalizowa\u0142o dyscyplinie matematyka:<\/strong><\/p>\n\n\n\n<p><strong>Laureaci I stopnia \u2013 14 os\u00f3b:<br><\/strong><\/p>\n\n\n\n<p>1. B\u0142a\u017cej \u017buk (I Liceum Og\u00f3lnokszta\u0142c\u0105ce im. Bart\u0142omieja Nowodworskiego w Krakowie)<\/p>\n\n\n\n<p>2. Dominik W\u00f3jcik (Technikum \u0141\u0105czno\u015bci nr 14 im. Obro\u0144c\u00f3w Poczty Polskiej w Gda\u0144sku w Krakowie)<\/p>\n\n\n\n<p>3. Filip Sobala (I Liceum Og\u00f3lnokszta\u0142c\u0105ce im. Bart\u0142omieja Nowodworskiego w Krakowie)<\/p>\n\n\n\n<p>4. Bartosz \u015ali\u017c (IV Liceum Og\u00f3lnokszta\u0142c\u0105ce im. Miko\u0142aja Kopernika w Rzeszowie)<\/p>\n\n\n\n<p>5. Rados\u0142aw Kulpa (I Liceum Og\u00f3lnokszta\u0142c\u0105ce im. Tadeusza Ko\u015bciuszki w My\u015blenicach)<\/p>\n\n\n\n<p>6. Kacper Przywara (III Liceum Og\u00f3lnokszta\u0142c\u0105ce im. Unii Lubelskiej w Lublinie)<\/p>\n\n\n\n<p>7. Maciej Knapczyk (I liceum og\u00f3lnokszta\u0142c\u0105ce im. Seweryna Goszczy\u0144skiego w Nowym Targu)<\/p>\n\n\n\n<p>8. \u0141ukasz Mroszczak (I Liceum Og\u00f3lnokszta\u0142c\u0105ce im. Seweryna Goszczy\u0144skiego w Nowym Targu)<\/p>\n\n\n\n<p>9. Dawid Ka\u0142ucki (IV Liceum Og\u00f3lnokszta\u0142c\u0105ce im. Tadeusza Ko\u015bciuszki w Krakowie)<\/p>\n\n\n\n<p>10. Wojciech Jab\u0142o\u0144ski (Zesp\u00f3\u0142 Szk\u00f3\u0142 Og\u00f3lnokszta\u0142c\u0105cych nr 2 im. \u015aw. Jadwigi Kr\u00f3lowej w Nowym Targu)<\/p>\n\n\n\n<p>11. Jakub Czajka (Samorz\u0105dowe Liceum Og\u00f3lnokszta\u0142c\u0105ce im. Cypriana Kamila Norwida w Stalowej Woli)<\/p>\n\n\n\n<p>12. Wojciech Pietras (IV Liceum Og\u00f3lnokszta\u0142c\u0105ce im. Tadeusza Ko\u015bciuszki w Krakowie)<\/p>\n\n\n\n<p>13. Jakub Smole\u0144 (Samorz\u0105dowe Liceum Og\u00f3lnokszta\u0142c\u0105ce im. Cypriana Kamila Norwida w Stalowej Woli)<\/p>\n\n\n\n<p>14. Miko\u0142aj Gawe\u0142 (II Liceum Og\u00f3lnokszta\u0142c\u0105ce im. Kr\u00f3la Jana III Sobieskiego w Krakowie)<\/p>\n\n\n\n<p><strong>Laureaci II stopnia \u2013 21:<br><\/strong><\/p>\n\n\n\n<p>1. Witold Nied\u017awied\u017a (Technikum \u0141\u0105czno\u015bci nr 14 im. Obro\u0144c\u00f3w Poczty Polskiej w Gda\u0144sku w Krakowie)<br>2. Kamil Ma\u015blanka (Zesp\u00f3\u0142 Szk\u00f3\u0142 Og\u00f3lnokszta\u0142c\u0105cych nr 2 im. \u015aw. Jadwigi Kr\u00f3lowej w Nowym Targu)<br>3. Nadia Draus (II liceum Og\u00f3lnokszta\u0142c\u0105ce im. ks. prof. J\u00f3zefa Tischnera w Rabce-Zdroju)&nbsp;<br>4. Kacper Piotrowski (Samorz\u0105dowe Liceum Og\u00f3lnokszta\u0142c\u0105ce im. Cypriana Kamila Norwida w Stalowej Woli)&nbsp;<br>5. Olga Jermakowicz (II Liceum Og\u00f3lnokszta\u0142c\u0105ce im. Marii Konopnickiej w Nowym S\u0105czu)&nbsp;&nbsp;&nbsp;&nbsp;&nbsp;&nbsp;&nbsp;&nbsp;&nbsp;&nbsp;&nbsp;<br>6. Kacper Rothkegel (I Liceum Og\u00f3lnokszta\u0142c\u0105ce im. Bart\u0142omieja Nowodworskiego w Krakowie)<br>7. Bart\u0142omiej Przytu\u0142a (I Liceum Og\u00f3lnokszta\u0142c\u0105ce im. Bart\u0142omieja Nowodworskiego w Krakowie)<br>8. Filip P\u0142oszaj (Technikum \u0141\u0105czno\u015bci nr 14 im. Obro\u0144c\u00f3w Poczty Polskiej w Gda\u0144sku w Krakowie)&nbsp;<br>9. Mateusz Zielina (Liceum Og\u00f3lnokszta\u0142c\u0105ce Zakonu Pijar\u00f3w im. ks. Stanis\u0142awa Konarskiego w Krakowie)<br>10. Antoni Leszczy\u0144ski (Technikum \u0141\u0105czno\u015bci nr 14 im. Obro\u0144c\u00f3w Poczty Polskiej w Gda\u0144sku w Krakowie)<br>11. Norbert Kunicki (I Liceum Og\u00f3lnokszta\u0142c\u0105ce z Oddzia\u0142ami Dwuj\u0119zycznymi im. Jana D\u0142ugosza w Nowym S\u0105czu)&nbsp;<br>12. Jakub Czerwiak (Samorz\u0105dowe Liceum Og\u00f3lnokszta\u0142c\u0105ce im. Cypriana Kamila Norwida w Stalowej Woli)&nbsp;&nbsp;&nbsp;&nbsp;&nbsp;&nbsp;&nbsp;&nbsp;<br>13. Eryk Sobczyk (XI Liceum Og\u00f3lnokszta\u0142c\u0105ce im. Marii D\u0105browskiej w Krakowie)&nbsp;<br>14. Eryk Witkowski (I Liceum Og\u00f3lnokszta\u0142c\u0105ce im. Bart\u0142omieja Nowodworskiego w Krakowie)&nbsp;<br>15. Kacper Aurast (Zesp\u00f3\u0142 Szk\u00f3\u0142 Zawodowych nr 1 im. Genera\u0142a Sylwestra Kaliskiego w Dzia\u0142dowie)<br>16. Julia Cybulska (X Liceum Og\u00f3lnokszta\u0142c\u0105ce im. Komisji Edukacji Narodowej w Krakowie)&nbsp;<br>17. Miko\u0142aj Kowalski (X Liceum Og\u00f3lnokszta\u0142c\u0105ce im. Komisji Edukacji Narodowej w Krakowie)&nbsp;<br>18. Mateusz Kielar (I Liceum Og\u00f3lnokszta\u0142c\u0105ce z Oddzia\u0142ami Dwuj\u0119zycznymi im. Miko\u0142aja Kopernika w Kro\u015bnie)&nbsp;<br>19. Damian Kasperkowicz (I Liceum Og\u00f3lnokszta\u0142c\u0105ce z Oddzia\u0142ami Dwuj\u0119zycznymi im. Miko\u0142aja Kopernika w Kro\u015bnie)<br>20. Gabriel Bia\u0142ek (Technikum \u0141\u0105czno\u015bci nr 14 im. Obro\u0144c\u00f3w Poczty Polskiej w Gda\u0144sku w Krakowie)&nbsp;<br>21. Bartosz Brzuchacz (IV Liceum Og\u00f3lnokszta\u0142c\u0105ce im. Tadeusza Ko\u015bciuszki w Krakowie)<\/p>\n\n\n\n<p><strong>Laureaci III stopnia \u2013 22 osoby:<br><\/strong><\/p>\n\n\n\n<p>1. Bart\u0142omiej Matyszok (I Liceum Og\u00f3lnokszta\u0142c\u0105ce im. Jana D\u0142ugosza w Nowym S\u0105czu)&nbsp;<br>2. Maksymilian Wojcieszczak (Technikum \u0141\u0105czno\u015bci nr 14 im. Obro\u0144c\u00f3w Poczty Polskiej w Gda\u0144sku w Krakowie)<br>3. Alicja Gadula (II Liceum Og\u00f3lnokszta\u0142c\u0105ce im. Stanis\u0142awa Staszica w Tarnowskich G\u00f3rach)<br>4. Nicole Human (Technikum \u0141\u0105czno\u015bci nr 14 im. Obro\u0144c\u00f3w Poczty Polskiej w Gda\u0144sku w Krakowie)<br>5. Micha\u0142 Kurbiel (Technikum \u0141\u0105czno\u015bci nr 14 im. Obro\u0144c\u00f3w Poczty Polskiej w Gda\u0144sku w Krakowie)<br>6. Arkadiusz Wojdy\u0142a (Technikum \u0141\u0105czno\u015bci nr 14 im. Obro\u0144c\u00f3w Poczty Polskiej w Gda\u0144sku w Krakowie)<br>7. Jakub Staniszewski (I Liceum Og\u00f3lnokszta\u0142c\u0105ce z Oddzia\u0142ami Dwuj\u0119zycznymi im. Miko\u0142aja Kopernika w Kro\u015bnie)<br>8. Kacper Korpacki (I Liceum Og\u00f3lnokszta\u0142c\u0105ce im. Stanis\u0142awa Wyspia\u0144skiego w K\u0119tach)<br>9. Zachariasz Soja (Technikum \u0141\u0105czno\u015bci nr 14 im. Obro\u0144c\u00f3w Poczty Polskiej w Gda\u0144sku w Krakowie)<br>10. Krystian Augustyn (I Liceum Og\u00f3lnokszta\u0142c\u0105ce z Oddzia\u0142ami Dwuj\u0119zycznymi im. Miko\u0142aja Kopernika w Kro\u015bnie)&nbsp;<br>11. Bart\u0142omiej Jarosz (I Liceum Og\u00f3lnokszta\u0142c\u0105ce im. Marii Konopnickiej w Suwa\u0142kach)<br>12. \u0141ukasz Mi\u015bkiewicz (Samorz\u0105dowe Liceum Og\u00f3lnokszta\u0142c\u0105ce im. Cypriana Kamila Norwida w Stalowej Woli)<br>13. Stanis\u0142aw Wawrylak (I Liceum Og\u00f3lnokszta\u0142c\u0105ce im. Bart\u0142omieja Nowodworskiego w Krakowie)<br>14. Bartosz G\u00f3rowski (Technikum \u0141\u0105czno\u015bci nr 14 im. Obro\u0144c\u00f3w Poczty Polskiej w Gda\u0144sku w Krakowie)<br>15. Karina Zawada (I Liceum Og\u00f3lnokszta\u0142c\u0105ce im. Miko\u0142aja Kopernika w \u017bywcu)<br>16. Weronika Szumilas (LO im. Jana Paw\u0142a II Si\u00f3str Prezentek w Rzeszowie)<br>17. Marcin Ostachowicz (Technikum \u0141\u0105czno\u015bci nr 14 im. Obro\u0144c\u00f3w Poczty Polskiej w Gda\u0144sku w Krakowie)&nbsp;<br>18. Maciej Rz\u0105d (Zesp\u00f3\u0142 Szk\u00f3\u0142 nr 3 im. Tadeusza Ko\u015bciuszki w Hrubieszowie)<br>19. Patryk Hoder (I Liceum Og\u00f3lnokszta\u0142c\u0105ce im. Stanis\u0142awa Wyspia\u0144skiego w K\u0119tach)<br>20. Filip Pyznarski (I Liceum Og\u00f3lnokszta\u0142c\u0105ce z Oddzia\u0142ami Dwuj\u0119zycznymi im. Miko\u0142aja Kopernika w Kro\u015bnie)<br>21. Erik Clifton (Technikum \u0141\u0105czno\u015bci nr 14 im. Obro\u0144c\u00f3w Poczty Polskiej w Gda\u0144sku w Krakowie)<br>22. Jan Przerwa (I Liceum Og\u00f3lnokszta\u0142c\u0105ce im. Bart\u0142omieja Nowodworskiego w Krakowie)<\/p>\n\n\n\n<p><strong>Podczas 9. edycji konkursu \u201eO Z\u0142oty Indeks PK\u201d z zadaniami z informatyki zmierzy\u0142o si\u0119 17 laureat\u00f3w:<\/strong><\/p>\n\n\n\n<p><strong>Laureaci I stopnia \u2013 2 osoby:<br><\/strong><\/p>\n\n\n\n<p>1. Piotr Kumka (Zesp\u00f3\u0142 Szk\u00f3\u0142 \u0141\u0105czno\u015bci im. Obro\u0144c\u00f3w Poczty Polskiej w Gda\u0144sku w Krakowie)<\/p>\n\n\n\n<p>2. Krystian Tarcha\u0142a (II Liceum Og\u00f3lnokszta\u0142c\u0105ce im. Hetmana Jana Tarnowskiego w Tarnowie)<\/p>\n\n\n\n<p><strong>Laureaci II stopnia \u2013 6 os\u00f3b:<br><\/strong><\/p>\n\n\n\n<p>1. Szymon Rafa\u0142owski (Technikum \u0141\u0105czno\u015bci nr 14 w Zespole Szk\u00f3\u0142 \u0141\u0105czno\u015bci im. Obro\u0144c\u00f3w Poczty Polskiej w Gda\u0144sku w Krakowie)<\/p>\n\n\n\n<p>2. Arkadiusz Wzorek (Technikum Nr 1 w Zespole Szk\u00f3\u0142 Technicznych im. Ignacego Mo\u015bcickiego w Tarnowie)<\/p>\n\n\n\n<p>3. Jeremiasz Osuch (Regionalne Centrum Edukacji Zawodowej w Bi\u0142goraju)<\/p>\n\n\n\n<p>4. Bartosz Pieczek (Zesp\u00f3\u0142 Szk\u00f3\u0142 Technicznych i Og\u00f3lnokszta\u0142c\u0105cych im. Stefana Banacha w Jaros\u0142awiu)<\/p>\n\n\n\n<p>5. Daniel Szygut (Zesp\u00f3\u0142 Szk\u00f3\u0142 nr 2 im. Eugeniusza Kwiatkowskiego w D\u0119bicy)<\/p>\n\n\n\n<p>6. Pawe\u0142 Kromka (Technikum Energetyczno-Elektroniczne im. Tadeusza Ko\u015bciuszki nr 9 w Krakowie)<\/p>\n\n\n\n<p><strong>Laureaci III stopnia \u2013 9 os\u00f3b:<br><\/strong><\/p>\n\n\n\n<p>1. Krzysztof W\u00f3jcicki (Liceum Og\u00f3lnokszta\u0142c\u0105ce \u201eLiceum w Chmurze\u201d w Warszawie)<\/p>\n\n\n\n<p>2. Grzegorz Cios (Regionalne Centrum Edukacji Zawodowej w Bi\u0142goraju)<\/p>\n\n\n\n<p>3. Adam K\u0142odnicki (Regionalne Centrum Edukacji Zawodowej w Bi\u0142goraju)<\/p>\n\n\n\n<p>4. Rafa\u0142 Mazurek (Liceum Og\u00f3lnokszta\u0142c\u0105ce \u201eLiceum w Chmurze\u201d w Poznaniu)<\/p>\n\n\n\n<p>5. Pawe\u0142 Celarek (I Liceum Og\u00f3lnokszta\u0142c\u0105ce im. Stanis\u0142awa Staszica w Chrzanowie)<\/p>\n\n\n\n<p>6. Filip Niemczyk (I Liceum Og\u00f3lnokszta\u0142c\u0105ce im. Stanis\u0142awa Staszica w Chrzanowie)<\/p>\n\n\n\n<p>7. Micha\u0142 Batiuk (Zesp\u00f3\u0142 Szk\u00f3\u0142 Technicznych i Og\u00f3lnokszta\u0142c\u0105cych im. Stefana Banacha w Jaros\u0142awiu)<\/p>\n\n\n\n<p>8. Szymon Ziajski (III Liceum Og\u00f3lnokszta\u0142c\u0105ce im. dra W\u0142. Biega\u0144skiego w Cz\u0119stochowie)<\/p>\n\n\n\n<p>9. Dominik J\u0119drzejek (Zesp\u00f3\u0142 Szk\u00f3\u0142 Elektryczno-Mechanicznych w Nowym S\u0105czu)<\/p>\n\n\n\n<p><strong>10 przysz\u0142ych architekt\u00f3w podj\u0119\u0142o si\u0119 rywalizacji w przedmiocie predyspozycje architektoniczne:<\/strong><\/p>\n\n\n\n<p><strong>Laureaci I stopnia \u2013 2 osoby:<br><\/strong><\/p>\n\n\n\n<p>1. Jakub Barczak (Zesp\u00f3\u0142 Szk\u00f3\u0142 Plastycznych im. Piotra Micha\u0142owskiego w Rzeszowie)<\/p>\n\n\n\n<p>2. Zuzanna Gdowik (II Liceum Og\u00f3lnokszta\u0142c\u0105ce im. p\u0142k. Leopolda Lisa-Kuli w Rzeszowie)<\/p>\n\n\n\n<p><strong>Laureaci II stopnia \u2013 2 osoby:<br><\/strong><\/p>\n\n\n\n<p>1. Aleksandra Michalik (Zesp\u00f3\u0142 Szk\u00f3\u0142 Og\u00f3lnokszta\u0142c\u0105cych i Zawodowych im. ks. prof. J\u00f3zefa Tischnera w Limanowej)<\/p>\n\n\n\n<p>2. Kinga Celtner (II Liceum Og\u00f3lnokszta\u0142c\u0105ce im. p\u0142k. Leopolda Lisa-Kuli w Rzeszowie)<\/p>\n\n\n\n<p><strong>Laureaci III stopnia \u2013 6 os\u00f3b:<br><\/strong><\/p>\n\n\n\n<p>1. Damian Marzec (II Liceum Og\u00f3lnokszta\u0142c\u0105ce im. p\u0142k. Leopolda Lisa-Kuli w Rzeszowie)<\/p>\n\n\n\n<p>2. Jakub Flejszar (IX Liceum Og\u00f3lnokszta\u0142c\u0105ce z Oddzia\u0142ami Dwuj\u0119zycznymi w Rzeszowie)<\/p>\n\n\n\n<p>3. Piotr Bi\u015bta (I Liceum Og\u00f3lnokszta\u0142c\u0105ce im. Stanis\u0142awa Staszica w Chrzanowie)<\/p>\n\n\n\n<p>4. Oliwia Dro\u017cd\u017c (Zesp\u00f3\u0142 Szk\u00f3\u0142 nr 2 im. Eugeniusza Kwiatkowskiego w D\u0119bicy)<\/p>\n\n\n\n<p>5. Zuzanna Chowaniec (I Liceum Og\u00f3lnokszta\u0142c\u0105ce im. Seweryna Goszczy\u0144skiego w Nowym Targu)<\/p>\n\n\n\n<p>6. Wojciech Wr\u00f3bel (I Liceum Og\u00f3lnokszta\u0142c\u0105ce im. Bart\u0142omieja Nowodworskiego w Krakowie)<\/p>\n\n\n\n<p><strong>9 os\u00f3b rywalizowa\u0142o w dyscyplinie chemia:<\/strong><\/p>\n\n\n\n<p><strong>Laureaci II stopnia \u2013 2 osoby:<br><\/strong><\/p>\n\n\n\n<p>1. Miko\u0142aj Bartosik (XLIV Liceum Og\u00f3lnokszta\u0142c\u0105ce im. Ks. Stanis\u0142awa Konarskiego w Krakowie)<\/p>\n\n\n\n<p>2. Anita Rzucid\u0142o (Liceum Og\u00f3lnokszta\u0142c\u0105ce im. Jana Paw\u0142a II Si\u00f3str Prezentek w Rzeszowie)<\/p>\n\n\n\n<p><strong>Laureaci III stopnia \u2013 7 os\u00f3b:<br><\/strong><\/p>\n\n\n\n<p>1. Dominik Baran (Liceum Og\u00f3lnokszta\u0142c\u0105ce im. ks. Piotra Skargi w S\u0119dziszowie Ma\u0142opolskim)<\/p>\n\n\n\n<p>2. Kamil Kokoszka (I Liceum Og\u00f3lnokszta\u0142c\u0105ce im. Karola Miarki w Miko\u0142owie)<\/p>\n\n\n\n<p>3. Adrian Maksim (XXX Liceum Og\u00f3lnokszta\u0142c\u0105ce im. ksi\u0119dza Jana Twardowskiego w Lublinie)<\/p>\n\n\n\n<p>4. Paulina Ku\u017anar (III Liceum Og\u00f3lnokszta\u0142c\u0105ce im. Adama Mickiewicza w Katowicach)<\/p>\n\n\n\n<p>5. Tomasz Libura (I Liceum Og\u00f3lnokszta\u0142c\u0105ce im. W\u0142adys\u0142awa Orkana w Limanowej)<\/p>\n\n\n\n<p>6. Mateusz Dudek (I Liceum Og\u00f3lnokszta\u0142c\u0105ce im. Miko\u0142aja Kopernika w \u017bywcu)<\/p>\n\n\n\n<p>7. Aleksandra \u015aliwi\u0144ska (II Liceum Og\u00f3lnokszta\u0142c\u0105ce im. Miko\u0142aja Kopernika w Mielcu)<\/p>\n\n\n\n<p>W finale konkursu \u201eO Z\u0142oty Indeks PK\u201d spotkali si\u0119 maturzy\u015bci z kilku wojew\u00f3dztw: ma\u0142opolskiego, podkarpackiego, \u015bl\u0105skiego, lubelskiego, mazowieckiego, wielkopolskiego, a nawet warmi\u0144sko-mazurskiego i podlaskiego. Finalistki i finali\u015bci reprezentowali w sumie 47 szk\u00f3\u0142. Niekt\u00f3re z nich mog\u0105 pochwali\u0107 si\u0119 wieloma laureatami. Do takich szk\u00f3\u0142 nale\u017cy m.in. rekordzista liczby laureat\u00f3w w tej edycji \u2013 krakowskie Technikum \u0141\u0105czno\u015bci nr 14 im. Obro\u0144c\u00f3w Poczty Polskiej w Gda\u0144sku. 15 uczni\u00f3w tej szko\u0142y otrzyma\u0142o \u201eZ\u0142ote Indeksy Politechniki Krakowskiej\u201d (2 osoby tytu\u0142 laureata I stopnia, 5 os\u00f3b tytu\u0142 laureata II stopnia, 8 os\u00f3b \u2013 laureaci III stopnia). Na drugim miejscu w rankingu szk\u00f3\u0142 uplasowa\u0142o si\u0119 I Liceum Og\u00f3lnokszta\u0142c\u0105ce im. Bart\u0142omieja Nowodworskiego w Krakowie z 8 laureatami 9. edycji konkursu PK (2 laureat\u00f3w I stopnia i po 3 laureat\u00f3w II stopnia i III stopnia). Trzecie miejsce zajmuj\u0105&nbsp;<em>ex aequo<\/em>&nbsp;I Liceum Og\u00f3lnokszta\u0142c\u0105ce z Oddzia\u0142ami Dwuj\u0119zycznymi im. Miko\u0142aja Kopernika w Kro\u015bnie \u2013 2 laureat\u00f3w II stopnia i 3 laureat\u00f3w III stopnia oraz Samorz\u0105dowe Liceum Og\u00f3lnokszta\u0142c\u0105ce im. Cypriana Kamila Norwida w Stalowej Woli (2 laureat\u00f3w I stopnia, 2 laureat\u00f3w II stopnia, 1 laureat III stopnia). Na czwartej pozycji uplasowa\u0142o si\u0119 IV Liceum Og\u00f3lnokszta\u0142c\u0105ce im. Tadeusza Ko\u015bciuszki w Krakowie (2 laureat\u00f3w I stopnia, 1 laureat II stopnia). Wyr\u00f3\u017cnione plac\u00f3wki otrzyma\u0142y dyplomy, a pozosta\u0142e szko\u0142y, w kt\u00f3rych ucz\u0105 si\u0119 tegoroczni uczestnicy konkursu \u201eO Z\u0142oty Indeks PK\u201d \u2013 specjalne podzi\u0119kowania.<\/p>\n\n\n\n<h2 class=\"wp-block-heading\">Rok 2023<\/h2>\n\n\n\n<p><strong>Politechnika Krakowska nagrodzi\u0142a laureat\u00f3w 8. edycji konkursu \u201eO Z\u0142oty Indeks PK\u201d, organizowanego przez uczelni\u0119. Honorowe dyplomy i dodatkowe punkty w rekrutacji na Politechnik\u0119 trafi\u0142y do 103 uczni\u00f3w szk\u00f3\u0142 \u015brednich. W konkursowym rankingu najlepszych szk\u00f3\u0142 zwyci\u0119\u017cy\u0142o w tym roku II Liceum Og\u00f3lnokszta\u0142c\u0105ce im. Kr\u00f3la Jana Sobieskiego w Krakowie.&nbsp;Tegoroczny konkurs wyr\u00f3\u017cnia\u0142 si\u0119 rekordow\u0105 frekwencj\u0105 i liczb\u0105 laureat\u00f3w, a tak\u017ce niezwykle wysokimi wynikami.&nbsp;&nbsp;Dyplomy wr\u0119czy\u0142 dzi\u015b laureatom prorektor PK ds. studenckich dr in\u017c. Marek Bauer. W uroczysto\u015bci uczestniczyli te\u017c przedstawiciele wszystkich wydzia\u0142\u00f3w uczelni.&nbsp;<\/strong><\/p>\n\n\n\n<p>Uczestnicy 8. edycji konkursu \u201eO Z\u0142oty Indeks PK rywalizowali w czterech dyscyplinach: matematyce, chemii, informatyce i &#8211; po raz pierwszy &#8211; predyspozycjach architektonicznych. Rywalizacja odbywa\u0142a si\u0119 w dw\u00f3ch etapach. W eliminacjach wzi\u0119\u0142o udzia\u0142 prawie 300 os\u00f3b. Do fina\u0142u&nbsp; zakwalifikowa\u0142o si\u0119 131 maturzyst\u00f3w z 56 szk\u00f3\u0142 z wojew\u00f3dztw: ma\u0142opolskiego, podkarpackiego, \u015bl\u0105skiego, lubelskiego, \u0142\u00f3dzkiego i mazowieckiego. Poziom wiedzy finalistek i finalist\u00f3w by\u0142 tak wysoki, \u017ce a\u017c 103 z nich zdoby\u0142o tytu\u0142y laureat\u00f3w I, II i III stopnia. Dwaj laureaci z przedmiotu matematyka \u2013 Jakub Ko\u0142oty\u0142o i Daniel Nowak&nbsp;\u2013 rozwi\u0105zali bezb\u0142\u0119dnie wszystkie zadania i uzyskali wynik 100 procent!<\/p>\n\n\n\n<p>\u201eZ\u0142ote Indeksy PK\u201d zdoby\u0142o 50 os\u00f3b mierz\u0105cych si\u0119 z zadaniami matematycznymi, 27 uczestnik\u00f3w, kt\u00f3rzy zajmowali si\u0119 zagadnieniami z chemii, 16 z informatyki, a tak\u017ce 10 os\u00f3b sprawdzaj\u0105cych swoje predyspozycje architektoniczne (pe\u0142na lista laureat\u00f3w znajduje si\u0119 na ko\u0144cu artyku\u0142u).<\/p>\n\n\n\n<p><em>\u2013 Cieszymy si\u0119 z tak licznego udzia\u0142u zdolnych uczni\u00f3w w naszym konkursie i z rekordowej w tym roku liczby laureat\u00f3w. Uczestnicy rywalizacji &#8222;O Z\u0142oty Indeks Politechniki Krakowskiej&#8221; to szczeg\u00f3lnie ambitni m\u0142odzi ludzie, kt\u00f3rzy podejmuj\u0105 naukowe wyzwania, wykraczaj\u0105ce daleko poza standardowy program edukacji szkolnej. W naszym konkursie wykazali si\u0119 ponadprzeci\u0119tn\u0105 wiedz\u0105<\/em>&nbsp;\u2013 m\u00f3wi dr in\u017c. Marek Bauer, prorektor Politechniki Krakowskiej i przewodnicz\u0105cy Komisji Konkursowej.&nbsp;\u2013&nbsp;<em>Takim m\u0142odym ludziom Politechnika Krakowska ma wiele do zaoferowania. Wspieramy ambitnych student\u00f3w ju\u017c od pierwszego roku studi\u00f3w dzi\u0119ki stworzonemu przez uczelni\u0119 programowi nagr\u00f3d pn. &#8222;Student Lider I roku&#8221;. W tym roku nagrody finansowe otrzyma\u0142o z niego 120 student\u00f3w I roku, kt\u00f3rzy osi\u0105gn\u0119li bardzo dobre&nbsp; wyniki w pierwszej sesji egzaminacyjnej. Uczelnia ustanowi\u0142a te\u017c W\u0142asny Fundusz Stypendialny, z kt\u00f3rego dwa razy w roku nagradza p\u00f3\u0142rocznymi stypendiami aktywnych naukowo student\u00f3w i doktorant\u00f3w. We w\u0142a\u015bnie rozstrzygni\u0119tej 5. edycji prpgramu stypendialnego Politechniki p\u00f3\u0142roczne stypendia otrzyma\u0142o od uczelni 18 student\u00f3w i 5 doktorant\u00f3w<\/em>.<\/p>\n\n\n\n<figure class=\"wp-block-image\"><a href=\"https:\/\/www.pk.edu.pl\/images\/news\/2023\/4\/ideks.jpg\" target=\"_blank\" rel=\"noreferrer noopener\"><img decoding=\"async\" src=\"https:\/\/www.pk.edu.pl\/images\/news\/2023\/4\/ideks.jpg\" alt=\"Uczestnicy konkursu &quot;O Z\u0142oty Indeks PK&quot; \"\/><\/a><figcaption class=\"wp-element-caption\"><em>Laureaci konkursu &#8222;O Z\u0142oty Indeks PK&#8221; \/ Fot. Jan Zych<\/em><\/figcaption><\/figure>\n\n\n\n<p>Uroczysto\u015b\u0107 rozdania dyplom\u00f3w laureatom konkursu &#8222;O Z\u0142oty Indeks PK&#8221; odby\u0142a si\u0119 dzi\u015b na Politechnice Krakowskiej. Spotkanie z laureatami konkursu prowadzi\u0142 prorektor dr in\u017c. Marek Bauer.&nbsp;W wydarzeniu udzia\u0142 wzi\u0119li: dziekan Wydzia\u0142u In\u017cynierii L\u0105dowej prof. dr hab. in\u017c. Andrzej Szarata, dziekan Wydzia\u0142u Mechanicznego prof. dr hab. in\u017c. Jerzy S\u0142adek, a tak\u017ce prodziekan Wydzia\u0142u Architektury prof. dr hab. in\u017c. arch. Tomasz Koz\u0142owski, prodziekan Wydzia\u0142u In\u017cynierii Elektrycznej i Komputerowej dr in\u017c. Bartosz Rozegna\u0142, prodziekan Wydzia\u0142u Informatyki i Telekomunikacji dr in\u017c. Daniel Grzonka, prodziekan Wydzia\u0142u In\u017cynierii Materia\u0142owej i Fizyki dr in\u017c. Marek Nykiel, prodziekan Wydzia\u0142u In\u017cynierii \u015arodowiska i Energetyki dr hab. in\u017c. S\u0142awomir Gr\u0105dziel, prof. PK, prodziekan Wydzia\u0142u In\u017cynierii i Technologii Chemicznej dr in\u017c. Piotr Sury\u0142o, a tak\u017ce cz\u0142onkowie Komisji Konkursowej. Po otrzymaniu dyplom\u00f3w, laureaci konkursu mogli porozmawia\u0107 z zaproszonymi go\u015b\u0107mi o ofercie danego wydzia\u0142u.<\/p>\n\n\n\n<figure class=\"wp-block-image\"><img decoding=\"async\" src=\"https:\/\/www.pk.edu.pl\/images\/news\/2023\/4\/Bez_nazwy.jpg\" alt=\"Uroczyste wr\u0119czenie dyplom\u00f3w dla laureat\u00f3w konkursu &quot;O Z\u0142oty Indeks PK&quot; \"\/><figcaption class=\"wp-element-caption\"><em>Uroczysto\u015b\u0107 rozdania dyplom\u00f3w laureatom konkursu &#8222;O Z\u0142oty Indeks PK&#8221; \/ Fot. Jan Zych<\/em><\/figcaption><\/figure>\n\n\n\n<p>Stawk\u0105 w konkursie o Zloty Indeks Politechniki Krakowskiej s\u0105 dodatkowe punkty w post\u0119powaniu rekrutacyjnym na wybrany kierunek studi\u00f3w I stopnia na PK (za wyj\u0105tkiem in\u017cynierii wzornictwa przemys\u0142owego na Wydziale Mechanicznym). Na laureat\u00f3w czeka\u0142o 200 (laureaci I stopnia), 100 (laureaci II stopnia) lub 60 (laureaci III stopnia) punkt\u00f3w.<\/p>\n\n\n\n<p>Laureatami I stopnia zostali uczestnicy, kt\u00f3rzy uzyskali wyniki w przedziale od 81 do 100 proc. maksymalnej liczby punkt\u00f3w. Tytu\u0142 laureata II stopnia otrzymali uczniowie, kt\u00f3rych wyniki mie\u015bci\u0142y si\u0119 w przedziale 61-80 proc. maksymalnej liczby punkt\u00f3w. Laureaci III stopnia to uczestnicy, kt\u00f3rych rezultaty mieszcz\u0105 si\u0119 w puli od 40 do 60 proc. maksymalnej liczby punkt\u00f3w.<\/p>\n\n\n\n<figure class=\"wp-block-image\"><img decoding=\"async\" src=\"https:\/\/www.pk.edu.pl\/images\/news\/2023\/4\/i2.jpg\" alt=\"Prorektor PK ds. studenckich dr in\u017c. Marek Bauer przemawia podczas rozdania dyplom\u00f3w laureatom konkursu &quot;O Z\u0142oty Indeks&quot;\"\/><figcaption class=\"wp-element-caption\"><em>Prorektor PK ds. studenckich dr in\u017c. Marek Bauer \/ Fot. Jan Zych<\/em><\/figcaption><\/figure>\n\n\n\n<p>Ustanowiona zosta\u0142a tak\u017ce klasyfikacja punktowa dla szk\u00f3\u0142, z kt\u00f3rych wy\u0142oniono najwi\u0119cej laureat\u00f3w. Zastosowano przy tym nast\u0119puj\u0105ce zasady: laureat I stopnia \u2013 7 punkt\u00f3w, laureat II stopnia \u2013 3 punkty, laureat III stopnia \u2013 1 punkt. Szko\u0142y, kt\u00f3re w klasyfikacji punktowej otrzyma\u0142y miejsca od 1 do 5 otrzyma\u0142y dyplomy, za\u015b do pozosta\u0142ych zosta\u0142y wys\u0142ane podzi\u0119kowania za przygotowanie uczni\u00f3w do konkursu.<\/p>\n\n\n\n<p>Pierwsze 5 miejsc zaj\u0119\u0142y:<\/p>\n\n\n\n<ol class=\"wp-block-list\">\n<li>II Liceum Og\u00f3lnokszta\u0142c\u0105ce im. Kr\u00f3la Jana III Sobieskiego w Krakowie (25 punkt\u00f3w)<\/li>\n\n\n\n<li>I Liceum Og\u00f3lnokszta\u0142c\u0105ce im. Miko\u0142aja Kopernika w \u017bywcu (24 punkty)<\/li>\n\n\n\n<li>Liceum Og\u00f3lnokszta\u0142c\u0105ce Zakonu Pijar\u00f3w im. ks. Stanis\u0142awa Konarskiego w Krakowie (18 punkt\u00f3w)<\/li>\n\n\n\n<li>Zesp\u00f3\u0142 Szk\u00f3\u0142 \u0141\u0105czno\u015bci w Krakowie (17 punkt\u00f3w)<\/li>\n\n\n\n<li>I Liceum Og\u00f3lnokszta\u0142c\u0105ce im. Bart\u0142omieja Nowodworskiego w Krakowie (16 punkt\u00f3w)<\/li>\n<\/ol>\n\n\n\n<p>Za organizacj\u0119 i przeprowadzenie przedsi\u0119wzi\u0119cia odpowiedzialna by\u0142a Komisja Konkursowa, kt\u00f3rej przewodniczy\u0142 prorektor d s. studenckich dr in\u017c. Marek Bauer. Cz\u0142onkami Komisji byli: dr in\u017c. Piotr Sury\u0142o, dr Barbara Laskowska, dr Adam Bednarz, dr hab. in\u017c. Anna Kumaniecka, mgr in\u017c. Wojciech Ksi\u0105\u017cek, dr Rados\u0142aw Kycia, mgr in\u017c. arch. Anna Marek oraz dr in\u017c. arch. Lukas Olma.<\/p>\n\n\n\n<p><strong>Lista laureat\u00f3w 8. edycji konkursu \u201eO Z\u0142oty Indeks PK\u201d<\/strong><\/p>\n\n\n\n<p><em><strong>&#8211; nagrodzeni w dyscyplinie matematyka:<\/strong><\/em><\/p>\n\n\n\n<ul class=\"wp-block-list\">\n<li>Karol Badura (Liceum Og\u00f3lnokszta\u0142c\u0105ce Zakonu Pijar\u00f3w im. ks. Stanis\u0142awa Konarskiego w Krakowie) \u2013 Laureat I stopnia<\/li>\n\n\n\n<li>Katarzyna B\u0119ben (I Liceum Og\u00f3lnokszta\u0142c\u0105ce im. B. Nowodworskiego w Krakowie) \u2013 Laureatka I stopnia<\/li>\n\n\n\n<li>Pawe\u0142 Knot (Liceum Og\u00f3lnokszta\u0142c\u0105ce Zakonu Pijar\u00f3w im. ks. Stanis\u0142awa Konarskiego w Krakowie)&nbsp;\u2013 Laureat I stopnia<\/li>\n\n\n\n<li>Jakub Ko\u0142oty\u0142o (I LO im. Marcina Kromera w Gorlicach)&nbsp;\u2013 Laureat I stopnia<\/li>\n\n\n\n<li>Przemys\u0142aw Maciejczyk (Technikum \u0141\u0105czno\u015bci nr 14 w Krakowie) \u2013 Laureat I stopnia<\/li>\n\n\n\n<li>Mateusz Miko\u0142ajczyk (I LO im. Seweryna Goszczy\u0144skiego w Nowym Targu) \u2013 Laureat I stopnia<\/li>\n\n\n\n<li>Daniel Nowak (V Liceum Og\u00f3lnokszta\u0142c\u0105ce im. Augusta Witkowskiego w Krakowie)&nbsp;\u2013 Laureat I stopnia<\/li>\n\n\n\n<li>Robert Ponikiewski (I Liceum Og\u00f3lnokszta\u0142c\u0105ce im. Miko\u0142aja Kopernika w \u017bywcu)&nbsp;\u2013 Laureat I stopnia<\/li>\n\n\n\n<li>Bart\u0142omiej Zdybel (Liceum og\u00f3lnokszta\u0142c\u0105ce im. Miko\u0142aja Kopernika w Tarnobrzegu)&nbsp;\u2013 Laureat I stopnia<\/li>\n<\/ul>\n\n\n\n<ul class=\"wp-block-list\">\n<li>Oskar Biernacik (Niepubliczne Liceum Og\u00f3lnokszta\u0142c\u0105ce Cogito Fundacji Kr\u00f3lowej \u015awi\u0119tej Jadwigi w \u017bywcu) \u2013 Laureat II stopnia<\/li>\n\n\n\n<li>Karolina Bo\u0142oz (1 Liceum Og\u00f3lnokszta\u0142c\u0105ce z oddzia\u0142ami dwuj\u0119zycznymi im. Miko\u0142aja Kopernika w Jedliczu) \u2013 Laureatka II stopnia<\/li>\n\n\n\n<li>Karolina Bysiewicz (I Liceum Og\u00f3lnokszta\u0142c\u0105ce z Oddzia\u0142ami Dwuj\u0119zycznymi im. Miko\u0142aja Kopernika w Kro\u015bnie)&nbsp;\u2013 Laureatka II stopnia<\/li>\n\n\n\n<li>Maksymilian Drabik (Samorz\u0105dowe Liceum Og\u00f3lnokszta\u0142c\u0105ce w Stalowej Woli) \u2013 Laureat II stopnia<\/li>\n\n\n\n<li>Adam G\u0142owacki (I Liceum Og\u00f3lnokszta\u0142c\u0105ce z Oddzia\u0142ami Dwuj\u0119zycznymi im. Miko\u0142aja Kopernika w Kro\u015bnie)&nbsp;\u2013 Laureat II stopnia<\/li>\n\n\n\n<li>Tomasz Granowski (I LO im Seweryna Goszczy\u0144skiego w Nowym Targu) \u2013 Laureat II stopnia<\/li>\n\n\n\n<li>Miko\u0142aj Kaleta (V Liceum Og\u00f3lnokszta\u0142c\u0105ce im. Augusta Witkowskiego w Krakowie)&nbsp;\u2013 Laureat II stopnia<\/li>\n\n\n\n<li>Adam Kir\u00e1ly (Og\u00f3lnokszta\u0142c\u0105ce Liceum Akademickie Jezuit\u00f3w w Nowym S\u0105czu)&nbsp;\u2013 Laureat II stopnia<\/li>\n\n\n\n<li>Joanna Kli\u015b (I Liceum Og\u00f3lnokszta\u0142c\u0105ce im. Miko\u0142aja Kopernika w \u017bywcu)&nbsp;\u2013 Laureatka II stopnia<\/li>\n\n\n\n<li>Kacper Mika (I Liceum Og\u00f3lnokszta\u0142c\u0105ce im. Miko\u0142aja Kopernika w \u017bywcu)&nbsp;\u2013 Laureat II stopnia<\/li>\n\n\n\n<li>Bartosz Mruk (1 Liceum Og\u00f3lnokszta\u0142c\u0105ce im. W\u0142adys\u0142awa Orkana w Limanowej)&nbsp;\u2013 Laureat II stopnia<\/li>\n\n\n\n<li>Agnieszka Nowak (I Liceum Og\u00f3lnokszta\u0142c\u0105ce z Oddzia\u0142ami Dwuj\u0119zycznymi im. Jana D\u0142ugosza w Nowym S\u0105czu)&nbsp;\u2013 Laureatka II stopnia<\/li>\n\n\n\n<li>Anna P\u0142onka (I Liceum Og\u00f3lnokszta\u0142c\u0105ce im. B. Nowodworskiego w Krakowie)&nbsp;\u2013 Laureatka II stopnia<\/li>\n\n\n\n<li>Wiktor Rogowski (I Liceum Og\u00f3lnokszta\u0142c\u0105ce z Oddzia\u0142ami Dwuj\u0119zycznymi im. Jana D\u0142ugosza w Nowym S\u0105czu)&nbsp;\u2013 Laureat II stopnia<\/li>\n\n\n\n<li>Jakub Sikora (Technikum \u0141\u0105czno\u015bci nr 14 w Krakowie)&nbsp;\u2013 Laureat II stopnia<\/li>\n\n\n\n<li>Gabriela Solich (Liceum Og\u00f3lnokszta\u0142c\u0105ce Zakonu Pijar\u00f3w im. ks. Stanis\u0142awa Konarskiego w Krakowie)&nbsp;\u2013 Laureatka II stopnia<\/li>\n\n\n\n<li>Piotr Sus (I Liceum Og\u00f3lnokszta\u0142c\u0105ce im. Juliusza S\u0142owackiego w Przemy\u015blu)&nbsp;\u2013 Laureat II stopnia<\/li>\n\n\n\n<li>Bart\u0142omiej Wojas (VIII Liceum Og\u00f3lnokszta\u0142c\u0105ce im. Stanis\u0142awa Wyspia\u0144skiego w Krakowie)&nbsp;\u2013 Laureat II stopnia<\/li>\n\n\n\n<li>Aliaksandr Yurusau (Studium J\u0119zyka Polskiego dla Cudzoziemc\u00f3w w \u0141odzi) \u2013 Laureat II stopnia<\/li>\n\n\n\n<li>Mateusz Ziajka (Technikum \u0141\u0105czno\u015bci nr 14 w Krakowie) \u2013 Laureat II stopnia<\/li>\n<\/ul>\n\n\n\n<ul class=\"wp-block-list\">\n<li>Katarzyna Chwastek (III Liceum Og\u00f3lnokszta\u0142c\u0105ce im. Jana Kochanowskiego w Krakowie) \u2013 Laureatka III stopnia<\/li>\n\n\n\n<li>Dawid Duraj (I Liceum Og\u00f3lnokszta\u0142c\u0105ce im. Miko\u0142aja Kopernika w \u017bywcu) \u2013 Laureat III stopnia<\/li>\n\n\n\n<li>Mateusz Gacek (I LO im. Seweryna Goszczy\u0144skiego w Nowym Targu) \u2013 Laureat III stopnia<\/li>\n\n\n\n<li>Micha\u0142 Ginalski (I Liceum Og\u00f3lnokszta\u0142c\u0105ce z Oddzia\u0142ami Dwuj\u0119zycznymi im. Miko\u0142aja Kopernika w Kro\u015bnie)&nbsp;\u2013 Laureat III stopnia<\/li>\n\n\n\n<li>Aleksandra Go\u0142ek (I Liceum Og\u00f3lnokszta\u0142c\u0105ce im. Miko\u0142aja Kopernika w \u017bywcu)&nbsp;\u2013 Laureatka III stopnia<\/li>\n\n\n\n<li>Julia Grzegorska (I LO im. Seweryna Goszczy\u0144skiego w Nowym Targu) \u2013 Laureatka III stopnia<\/li>\n\n\n\n<li>Andrzej Hubka (I Liceum Og\u00f3lnokszta\u0142c\u0105ce im. Miko\u0142aja Kopernika w \u017bywcu)&nbsp;\u2013 Laureat III stopnia<\/li>\n\n\n\n<li>\u0141ukasz Janusz (I LO im. Seweryna Goszczy\u0144skiego w Nowym Targu) \u2013 Laureat III stopnia<\/li>\n\n\n\n<li>Izabela Legutko (I LO im. Seweryna Goszczy\u0144skiego w Nowym Targu)&nbsp;\u2013 Laureatka III stopnia<\/li>\n\n\n\n<li>Dawid Nabag\u0142o (Technikum \u0141\u0105czno\u015bci nr 14 w Krakowie)&nbsp;\u2013 Laureat III stopnia<\/li>\n\n\n\n<li>Natalia Olber (I Liceum Og\u00f3lnokszta\u0142c\u0105ce im. Miko\u0142aja Kopernika w \u017bywcu)&nbsp;\u2013 Laureatka III stopnia<\/li>\n\n\n\n<li>Patrycja Prusak (Zesp\u00f3\u0142 Szk\u00f3\u0142 Elektryczno-Mechanicznych im. gen. J\u00f3zefa Kustronia w Nowym S\u0105czu)&nbsp;\u2013 Laureatka III stopnia<\/li>\n\n\n\n<li>Adam Przyprawa (I Liceum Og\u00f3lnokszta\u0142c\u0105ce z Oddzia\u0142ami Dwuj\u0119zycznymi im. Miko\u0142aja Kopernika w Kro\u015bnie)&nbsp;\u2013 Laureat III stopnia<\/li>\n\n\n\n<li>Samuel Rus (I Liceum Og\u00f3lnokszta\u0142c\u0105ce im. Miko\u0142aja Kopernika w \u017bywcu)&nbsp;\u2013 Laureat III stopnia<\/li>\n\n\n\n<li>Jakub Swad\u017aba (I Liceum Og\u00f3lnokszta\u0142c\u0105ce im. K. Brodzi\u0144skiego w Tarnowie)&nbsp;\u2013 Laureat III stopnia<\/li>\n\n\n\n<li>Jakub Szewczyk (I Liceum Og\u00f3lnokszta\u0142c\u0105ce im. W\u0142adys\u0142awa Orkana w Limanowej)&nbsp;\u2013 Laureat III stopnia<\/li>\n\n\n\n<li>Patrycja Szybi\u0144ska (IV Prywatne Liceum Og\u00f3lnokszta\u0142c\u0105ce im. Kr\u00f3l\u00f3w Polskich w Krakowie)&nbsp;\u2013 Laureatka III stopnia<\/li>\n\n\n\n<li>Julia Tonderska (Niepubliczne Liceum Og\u00f3lnokszta\u0142c\u0105ce Cogito Fundacji Kr\u00f3lowej \u015awi\u0119tej Jadwigi w \u017bywcu)&nbsp;\u2013 Laureatka III stopnia<\/li>\n\n\n\n<li>Wiktor Waksmundzki (Liceum Og\u00f3lnokszta\u0142c\u0105ce Zakonu Pijar\u00f3w im. ks. Stanis\u0142awa Konarskiego w Krakowie)&nbsp;\u2013 Laureat III stopnia<\/li>\n\n\n\n<li>Dominika Wiewi\u00f3ra (I Liceum Og\u00f3lnokszta\u0142c\u0105ce im. Miko\u0142aja Kopernika w \u017bywcu)&nbsp;\u2013 Laureatka III stopnia<\/li>\n\n\n\n<li>Konrad \u017bebro (Liceum Og\u00f3lnokszta\u0142c\u0105ce Zakonu Pijar\u00f3w im. ks. Stanis\u0142awa Konarskiego w Krakowie)&nbsp;\u2013 Laureat III stopnia<\/li>\n<\/ul>\n\n\n\n<p><em><strong>&#8211; nagrodzeni w dyscyplinie chemia:<\/strong><\/em><\/p>\n\n\n\n<ul class=\"wp-block-list\">\n<li>Maria Dera (II Liceum Og\u00f3lnokszta\u0142c\u0105ce im. Kr\u00f3la Jana III Sobieskiego w Krakowie) \u2013 Laureatka I stopnia<\/li>\n\n\n\n<li>Kordian Fuksa (II Liceum Og\u00f3lnokszta\u0142c\u0105ce im. Kr\u00f3la Jana III Sobieskiego w Krakowie) \u2013 Laureat I stopnia<\/li>\n\n\n\n<li>Julia Kuczek (LO Si\u00f3str Prezentek im. Jana Paw\u0142a II w Rzeszowie) \u2013 Laureatka I stopnia<\/li>\n<\/ul>\n\n\n\n<ul class=\"wp-block-list\">\n<li>Oliwia Ciszewska (II Liceum Og\u00f3lnokszta\u0142c\u0105ce im. Kr\u00f3la Jana III Sobieskiego w Krakowie) \u2013 Laureatka II stopnia<\/li>\n\n\n\n<li>Jakub Go\u0142da (I Liceum Og\u00f3lnokszta\u0142c\u0105ce im. B. Nowodworskiego w Krakowie) \u2013 Laureat II stopnia<\/li>\n\n\n\n<li>Bart\u0142omiej Krzan (Liceum Og\u00f3lnokszta\u0142c\u0105ce Zakonu Pijar\u00f3w im. ks. Stanis\u0142awa Konarskiego w Krakowie) \u2013 Laureat II stopnia<\/li>\n\n\n\n<li>Karolina Kuchta (V Liceum Og\u00f3lnokszta\u0142c\u0105ce im. Augusta Witkowskiego w Krakowie) \u2013 Laureatka II stopnia<\/li>\n\n\n\n<li>Patryk Machejek (II Liceum Og\u00f3lnokszta\u0142c\u0105ce im. Kr\u00f3la Jana III Sobieskiego w Krakowie) \u2013 Laureat II stopnia<\/li>\n\n\n\n<li>Wiktor Mazurkiewicz (Zesp\u00f3\u0142 Szk\u00f3\u0142 Og\u00f3lnokszta\u0142c\u0105cych im. Jana Paw\u0142a II Si\u00f3str Prezentek w Rzeszowie) \u2013 Laureat II stopnia<\/li>\n\n\n\n<li>Marcin Przybysz (II Liceum Og\u00f3lnokszta\u0142c\u0105ce im. Kr\u00f3la Jana III Sobieskiego w Krakowie) \u2013 Laureat II stopnia<\/li>\n\n\n\n<li>Magdalena Szczepanik (I Liceum Og\u00f3lnokszta\u0142c\u0105ce im. B. Nowodworskiego w Krakowie) \u2013 Laureatka II stopnia<\/li>\n<\/ul>\n\n\n\n<ul class=\"wp-block-list\">\n<li>Alicja Bigosi\u0144ska (XIII Liceum Og\u00f3lnokszta\u0142c\u0105ce im. Bohater\u00f3w Westerplatte w Krakowie) \u2013 Laureatka III stopnia<\/li>\n\n\n\n<li>Dominik Bochenek (Zesp\u00f3\u0142 Szk\u00f3\u0142 Chemicznych im. Marii Sk\u0142odowskiej-Curie w Krakowie) \u2013 Laureat III stopnia<\/li>\n\n\n\n<li>Martyna Borowiec (Liceum Og\u00f3lnokszta\u0142c\u0105ce w Boguchwale) \u2013 Laureatka III stopnia<\/li>\n\n\n\n<li>Maja Kotulska (I Spo\u0142eczne Liceum Og\u00f3lnokszta\u0142c\u0105ce im. Hetmana Jana Tarnowskiego w Tarnobrzegu) \u2013 Laureatka III stopnia<\/li>\n\n\n\n<li>Martyna Krzan (I Liceum Og\u00f3lnokszta\u0142c\u0105ce im. Kr\u00f3la W\u0142adys\u0142awa Jagie\u0142\u0142y w Przeworsku) \u2013 Laureatka III stopnia<\/li>\n\n\n\n<li>Eliza Kupczak (I Liceum Og\u00f3lnokszta\u0142c\u0105ce im. Miko\u0142aja Kopernika w \u017bywcu) \u2013 Laureatka III stopnia<\/li>\n\n\n\n<li>Mateusz Kurbiel (II Liceum Og\u00f3lnokszta\u0142c\u0105ce im. Kr\u00f3la Jana III Sobieskiego w Krakowie) \u2013 Laureat III stopnia<\/li>\n\n\n\n<li>Antoni Nowak (I Liceum Og\u00f3lnokszta\u0142c\u0105ce im. Miko\u0142aja Kopernika w \u017bywcu) \u2013 Laureat III stopnia<\/li>\n\n\n\n<li>Przemys\u0142aw Pazdan (Liceum Og\u00f3lnokszta\u0142c\u0105ce im. Tadeusza Ko\u015bciuszki w Ropczycach) \u2013 Laureat III stopnia<\/li>\n\n\n\n<li>Antoni Popielarz (Liceum Og\u00f3lnokszta\u0142c\u0105ce im. Tadeusza Ko\u015bciuszki w Ropczycach) \u2013 Laureat III stopnia<\/li>\n\n\n\n<li>Justyna Rolek (Liceum Og\u00f3lnokszta\u0142c\u0105ce im. Tadeusza Ko\u015bciuszki w Ropczycach) \u2013 Laureatka III stopnia<\/li>\n\n\n\n<li>Maciej Rz\u0119sa (II Liceum Og\u00f3lnokszta\u0142c\u0105ce im. Miko\u0142aja Reja w Kra\u015bniku) \u2013 Laureat III stopnia<\/li>\n\n\n\n<li>Oliwia Skrzypek (LO im. Jana Paw\u0142a II Si\u00f3str Prezentek w Rzeszowie) \u2013 Laureatka III stopnia<\/li>\n\n\n\n<li>Marcin Strugalski (II Liceum Og\u00f3lnokszta\u0142c\u0105ce im. Kr\u00f3la Jana III Sobieskiego w Krakowie) \u2013 Laureat III stopnia<\/li>\n\n\n\n<li>Hubert Szymborski (Liceum im. Jana Paw\u0142a II Si\u00f3str Prezentek w Rzeszowie) \u2013 Laureat III stopnia<\/li>\n\n\n\n<li>Jakub \u017bwirek (III Liceum Og\u00f3lnokszta\u0142c\u0105ce im. Jana Kochanowskiego w Krakowie) \u2013 Laureat III stopnia<\/li>\n<\/ul>\n\n\n\n<p><em><strong>&#8211; nagrodzeni w dyscyplinie informatyka:<\/strong><\/em><\/p>\n\n\n\n<ul class=\"wp-block-list\">\n<li>Kacper Trzpis (Zesp\u00f3\u0142 Szk\u00f3\u0142 Technicznych w Mielcu) \u2013 Laureat I stopnia<\/li>\n<\/ul>\n\n\n\n<ul class=\"wp-block-list\">\n<li>Kamil Barnowski (Zesp\u00f3\u0142 Szk\u00f3\u0142 Og\u00f3lnokszta\u0142c\u0105cych nr 2 im. \u015aw. Jadwigi Kr\u00f3lowej w Nowym Targu) \u2013 Laureat II stopnia<\/li>\n\n\n\n<li>Jakub Barwa (Techniczne Zak\u0142ady Naukowe w D\u0105browie G\u00f3rniczej) \u2013 Laureat II stopnia<\/li>\n\n\n\n<li>Piotr Jaglarz (IV Liceum og\u00f3lnokszta\u0142c\u0105ce im. Tadeusza Ko\u015bciuszki w Krakowie) \u2013 Laureat II stopnia<\/li>\n\n\n\n<li>Jakub Jasek (I Liceum Og\u00f3lnokszta\u0142c\u0105ce im. Miko\u0142aja Kopernika w \u017bywcu) \u2013 Laureat II stopnia<\/li>\n\n\n\n<li>Dawid Ochman (Akademickie Liceum Og\u00f3lnokszta\u0142c\u0105ce Politechniki \u015al\u0105skiej w Gliwicach) \u2013 Laureat II stopnia<\/li>\n\n\n\n<li>Jan Rzewuski (XIV Liceum Og\u00f3lnokszta\u0142c\u0105ce im. Stanis\u0142awa Staszica w Warszawie) \u2013 Laureat II stopnia<\/li>\n\n\n\n<li>Maciej Szczud\u0142o (Zesp\u00f3\u0142 Szk\u00f3\u0142 Energetycznych nr 9 w Krakowie) \u2013 Laureat II stopnia<\/li>\n\n\n\n<li>Micha\u0142 Tabaszewski (Technikum \u0141\u0105czno\u015bci nr 14 w Krakowie) \u2013 Laureat II stopnia<\/li>\n\n\n\n<li>Bartosz Tokarz (VIII Liceum Og\u00f3lnokszta\u0142c\u0105ce im. Stanis\u0142awa Wyspia\u0144skiego w Krakowie) \u2013 Laureat II stopnia<\/li>\n<\/ul>\n\n\n\n<ul class=\"wp-block-list\">\n<li>Bartosz Broda (Liceum Og\u00f3lnokszta\u0142c\u0105ce Zakonu Pijar\u00f3w im. ks. Stanis\u0142awa Konarskiego w Krakowie) \u2013 Laureat III stopnia<\/li>\n\n\n\n<li>\u0141ukasz Czapla (Zesp\u00f3\u0142 Szk\u00f3\u0142 Licealnych im. Boles\u0142awa Chrobrego w Le\u017cajsku) \u2013 Laureat III stopnia<\/li>\n\n\n\n<li>Wiktoria Herczyk (IX Liceum Og\u00f3lnokszta\u0142c\u0105ce im. Cypriana Kamila Norwida w Cz\u0119stochowie) \u2013 Laureatka III stopnia<\/li>\n\n\n\n<li>Krzysztof Kasperczyk (Technikum Energetyczno-Elektroniczne nr 9 im. Tadeusza Ko\u015bciuszki w Krakowie) \u2013 Laureat III stopnia<\/li>\n\n\n\n<li>Bart\u0142omiej Kwiatkowski (Zesp\u00f3\u0142 Szk\u00f3\u0142 Technicznych i Og\u00f3lnokszta\u0142c\u0105cych im. Jana Paw\u0142a II w Limanowej) \u2013 Laureat III stopnia<\/li>\n\n\n\n<li>Micha\u0142 P\u0119dziwiatr (Zesp\u00f3\u0142 Szk\u00f3\u0142 Licealnych im. Boles\u0142awa Chrobrego w Le\u017cajsku) \u2013 Laureat III stopnia<\/li>\n<\/ul>\n\n\n\n<p>&nbsp;<em><strong>&#8211; nagrodzeni w dyscyplinie predyspozycje architektoniczne:<\/strong><\/em><\/p>\n\n\n\n<ul class=\"wp-block-list\">\n<li>Julia Pajor (1 LO im. W\u0142adys\u0142awa Orkana w Limanowej) \u2013 Laureatka I stopnia<\/li>\n<\/ul>\n\n\n\n<ul class=\"wp-block-list\">\n<li>Zofia Konieczna (VII Liceum Og\u00f3lnokszta\u0142c\u0105ce im. Zofii Na\u0142kowskiej w Krakowie) \u2013 Laureatka II stopnia<\/li>\n\n\n\n<li>Amelia Popiela (II Liceum Og\u00f3lnokszta\u0142c\u0105ce im. Marii Konopnickiej w Nowym S\u0105czu) \u2013 Laureatka II stopnia<\/li>\n\n\n\n<li>Mi\u0142osz Za\u0142ubski (I Liceum Og\u00f3lnokszta\u0142c\u0105ce z Oddzia\u0142ami Dwuj\u0119zycznymi im. Jana D\u0142ugosza w Nowym S\u0105czu) \u2013 Laureat II stopnia<\/li>\n\n\n\n<li>Wiktoria Zwoli\u0144ska (IV Liceum Og\u00f3lnokszta\u0142c\u0105ce im. Miko\u0142aja Kopernika w Rzeszowie) \u2013 Laureatka II stopnia<\/li>\n<\/ul>\n\n\n\n<ul class=\"wp-block-list\">\n<li>&nbsp;Beniamin Buchman (II Liceum Og\u00f3lnokszta\u0142c\u0105ce im. Marii Konopnickiej w Nowym S\u0105czu) \u2013 Laureat III stopnia<\/li>\n\n\n\n<li>Julia Cybulak (Zesp\u00f3\u0142 Szk\u00f3\u0142 Drogowo-Geodezyjnych i Licealnych im. Augusta Witkowskiego w Jaros\u0142awiu) \u2013 Laureatka III stopnia<\/li>\n\n\n\n<li>Karolina Czerska (VII Liceum Og\u00f3lnokszta\u0142c\u0105ce im. Zofii Na\u0142kowskiej w Krakowie) \u2013 Laureatka III stopnia<\/li>\n\n\n\n<li>Amelia Palarz (I LO im. Juliusza S\u0142owackiego w Cz\u0119stochowie) \u2013 Laureatka III stopnia<\/li>\n\n\n\n<li>Dagmara W\u0142adyka (I Liceum Og\u00f3lnokszta\u0142c\u0105ce im. Kazimierza Wielkiego w Brzozowie) \u2013 Laureatka III stopnia<br><br><\/li>\n<\/ul>\n\n\n\n<p><a href=\"https:\/\/mckpk-my.sharepoint.com\/:f:\/g\/personal\/ewa_deskur_admin_pk_edu_pl\/Ev7m0nSvQHlBs_HuEfg87KYBiDjmThfsdZ2neWA2psMOUw?e=Ca23qo\">Tu mo\u017cna pobra\u0107 zdj\u0119cia z uroczysto\u015bci rozdania dyplom\u00f3w.<\/a><\/p>\n\n\n\n<h2 class=\"wp-block-heading\">Rok 2022<\/h2>\n\n\n\n<p><strong>8 kwietnia w Pawilonie Konferencyjno-Wystawowym \u201eKot\u0142ownia\u201d odby\u0142o si\u0119 spotkanie z laureatami 7. edycji konkursu \u201eO Z\u0142oty Indeks PK\u201d. II etap rywalizacji o dodatkowe punkty w rekrutacji zorganizowano 26 lutego na kampusie Politechniki Krakowskiej przy ul. Warszawskiej 24. Uczestnicy konkursu mogli sprawdzi\u0107 swoj\u0105 wiedz\u0119 z zakresu matematyki, chemii i informatyki \u2013 ka\u017cdy wybiera\u0142 na etapie rejestracji tylko jeden przedmiot.&nbsp;<\/strong>&nbsp;Do fina\u0142u zmaga\u0144 o \u201eZ\u0142oty Indeks\u201d Politechniki Krakowskiej przyst\u0105pi\u0142o 80 uczni\u00f3w szk\u00f3\u0142 ponadpodstawowych. Na laureat\u00f3w czeka\u0142o 200 (laureaci I stopnia), 100 (laureaci II stopnia) lub 60 (laureaci III stopnia) dodatkowych punkt\u00f3w w rekrutacji. Ponadto dla laureat\u00f3w I stopnia, kt\u00f3rzy podejm\u0105 studia na Politechnice Krakowskiej oraz zalicz\u0105 pierwszy semestr, przyznane zostan\u0105 nagrody finansowe w ramach programu \u201eStudent Lider pierwszego roku\u201d.&nbsp;&nbsp;Dodatkowe punkty wywalczy\u0142o 57 os\u00f3b: 37 uczni\u00f3w mierz\u0105cych si\u0119 z zadaniami matematycznymi (laureaci I stopnia \u2013 6 os\u00f3b; laureaci II stopnia \u2013 14 os\u00f3b; laureaci III stopnia \u2013 17 os\u00f3b), 14 uczestnik\u00f3w, kt\u00f3rzy zajmowali si\u0119 zagadnieniami z chemii (laureaci II stopnia \u2013 1 osoba; laureaci III stopnia \u2013 13 os\u00f3b) i 6 z informatyki (laureaci II stopnia \u2013 2 osoby; laureaci III stopnia \u2013 4 osoby).&nbsp;Nowo\u015bci\u0105 7. edycji konkursu \u201eO Z\u0142oty Indeks PK\u201d by\u0142o wprowadzenie do rywalizacji informatyki. Po raz pierwszy ustanowiono tak\u017ce klasyfikacj\u0119 punktow\u0105 dla szk\u00f3\u0142, z kt\u00f3rych wy\u0142oniono najwi\u0119cej laureat\u00f3w. Zastosowano przy tym nast\u0119puj\u0105ce zasady: laureat I stopnia \u2013 7 punkt\u00f3w, laureat II stopnia \u2013 3 punkty, laureat III stopnia \u2013 1 punkt. I tak, pierwsze 6 miejsc zaj\u0119\u0142y:<\/p>\n\n\n\n<p>1. Zesp\u00f3\u0142 Szk\u00f3\u0142 \u0141\u0105czno\u015bci w Krakowie (28 punkt\u00f3w)<\/p>\n\n\n\n<p>2. Liceum Og\u00f3lnokszta\u0142c\u0105ce im. Jana Kochanowskiego w Muszynie (21 punkt\u00f3w)<\/p>\n\n\n\n<p>3. I Liceum Og\u00f3lnokszta\u0142c\u0105ce im. Miko\u0142aja Kopernika w \u017bywcu (17 punkt\u00f3w)<\/p>\n\n\n\n<p>4. (<em>ex aequo<\/em>) II Liceum Og\u00f3lnokszta\u0142c\u0105ce im. ks. prof. J\u00f3zefa Tischnera w Rabce-Zdroju (8 punkt\u00f3w) oraz II Liceum Og\u00f3lnokszta\u0142c\u0105ce im. Kr\u00f3la Jana III Sobieskiego w Krakowie (8 punkt\u00f3w)<\/p>\n\n\n\n<p>6. II Liceum Og\u00f3lnokszta\u0142c\u0105ce im. Stefana \u017beromskiego w D\u0105browie G\u00f3rniczej (7 punkt\u00f3w)&nbsp;<\/p>\n\n\n\n<figure class=\"wp-block-gallery has-nested-images columns-default is-cropped wp-block-gallery-1 is-layout-flex wp-block-gallery-is-layout-flex\">\n<figure class=\"wp-block-image size-large\"><img loading=\"lazy\" decoding=\"async\" width=\"694\" height=\"1024\" data-id=\"207\" src=\"https:\/\/indeks.pk.edu.pl\/wp-content\/uploads\/2022\/04\/Dyplom_I_miejsce-694x1024.jpg\" alt=\"\" class=\"wp-image-207\" srcset=\"https:\/\/indeks.pk.edu.pl\/wp-content\/uploads\/2022\/04\/Dyplom_I_miejsce-694x1024.jpg 694w, https:\/\/indeks.pk.edu.pl\/wp-content\/uploads\/2022\/04\/Dyplom_I_miejsce-203x300.jpg 203w, https:\/\/indeks.pk.edu.pl\/wp-content\/uploads\/2022\/04\/Dyplom_I_miejsce-768x1133.jpg 768w, https:\/\/indeks.pk.edu.pl\/wp-content\/uploads\/2022\/04\/Dyplom_I_miejsce-1041x1536.jpg 1041w, https:\/\/indeks.pk.edu.pl\/wp-content\/uploads\/2022\/04\/Dyplom_I_miejsce-1388x2048.jpg 1388w, https:\/\/indeks.pk.edu.pl\/wp-content\/uploads\/2022\/04\/Dyplom_I_miejsce-1024x1511.jpg 1024w, https:\/\/indeks.pk.edu.pl\/wp-content\/uploads\/2022\/04\/Dyplom_I_miejsce-732x1080.jpg 732w, https:\/\/indeks.pk.edu.pl\/wp-content\/uploads\/2022\/04\/Dyplom_I_miejsce-scaled.jpg 1735w\" sizes=\"auto, (max-width: 694px) 100vw, 694px\" \/><\/figure>\n\n\n\n<figure class=\"wp-block-image size-large\"><img loading=\"lazy\" decoding=\"async\" width=\"702\" height=\"1024\" data-id=\"208\" src=\"https:\/\/indeks.pk.edu.pl\/wp-content\/uploads\/2022\/04\/Dyplom_II_miejsce-702x1024.jpg\" alt=\"\" class=\"wp-image-208\" srcset=\"https:\/\/indeks.pk.edu.pl\/wp-content\/uploads\/2022\/04\/Dyplom_II_miejsce-702x1024.jpg 702w, https:\/\/indeks.pk.edu.pl\/wp-content\/uploads\/2022\/04\/Dyplom_II_miejsce-206x300.jpg 206w, https:\/\/indeks.pk.edu.pl\/wp-content\/uploads\/2022\/04\/Dyplom_II_miejsce-768x1120.jpg 768w, https:\/\/indeks.pk.edu.pl\/wp-content\/uploads\/2022\/04\/Dyplom_II_miejsce-1054x1536.jpg 1054w, https:\/\/indeks.pk.edu.pl\/wp-content\/uploads\/2022\/04\/Dyplom_II_miejsce-1405x2048.jpg 1405w, https:\/\/indeks.pk.edu.pl\/wp-content\/uploads\/2022\/04\/Dyplom_II_miejsce-1024x1493.jpg 1024w, https:\/\/indeks.pk.edu.pl\/wp-content\/uploads\/2022\/04\/Dyplom_II_miejsce-741x1080.jpg 741w, https:\/\/indeks.pk.edu.pl\/wp-content\/uploads\/2022\/04\/Dyplom_II_miejsce-scaled.jpg 1756w\" sizes=\"auto, (max-width: 702px) 100vw, 702px\" \/><\/figure>\n\n\n\n<figure class=\"wp-block-image size-large\"><img loading=\"lazy\" decoding=\"async\" width=\"718\" height=\"1024\" data-id=\"209\" src=\"https:\/\/indeks.pk.edu.pl\/wp-content\/uploads\/2022\/04\/Dyplom_III_miejsce-718x1024.jpg\" alt=\"\" class=\"wp-image-209\" srcset=\"https:\/\/indeks.pk.edu.pl\/wp-content\/uploads\/2022\/04\/Dyplom_III_miejsce-718x1024.jpg 718w, https:\/\/indeks.pk.edu.pl\/wp-content\/uploads\/2022\/04\/Dyplom_III_miejsce-210x300.jpg 210w, https:\/\/indeks.pk.edu.pl\/wp-content\/uploads\/2022\/04\/Dyplom_III_miejsce-768x1095.jpg 768w, https:\/\/indeks.pk.edu.pl\/wp-content\/uploads\/2022\/04\/Dyplom_III_miejsce-1077x1536.jpg 1077w, https:\/\/indeks.pk.edu.pl\/wp-content\/uploads\/2022\/04\/Dyplom_III_miejsce-1436x2048.jpg 1436w, https:\/\/indeks.pk.edu.pl\/wp-content\/uploads\/2022\/04\/Dyplom_III_miejsce-1024x1460.jpg 1024w, https:\/\/indeks.pk.edu.pl\/wp-content\/uploads\/2022\/04\/Dyplom_III_miejsce-757x1080.jpg 757w, https:\/\/indeks.pk.edu.pl\/wp-content\/uploads\/2022\/04\/Dyplom_III_miejsce-scaled.jpg 1795w\" sizes=\"auto, (max-width: 718px) 100vw, 718px\" \/><\/figure>\n<\/figure>\n\n\n\n<p>&nbsp;&nbsp;Szko\u0142y zosta\u0142y nagrodzone dyplomami i podzi\u0119kowaniami.&nbsp;&nbsp;W spotkaniu z laureatami edycji 2021\/22 konkursu \u201eO Z\u0142oty Indeks PK\u201d wzi\u0105\u0142 udzia\u0142 prorektor ds. studenckich PK i przewodnicz\u0105cy Komisji Konkursowej dr in\u017c. Marek Bauer.&nbsp;&nbsp;<strong>W 7. edycji konkursu dodatkowe punkty w rekrutacji na Politechnik\u0119 Krakowsk\u0105 wywalczyli:<\/strong><\/p>\n\n\n\n<p><img loading=\"lazy\" decoding=\"async\" width=\"500\" height=\"334\" src=\"https:\/\/www.pk.edu.pl\/images\/news\/2022\/4\/fot_4.jpg\" alt=\"rozdanie dyplom\u00f3w laureatom konkursu \u201eO Z\u0142oty Indeks PK\u201d (8 kwietnia 2022 r.)\"><\/p>\n\n\n\n<p>1. Micha\u0142 Warmuz (I Liceum Og\u00f3lnokszta\u0142c\u0105ce im. Miko\u0142aja Kopernika w \u017bywcu) \u2013 laureat I stopnia; matematyka<\/p>\n\n\n\n<p>2. Tomasz Smyda (Liceum Og\u00f3lnokszta\u0142c\u0105ce im. Jana Kochanowskiego w Muszynie) \u2013 laureat I stopnia; matematyka<\/p>\n\n\n\n<p>3. Krzysztof Ligarski (Zesp\u00f3\u0142 Szk\u00f3\u0142 im. ks. Prof. J. Tischnera w Rabce-Zdroju) \u2013 laureat I stopnia; matematyka<\/p>\n\n\n\n<p>4. Jakub Pietraszko (II Liceum Og\u00f3lnokszta\u0142c\u0105ce im. Stefana \u017beromskiego w D\u0105browie G\u00f3rniczej) \u2013 laureat I stopnia; matematyka<\/p>\n\n\n\n<p>5. Dawid \u015aliwa (Zesp\u00f3\u0142 Szk\u00f3\u0142 \u0141\u0105czno\u015bci im. Obro\u0144c\u00f3w Poczty Polskiej w Gda\u0144sku w Krakowie) \u2013 laureat I stopnia; matematyka<\/p>\n\n\n\n<p>6. Ewelina Zieli\u0144ska (Liceum Og\u00f3lnokszta\u0142c\u0105ce im. Jana Kochanowskiego w Muszynie) \u2013 laureat I stopnia; matematyka<\/p>\n\n\n\n<p>7. Izabela Ignatowska (Liceum Og\u00f3lnokszta\u0142c\u0105ce im. prof. Kazimierza Morawskiego w Przemy\u015blu) \u2013 laureat II stopnia; matematyka<\/p>\n\n\n\n<p>8. \u0141ukasz Klon (II Liceum Og\u00f3lnokszta\u0142c\u0105ce im. ks. Prof. J\u00f3zefa Tischnera w Wodzis\u0142awiu \u015al\u0105skim) \u2013 laureat II stopnia;&nbsp;matematyka<\/p>\n\n\n\n<figure class=\"wp-block-image is-resized\"><img decoding=\"async\" src=\"https:\/\/www.pk.edu.pl\/images\/news\/2022\/4\/fot_5.jpg\" alt=\"rozdanie dyplom\u00f3w laureatom konkursu \u201eO Z\u0142oty Indeks PK\u201d (8 kwietnia 2022 r.)\" style=\"width:521px;height:347px\"\/><\/figure>\n\n\n\n<p>9. Urszula Kostuch (I Liceum Og\u00f3lnokszta\u0142c\u0105ce im. Bart\u0142omieja Nowodworskiego w Krakowie) \u2013 laureat II stopnia; matematyka<\/p>\n\n\n\n<p>10. Martyna Myszka (I Liceum Og\u00f3lnokszta\u0142c\u0105ce im. Miko\u0142aja Kopernika w \u017bywcu) \u2013 laureat II stopnia; matematyka<\/p>\n\n\n\n<p>11. Mariusz Gos\u0142awski (Zesp\u00f3\u0142 Szk\u00f3\u0142 \u0141\u0105czno\u015bci im. Obro\u0144c\u00f3w Poczty Polskiej w Gda\u0144sku w Krakowie) \u2013 laureat II stopnia; matematyka&nbsp;<\/p>\n\n\n\n<p>12. \u0141ukasz Kowalczyk (Liceum Og\u00f3lnokszta\u0142c\u0105ce nr VIII im. Aleksandra Kami\u0144skiego w Opolu) \u2013 laureat II stopnia; matematyka<\/p>\n\n\n\n<p>13. Weronika Piksa (Liceum Og\u00f3lnokszta\u0142c\u0105ce im. Jana Kochanowskiego w Muszynie) \u2013 laureat II stopnia; matematyka<\/p>\n\n\n\n<p>14. Dawid Piotrowski (II Liceum Og\u00f3lnokszta\u0142c\u0105ce im. Kr\u00f3la Jana III Sobieskiego w Krakowie) \u2013 laureat II stopnia; matematyka<\/p>\n\n\n\n<p>15. Aleksandra Samborek (V Liceum Og\u00f3lnokszta\u0142c\u0105ce im. Augusta Witkowskiego w Krakowie) \u2013 laureat II stopnia; matematyka<br><img loading=\"lazy\" decoding=\"async\" width=\"500\" height=\"334\" src=\"https:\/\/www.pk.edu.pl\/images\/news\/2022\/4\/fot.jpg\" alt=\"rozdanie dyplom\u00f3w laureatom konkursu \u201eO Z\u0142oty Indeks PK\u201d (8 kwietnia 2022 r.)\"><\/p>\n\n\n\n<p>16. Jakub Wiechniak (Zesp\u00f3\u0142 Szk\u00f3\u0142 \u0141\u0105czno\u015bci im. Obro\u0144c\u00f3w Poczty Polskiej w Gda\u0144sku w Krakowie \u2013 laureat II stopnia; matematyka<\/p>\n\n\n\n<p>17. Martyna Kotlarska (I Liceum Og\u00f3lnokszta\u0142c\u0105ce im. Miko\u0142aja Kopernika w \u017bywcu) \u2013 laureat II stopnia; matematyka<\/p>\n\n\n\n<p>18. Wojciech Or\u0142owski (Zesp\u00f3\u0142 Szk\u00f3\u0142 \u0141\u0105czno\u015bci im. Obro\u0144c\u00f3w Poczty Polskiej w Gda\u0144sku w Krakowie) \u2013 laureat II stopnia; matematyka<\/p>\n\n\n\n<p>19. Pawe\u0142 Piechnik (Zesp\u00f3\u0142 Szk\u00f3\u0142 \u0141\u0105czno\u015bci im. Obro\u0144c\u00f3w Poczty Polskiej w Gda\u0144sku w Krakowie) \u2013 laureat II stopnia; matematyka<\/p>\n\n\n\n<p>20. Daria Prusak (Liceum Og\u00f3lnokszta\u0142c\u0105ce im. Jana Kochanowskiego w Muszynie) \u2013 laureat II stopnia; matematyka<\/p>\n\n\n\n<p>21. Andrzej Bistro\u0144 (II Liceum Og\u00f3lnokszta\u0142c\u0105ce im. Kr\u00f3la Jana III Sobieskiego w Krakowie) \u2013 laureat III stopnia; matematyka<\/p>\n\n\n\n<p>22. Mateusz Galski (Zesp\u00f3\u0142 Szk\u00f3\u0142 \u0141\u0105czno\u015bci im. Obro\u0144c\u00f3w Poczty Polskiej w Gda\u0144sku w Krakowie) \u2013 laureat III stopnia<\/p>\n\n\n\n<p>23. Jan Kocierz (I Liceum Og\u00f3lnokszta\u0142c\u0105ce im. Miko\u0142aja Kopernika w \u017bywcu) \u2013 laureat III stopnia; matematyka<br><img loading=\"lazy\" decoding=\"async\" width=\"500\" height=\"334\" src=\"https:\/\/www.pk.edu.pl\/images\/news\/2022\/4\/fot_2.jpg\" alt=\"rozdanie dyplom\u00f3w laureatom konkursu \u201eO Z\u0142oty Indeks PK\u201d (8 kwietnia 2022 r.)\"><\/p>\n\n\n\n<p>24. Amelia Paw (I LO im. Seweryna Goszczy\u0144skiego w Nowym Targu) \u2013 laureat III stopnia; matematyka<\/p>\n\n\n\n<p>25. Karol Peregrym (Liceum Og\u00f3lnokszta\u0142c\u0105ce im. Jana Kochanowskiego w Muszynie) \u2013 laureat III stopnia; matematyka<\/p>\n\n\n\n<p>26. Jakub Worek (Liceum Og\u00f3lnokszta\u0142c\u0105ce im. Adama Mickiewicza w Strzy\u017cowie) \u2013 laureat III stopnia; matematyka<\/p>\n\n\n\n<p>27. Micha\u0142 Biernacki (Zesp\u00f3\u0142 Szk\u00f3\u0142 \u0141\u0105czno\u015bci im. Obro\u0144c\u00f3w Poczty Polskiej w Gda\u0144sku w Krakowie) \u2013 laureat III stopnia; matematyka<\/p>\n\n\n\n<p>28. Wiktor D\u0119bicki (Zesp\u00f3\u0142 Szk\u00f3\u0142 \u0141\u0105czno\u015bci im. Obro\u0144c\u00f3w Poczty Polskiej w Gda\u0144sku w Krakowie) \u2013 laureat III stopnia; matematyka&nbsp;29. Kacper Moroch (Liceum Og\u00f3lnokszta\u0142c\u0105ce im. Adama Mickiewicza w Strzy\u017cowie) \u2013 laureat III stopnia; matematyka<\/p>\n\n\n\n<p>30. Mateusz Fudala (Zesp\u00f3\u0142 Szk\u00f3\u0142 \u0141\u0105czno\u015bci im. Obro\u0144c\u00f3w Poczty Polskiej w Gda\u0144sku w Krakowie) \u2013 laureat III stopnia; matematyka<\/p>\n\n\n\n<p>31. Maksymilian \u015amieszek (II Liceum Og\u00f3lnokszta\u0142c\u0105ce im. ks. prof. J\u00f3zefa Tischnera w Rabce-Zdroju) \u2013 laureat III stopnia; matematyka<br><img loading=\"lazy\" decoding=\"async\" width=\"500\" height=\"334\" src=\"https:\/\/www.pk.edu.pl\/images\/news\/2022\/4\/fot_3.jpg\" alt=\"rozdanie dyplom\u00f3w laureatom konkursu \u201eO Z\u0142oty Indeks PK\u201d (8 kwietnia 2022 r.)\"><\/p>\n\n\n\n<p>32. Zbyszko Sobecki (Zesp\u00f3\u0142 Szk\u00f3\u0142 \u0141\u0105czno\u015bci im. Obro\u0144c\u00f3w Poczty Polskiej w Gda\u0144sku w Krakowie) \u2013 laureat III stopnia; matematyka<\/p>\n\n\n\n<p>33. Monika Bysiewicz (I Liceum Og\u00f3lnokszta\u0142c\u0105ce z Oddzia\u0142ami Dwuj\u0119zycznymi im. Miko\u0142aja Kopernika w Kro\u015bnie) \u2013 laureat III stopnia; matematyka<\/p>\n\n\n\n<p>34. Julia Dutka (I Liceum Og\u00f3lnokszta\u0142c\u0105ce z Oddzia\u0142ami Dwuj\u0119zycznymi im. Jana D\u0142ugosza w Nowym S\u0105czu) \u2013 laureat III stopnia; matematyka<\/p>\n\n\n\n<p>35. Jakub Klimek (Zesp\u00f3\u0142 Szk\u00f3\u0142 \u0141\u0105czno\u015bci im. Obro\u0144c\u00f3w Poczty Polskiej w Gda\u0144sku w Krakowie) \u2013 laureat III stopnia; matematyka<\/p>\n\n\n\n<p>36. Pawe\u0142 Otak (Zesp\u00f3\u0142 Szk\u00f3\u0142 \u0141\u0105czno\u015bci im. Obro\u0144c\u00f3w Poczty Polskiej w Gda\u0144sku w Krakowie) \u2013 laureat III stopnia; matematyka<\/p>\n\n\n\n<p>37. Kamil Pulit (I Liceum Og\u00f3lnokszta\u0142c\u0105ce z Oddzia\u0142ami Dwuj\u0119zycznymi im. Jana D\u0142ugosza w Nowym S\u0105czu) \u2013 laureat III stopnia; matematyka<\/p>\n\n\n\n<p>38. Maciej Kawalec (II Liceum Og\u00f3lnokszta\u0142c\u0105ce im. Kr\u00f3la Jana III Sobieskiego w Krakowie) \u2013 laureat II stopnia; chemia<\/p>\n\n\n\n<p>39. Kacper Drozdowski (Liceum Og\u00f3lnokszta\u0142c\u0105ce im. ks. Piotra Skargi w S\u0119dziszowie Ma\u0142opolskim) \u2013laureat III stopnia; chemia<\/p>\n\n\n\n<p><img loading=\"lazy\" decoding=\"async\" width=\"500\" height=\"333\" src=\"https:\/\/www.pk.edu.pl\/images\/news\/2022\/4\/fot_6.jpg\" alt=\"rozdanie dyplom\u00f3w laureatom konkursu \u201eO Z\u0142oty Indeks PK\u201d (8 kwietnia 2022 r.)\"><\/p>\n\n\n\n<p>40. Wiktor Wola\u0144ski (Publiczne Salezja\u0144skie Liceum Og\u00f3lnokszta\u0142c\u0105ce w Krakowie) \u2013 laureat III stopnia; chemia<\/p>\n\n\n\n<p>41. Joanna Ko\u017alak (Publiczne Salezja\u0144skie Liceum Og\u00f3lnokszta\u0142c\u0105ce w Krakowie) \u2013 laureat III stopnia; chemia<\/p>\n\n\n\n<p>42. Adrianna Adamczyk (I Liceum Og\u00f3lnokszta\u0142c\u0105ce im. Miko\u0142aja Kopernika w \u017bywcu) \u2013 laureat III stopnia; chemia<\/p>\n\n\n\n<p>43. Nikodem Biegun (I Liceum Og\u00f3lnokszta\u0142c\u0105ce im. Miko\u0142aja Kopernika w \u017bywcu) \u2013 laureat III stopnia; chemia<\/p>\n\n\n\n<p>44. Maksymilian Wa\u015bko (I Liceum Og\u00f3lnokszta\u0142c\u0105ce im. Waleriana \u0141ukasi\u0144skiego w D\u0105browie G\u00f3rniczej) \u2013laureat III stopnia; chemia<\/p>\n\n\n\n<p>45. Bart\u0142omiej Wieleba (Liceum og\u00f3lnokszta\u0142c\u0105ce im. Jana Paw\u0142a II Si\u00f3str Prezentek w Rzeszowie) \u2013laureat III stopnia; chemia<\/p>\n\n\n\n<p>46. Martyna \u0141ukasiewicz (I Spo\u0142eczne Liceum Og\u00f3lnokszta\u0142c\u0105ce im. Hetmana Jana Tarnowskiego w Tarnobrzegu) \u2013 laureat III stopnia; chemia<\/p>\n\n\n\n<p>47. Julia Szota (I Liceum Og\u00f3lnokszta\u0142c\u0105ce im. Miko\u0142aja Kopernika w \u017bywcu) \u2013 laureat III stopnia; chemia<\/p>\n\n\n\n<p>48. Julianna Chmiel (Liceum Og\u00f3lnokszta\u0142c\u0105ce Jana III Sobieskiego w Krakowie) \u2013 laureat III stopnia; chemia<\/p>\n\n\n\n<p>49. Iwona Kupisz (Zesp\u00f3\u0142 Szk\u00f3\u0142 Technicznych w Tarnowie) \u2013 laureat III stopnia; chemia<\/p>\n\n\n\n<p><img loading=\"lazy\" decoding=\"async\" width=\"500\" height=\"333\" src=\"https:\/\/www.pk.edu.pl\/images\/news\/2022\/4\/fot_7.jpg\" alt=\"rozdanie dyplom\u00f3w laureatom konkursu \u201eO Z\u0142oty Indeks PK\u201d (8 kwietnia 2022 r.)\"><\/p>\n\n\n\n<p>50. Maria Kurcbart (I Liceum Og\u00f3lnokszta\u0142c\u0105ce im. S. \u017beromskiego w Kielcach \u2013 laureat III stopnia; chemia<\/p>\n\n\n\n<p>51. Julia Teter (I Spo\u0142eczne Liceum Og\u00f3lnokszta\u0142c\u0105ce im. Hetmana Jana Tarnowskiego w Tarnobrzegu) \u2013 laureat III stopnia; chemia<\/p>\n\n\n\n<p>52. Julia Golonka (Zesp\u00f3\u0142 Szk\u00f3\u0142 Energetycznych, Technikum Energetyczno-Elektroniczne<br>w Krakowie) \u2013 laureat II stopnia; informatyka<\/p>\n\n\n\n<p>53. Iwo Strzebo\u0144ski (Zesp\u00f3\u0142 Szk\u00f3\u0142 \u0141\u0105czno\u015bci im. Obro\u0144c\u00f3w Poczty Polskiej w Gda\u0144sku<br>w Krakowie) \u2013 laureat II stopnia; informatyka<\/p>\n\n\n\n<p>54. Bart\u0142omiej Hada (Zesp\u00f3\u0142 Szk\u00f3\u0142 \u0141\u0105czno\u015bci im. Obro\u0144c\u00f3w Poczty Polskiej w Gda\u0144sku<br>w Krakowie) \u2013 laureat III stopnia; informatyka<\/p>\n\n\n\n<p>55. Andrzej Brzezi\u0144ski (Zesp\u00f3\u0142 Szk\u00f3\u0142 Elektroniczno-Informatycznych im. Jana Szczepanika<br>w \u0141odzi) \u2013 laureat III stopnia; informatyka<\/p>\n\n\n\n<p>56. Jakub Kapa\u0142a (Zesp\u00f3\u0142 Szk\u00f3\u0142 \u0141\u0105czno\u015bci im. Obro\u0144c\u00f3w Poczty Polskiej w Gda\u0144sku<br>w Krakowie) \u2013 laureat III stopnia; informatyka<\/p>\n\n\n\n<p>57. Maciej Wiatr (Zesp\u00f3\u0142 Szk\u00f3\u0142 Elektrycznych nr 1 im. Powsta\u0144c\u00f3w \u015al\u0105skich w Krakowie) \u2013 laureat III stopnia; informatyka<\/p>\n\n\n\n<h2 class=\"wp-block-heading\"><strong><strong>Rok 2021<\/strong><\/strong><\/h2>\n\n\n\n<p><strong>Politechnika Krakowska nagrodzi\u0142a Lider\u00f3w pierwszego roku studi\u00f3w<\/strong><\/p>\n\n\n\n<p>Dodano: 20 maj 2021&nbsp;&nbsp;<strong>47 student\u00f3w I roku ze wszystkich wydzia\u0142\u00f3w Politechniki Krakowskiej zosta\u0142o laureatami nagrody rektora uczelni pn. \u201eStudent Lider pierwszego roku\u201d. Liderzy otrzymali finansowe wsparcie w wysoko\u015bci 1 tys. z\u0142otych.&nbsp;<\/strong>&nbsp;O nagrod\u0119 w programie mogli stara\u0107 studenci I roku stacjonarnych lub niestacjonarnych studi\u00f3w pierwszego stopnia, kt\u00f3rzy uzyskali pe\u0142n\u0105 rejestracj\u0119 na kolejny semestr, a ich wynik w rekrutacji na studia by\u0142 wysoki (nie ni\u017cszy ni\u017c 150 punkt\u00f3w).&nbsp;\u2013&nbsp;<em>Studentami Politechniki Krakowskiej zostaj\u0105 najlepsi absolwenci szk\u00f3\u0142 \u015brednich w kraju. \u015awiadcz\u0105 o tym m.in. wyniki kandydat\u00f3w osi\u0105gane w procesie rekrutacji oraz fakt, \u017ce nowi \u017cacy znakomicie odnale\u017ali si\u0119 w szkole wy\u017cszej i bez k\u0142opotu poradzili sobie z pierwszym semestrem studi\u00f3w<\/em>&nbsp;\u2013 m\u00f3wi rektor Politechniki, prof. dr hab. in\u017c. arch. Andrzej Bia\u0142kiewicz.&nbsp;&nbsp;<\/p>\n\n\n\n<figure class=\"wp-block-image\"><img decoding=\"async\" src=\"https:\/\/www.pk.edu.pl\/images\/news\/2021\/05\/liderzy_2021.png\" alt=\"Studenci Liderzy z symbolicznym czekiem na tysi\u0105c z\u0142otych\"\/><\/figure>\n\n\n\n<p>&nbsp;By m\u00f3c powalczy\u0107 o tytu\u0142 Lidera, studenci sk\u0142adali w dziekanatach swoich wydzia\u0142\u00f3w wniosek. W przypadku, gdy kilka os\u00f3b zdoby\u0142o tak\u0105 sam\u0105 liczb\u0119 punkt\u00f3w w post\u0119powaniu rekrutacyjnym na rok akademicki 2020\/21, dodatkowym kryterium by\u0142a \u015brednia wa\u017cona ocen uzyskana w pierwszym semestrze, obliczona zgodnie z obowi\u0105zuj\u0105cym na PK Regulaminem studi\u00f3w. Na podstawie tych kryteri\u00f3w wy\u0142oniono 47 Lider\u00f3w pierwszego roku studi\u00f3w. Tytu\u0142 ten uzyskali:&nbsp;<strong>Wydzia\u0142 Architektury<\/strong><\/p>\n\n\n\n<ul class=\"wp-block-list\">\n<li>Aleksandra Dziadzio (kierunek:&nbsp;<em>architektura<\/em>)<\/li>\n\n\n\n<li>Milena Pi\u0119ta (kierunek:&nbsp;<em>architektura<\/em>)<\/li>\n\n\n\n<li>Ma\u0142gorzata Ma\u015blanka (kierunek:&nbsp;<em>architektura<\/em>)<\/li>\n<\/ul>\n\n\n\n<p><strong>Wydzia\u0142 Informatyki i Telekomunikacji<\/strong><\/p>\n\n\n\n<ul class=\"wp-block-list\">\n<li>Jacek Godzicki (kierunek:&nbsp;<em>informatyka<\/em>)<\/li>\n\n\n\n<li>Damian Mizera (kierunek:&nbsp;<em>informatyka<\/em>)<\/li>\n\n\n\n<li>Tomasz Rolek (kierunek:&nbsp;<em>informatyka<\/em>)<\/li>\n\n\n\n<li>Weronika Sadzik (kierunek:&nbsp;<em>informatyka<\/em>)<\/li>\n\n\n\n<li>Aleksander Trzepizur (kierunek:&nbsp;<em>informatyka<\/em>)<\/li>\n\n\n\n<li>Sebastian Zych (kierunek:&nbsp;<em>informatyka<\/em>)<\/li>\n\n\n\n<li>Marta Chentosz (kierunek:&nbsp;<em>matematyka stosowana<\/em>)<\/li>\n\n\n\n<li>Zofia Cia\u0142owicz (kierunek:&nbsp;<em>matematyka stosowana<\/em>)<\/li>\n\n\n\n<li>Ma\u0142gorzata Kwapisz (kierunek:&nbsp;<em>matematyka stosowana<\/em>)<\/li>\n\n\n\n<li>Kamila Sieczko\u015b (kierunek:&nbsp;<em>matematyka<\/em>)<\/li>\n<\/ul>\n\n\n\n<p><strong>Wydzia\u0142 In\u017cynierii Elektrycznej i Komputerowej<\/strong><\/p>\n\n\n\n<ul class=\"wp-block-list\">\n<li>\u0141ukasz Domijan (kierunek:&nbsp;<em>informatyka w in\u017cynierii komputerowej<\/em>)<\/li>\n\n\n\n<li>Aleksandra Ho\u0142owi\u0144ska (kierunek:&nbsp;<em>informatyka w in\u017cynierii komputerowej<\/em>)<\/li>\n\n\n\n<li>Micha\u0142 Klich (kierunek:&nbsp;<em>informatyka w in\u017cynierii komputerowej<\/em>)<\/li>\n\n\n\n<li>Tomasz Osika (kierunek:<em>&nbsp;informatyka w in\u017cynierii komputerowej<\/em>)<\/li>\n\n\n\n<li>Jakub Strykowski (kierunek:&nbsp;<em>elektrotechnika i automatyka<\/em>)<\/li>\n<\/ul>\n\n\n\n<p><strong>Wydzia\u0142 In\u017cynierii L\u0105dowej<\/strong><\/p>\n\n\n\n<ul class=\"wp-block-list\">\n<li>Adriana D\u0105browska (kierunek:&nbsp;<em>budownictwo<\/em>)<\/li>\n\n\n\n<li>Pawe\u0142 Zagata (kierunek:&nbsp;<em>budownictwo<\/em>)<\/li>\n\n\n\n<li>Beata O\u017c\u00f3g (kierunek:&nbsp;<em>budownictwo<\/em>)<\/li>\n\n\n\n<li>Dawid Palak (kierunek:&nbsp;<em>transport<\/em>)<\/li>\n\n\n\n<li>Pawe\u0142 Gondek (kierunek:<em>&nbsp;transport<\/em>)<\/li>\n\n\n\n<li>Krzysztof Kusak (kierunek:&nbsp;<em>transport<\/em>)<\/li>\n<\/ul>\n\n\n\n<p><strong>Wydzia\u0142 In\u017cynierii Materia\u0142owej i Fizyki<\/strong><\/p>\n\n\n\n<ul class=\"wp-block-list\">\n<li>Monika Iglar (kierunek:&nbsp;<em>in\u017cynieria materia\u0142owa<\/em>)<\/li>\n<\/ul>\n\n\n\n<p><strong>Wydzia\u0142 In\u017cynierii \u015arodowiska i Energetyki<\/strong><\/p>\n\n\n\n<ul class=\"wp-block-list\">\n<li>Szymon \u0141ugowski (kierunek:&nbsp;<em>energetyka<\/em>)<\/li>\n\n\n\n<li>Dominika Guzior (kierunek:&nbsp;<em>geoinformatyka<\/em>)<\/li>\n<\/ul>\n\n\n\n<p><strong>Wydzia\u0142 In\u017cynierii i Technologii Chemicznej<\/strong><\/p>\n\n\n\n<ul class=\"wp-block-list\">\n<li>Paulina B\u0119benek (kierunek:&nbsp;<em>biotechnologia<\/em>)<\/li>\n\n\n\n<li>Julia Grzebinoga (kierunek:&nbsp;<em>biotechnologia<\/em>)<\/li>\n\n\n\n<li>Weronika Wa\u0142czyk (kierunek:&nbsp;<em>biotechnologia<\/em>)<\/li>\n\n\n\n<li>Magdalena Fr\u0105czyk (kierunek:&nbsp;<em>technologia chemiczna<\/em>)<\/li>\n\n\n\n<li>Patrycja Jagielska (kierunek:&nbsp;<em>technologia chemiczna<\/em>)<\/li>\n\n\n\n<li>Sylwia Wi\u0119c\u0142aw (kierunek:&nbsp;<em>technologia chemiczna<\/em>)<\/li>\n\n\n\n<li>Julia Karweta (kierunek:&nbsp;<em>in\u017cynieria chemiczna i procesowa<\/em>)<\/li>\n\n\n\n<li>Maciej Osika (kierunek:&nbsp;<em>in\u017cynieria chemiczna i procesowa<\/em>)<\/li>\n\n\n\n<li>Damian Sala (kierunek:&nbsp;<em>in\u017cynieria chemiczna i procesowa<\/em>)<\/li>\n<\/ul>\n\n\n\n<p><strong>Wydzia\u0142 Mechaniczny<\/strong><\/p>\n\n\n\n<ul class=\"wp-block-list\">\n<li>Maksymilian Kope\u0107 (kierunek:&nbsp;<em>automatyka i robotyka<\/em>)<\/li>\n\n\n\n<li>Mi\u0142osz Kuczmierczyk (kierunek:&nbsp;<em>automatyka i robotyka<\/em>)<\/li>\n\n\n\n<li>Bart\u0142omiej Mikulec (kierunek:&nbsp;<em>automatyka i robotyka<\/em>)<\/li>\n\n\n\n<li>Kamila Kopacz (kierunek:&nbsp;<em>in\u017cynieria wzornictwa przemys\u0142owego<\/em>)<\/li>\n\n\n\n<li>Alicja Strz\u0105da\u0142a (kierunek:&nbsp;<em>in\u017cynieria wzornictwa przemys\u0142owego<\/em>)<\/li>\n\n\n\n<li>Maja Szyma\u0144ska (kierunek:&nbsp;<em>in\u017cynieria wzornictwa przemys\u0142owego<\/em>)<\/li>\n\n\n\n<li>\u0141ukasz Grech (kierunek:&nbsp;<em>informatyka stosowana<\/em>)<\/li>\n\n\n\n<li>Jakub Haligowski (kierunek:&nbsp;<em>informatyka stosowana<\/em>)<\/li>\n\n\n\n<li>Dorota Lelito (kierunek:&nbsp;<em>informatyka stosowana<\/em>)<\/li>\n\n\n\n<li>Sylwia Ziemi\u0144ska (kierunek:&nbsp;<em>in\u017cynieria produkcji<\/em>)<\/li>\n\n\n\n<li>Agnieszka Zybura (kierunek:&nbsp;<em>in\u017cynieria produkcji<\/em>)<\/li>\n<\/ul>\n\n\n\n<p><em>(bk)<\/em>&nbsp;&nbsp;Fot. materia\u0142y PK<\/p>\n\n\n\n<h2 class=\"wp-block-heading\"><strong>Rok 202<\/strong>0<\/h2>\n\n\n\n<p><strong><strong>Politechnika Krakowska nagrodzi\u0142a Lider\u00f3w pierwszego roku studi\u00f3w<\/strong><\/strong><\/p>\n\n\n\n<p>Utworzono: 18 czerwiec 2020<\/p>\n\n\n\n<p><strong>43 student\u00f3w I roku ze wszystkich kierunk\u00f3w studi\u00f3w na 8 wydzia\u0142ach <\/strong><a href=\"https:\/\/www.pk.edu.pl\/index.php?option=com_content&amp;view=category&amp;layout=blog&amp;id=49&amp;Itemid=944&amp;lang=pl\"><strong>Politechniki Krakowskiej<\/strong><\/a><strong> zosta\u0142o laureatami specjalnego programu pn. \u201eStudent Lider pierwszego roku\u201d. Liderzy otrzymali finansowane wsparcie w wysoko\u015bci 1 tys. z\u0142otych. Specjalne stypendium dedykowane jest osobom, kt\u00f3re osi\u0105gn\u0119\u0142y najlepsze wyniki w rekrutacji na studia, a tak\u017ce laureatom I stopnia konkursu <\/strong><a href=\"http:\/\/indeks.pk.edu.pl\/\" target=\"_blank\" rel=\"noreferrer noopener\"><strong>\u201eO Z\u0142oty Indeks PK\u201d<\/strong><\/a><strong>.&nbsp;&nbsp;Tegoroczni maturzy\u015bci r\u00f3wnie\u017c b\u0119d\u0105 mie\u0107 okazj\u0119, by dzi\u0119ki wynikom osi\u0105gni\u0119tym podczas rekrutacji na Politechnik\u0119 Krakowsk\u0105, zdoby\u0107 na I roku studi\u00f3w tytu\u0142 Lidera i wsparcie pieni\u0119\u017cne.&nbsp;Program dla lider\u00f3w&nbsp; b\u0119dzie kontynuowany.&nbsp;<\/strong><\/p>\n\n\n\n<figure class=\"wp-block-image size-large\"><img loading=\"lazy\" decoding=\"async\" width=\"460\" height=\"385\" src=\"https:\/\/indeks.pk.edu.pl\/wp-content\/uploads\/2020\/12\/image-3.png\" alt=\"\" class=\"wp-image-90\" srcset=\"https:\/\/indeks.pk.edu.pl\/wp-content\/uploads\/2020\/12\/image-3.png 460w, https:\/\/indeks.pk.edu.pl\/wp-content\/uploads\/2020\/12\/image-3-300x251.png 300w\" sizes=\"auto, (max-width: 460px) 100vw, 460px\" \/><\/figure>\n\n\n\n<p><em>Ogromnie cieszy fakt, \u017ce studentami Politechniki Krakowskiej zostaj\u0105 najlepsi absolwenci szk\u00f3\u0142 \u015brednich w kraju. Wskazuj\u0105 na to wyniki kandydat\u00f3w osi\u0105gane w procesie rekrutacji oraz ogromna wiedza os\u00f3b bior\u0105cych udzia\u0142 w rywalizacji o \u201eZ\u0142oty Indeks PK\u201d<\/em> \u2013 m\u00f3wi rektor Politechniki, prof. Jan Kazior. \u2013 <em>Chcieli\u015bmy nagrodzi\u0107 tych student\u00f3w, kt\u00f3rzy wyr\u00f3\u017cnili si\u0119 ju\u017c na pocz\u0105tku swojej przygody z Politechnik\u0105 Krakowsk\u0105 i dlatego w 2019 r. zdecydowali\u015bmy si\u0119 na uruchomienie programu \u201eStudent Lider pierwszego roku\u201d<\/em>.&nbsp;<\/p>\n\n\n\n<p>O specjalne stypendium od rektora PK mogli stara\u0107 studenci I roku stacjonarnych lub niestacjonarnych studi\u00f3w pierwszego stopnia, kt\u00f3rzy uzyskali pe\u0142n\u0105 rejestracj\u0119 na kolejny semestr, a ich wynik w rekrutacji na studia by\u0142 wysoki (nie ni\u017cszy ni\u017c 150 punkt\u00f3w). Szans\u0119 na nagrod\u0119 otrzymali tak\u017ce laureaci I stopnia konkursu \u201eO Z\u0142oty Indeks PK\u201d, organizowanego w dw\u00f3ch dyscyplinach \u2013 matematyce i chemii. Finali\u015bci zmaga\u0144 zdobywaj\u0105 dodatkowe punkty w post\u0119powaniu rekrutacyjnym na wybrany kierunek studi\u00f3w na Politechnice Krakowskiej (za wyj\u0105tkiem Wydzia\u0142u Architektury oraz kierunku&nbsp;<em>in\u017cynieria wzornictwa przemys\u0142owego<\/em> na Wydziale Mechanicznym).&nbsp;<\/p>\n\n\n\n<p>By m\u00f3c powalczy\u0107 o tytu\u0142 Lidera, studenci sk\u0142adali w dziekanatach swoich wydzia\u0142\u00f3w wniosek. W przypadku, gdy kilku obecnych \u017cak\u00f3w zdoby\u0142o tak\u0105 sam\u0105 liczb\u0119 punkt\u00f3w w post\u0119powaniu rekrutacyjnym na rok akademicki 2019\/20, dodatkowym kryterium by\u0142a \u015brednia wa\u017cona ocen uzyskana w pierwszym semestrze, obliczona zgodnie z obowi\u0105zuj\u0105cym na PK Regulaminem studi\u00f3w. Na podstawie tych kryteri\u00f3w wy\u0142oniono 43 Lider\u00f3w pierwszego roku studi\u00f3w:&nbsp;<\/p>\n\n\n\n<p><strong>Wydzia\u0142 Architektury<\/strong><\/p>\n\n\n\n<ul class=\"wp-block-list\">\n<li>Kamila Mizera (kierunek: <em>architektura<\/em>)<\/li>\n\n\n\n<li>Adrian Kawik (kierunek: <em>architektura<\/em>)<\/li>\n\n\n\n<li>Klaudia Fia\u0142ek (kierunek: <em>architektura<\/em>)<\/li>\n<\/ul>\n\n\n\n<p><strong>Wydzia\u0142 Informatyki i Telekomunikacji<\/strong><\/p>\n\n\n\n<ul class=\"wp-block-list\">\n<li>Kinga Wolak (kierunek: <em>matematyka<\/em>)<\/li>\n\n\n\n<li>Kornelia Ry\u017c (kierunek: <em>matematyka<\/em>)<\/li>\n\n\n\n<li>Hubert Tacik (kierunek: <em>informatyka<\/em>)<\/li>\n\n\n\n<li>Filip Tryhuk (kierunek: <em>informatyka<\/em>)<\/li>\n\n\n\n<li>Aleksandra R\u0105pa\u0142a (kierunek: <em>informatyka<\/em>)<\/li>\n<\/ul>\n\n\n\n<p><strong>Wydzia\u0142 In\u017cynierii Elektrycznej i Komputerowej<\/strong><\/p>\n\n\n\n<ul class=\"wp-block-list\">\n<li>Wojciech Jacoszek (kierunek: <em>informatyka w in\u017cynierii komputerowej<\/em>)<\/li>\n\n\n\n<li>\u0141ukasz Romanowski (kierunek: <em>informatyka w in\u017cynierii komputerowej<\/em>)<\/li>\n\n\n\n<li>Piotr Sumara (kierunek: <em>elektrotechnika<\/em>)<\/li>\n<\/ul>\n\n\n\n<p><strong>Wydzia\u0142 In\u017cynierii L\u0105dowej<\/strong><\/p>\n\n\n\n<ul class=\"wp-block-list\">\n<li>Bart\u0142omiej Kokoszka (kierunek: <em>budownictwo<\/em>)<\/li>\n\n\n\n<li>Wiktor P\u0119cak (kierunek: <em>budownictwo<\/em>)<\/li>\n\n\n\n<li>\u0141ukasz Ojczyk (kierunek: <em>budownictwo<\/em>)<\/li>\n\n\n\n<li>Barbara Tworek (kierunek: <em>transport<\/em>)&nbsp;<\/li>\n\n\n\n<li>Monika Kowalczyk (kierunek: <em>transport<\/em>)<\/li>\n<\/ul>\n\n\n\n<p><strong>Wydzia\u0142 In\u017cynierii Materia\u0142owej i Fizyki<\/strong><\/p>\n\n\n\n<ul class=\"wp-block-list\">\n<li>Natalia W\u00f3jcik (kierunek: <em>fizyka techniczna<\/em>)&nbsp;<\/li>\n\n\n\n<li>Olga Adamczyk (kierunek:<em> nanotechnologie i nanomateria\u0142y<\/em>)&nbsp;<\/li>\n<\/ul>\n\n\n\n<p><strong>Wydzia\u0142 In\u017cynierii \u015arodowiska i Energetyki<\/strong><\/p>\n\n\n\n<ul class=\"wp-block-list\">\n<li>Karolina Konopka (kierunek: <em>gospodarka przestrzenna<\/em>)&nbsp;<\/li>\n\n\n\n<li>Pawe\u0142 Zapa\u0142a (kierunek: <em>in\u017cynieria czystego powietrza<\/em>)<\/li>\n\n\n\n<li>Gabriela Bujas (kierunek: <em>in\u017cynieria \u015brodowiska<\/em>)<\/li>\n\n\n\n<li>Karolina Liwosz (kierunek: <em>in\u017cynieria \u015brodowiska<\/em>)<\/li>\n<\/ul>\n\n\n\n<p><strong>Wydzia\u0142 In\u017cynierii i Technologii Chemicznej<\/strong><\/p>\n\n\n\n<ul class=\"wp-block-list\">\n<li>Natalia Paw\u0142owska (kierunek: <em>biotechnologia<\/em>)&nbsp;<\/li>\n\n\n\n<li>Mateusz P\u0142aczek (kierunek: <em>in\u017cynieria chemiczna i procesowa<\/em>)<\/li>\n\n\n\n<li>Pawe\u0142 Stalmach (kierunek: <em>in\u017cynieria chemiczna i procesowa<\/em>)<\/li>\n\n\n\n<li>Patryk Gajewski (kierunek: <em>technologia chemiczna<\/em>)<\/li>\n\n\n\n<li>Dominika Pawlak (kierunek: <em>technologia chemiczna<\/em>)<\/li>\n\n\n\n<li>Bo\u017cena Druzga\u0142a (kierunek: <em>technologia chemiczna<\/em>)<\/li>\n<\/ul>\n\n\n\n<p><strong>Wydzia\u0142 Mechaniczny<\/strong><\/p>\n\n\n\n<ul class=\"wp-block-list\">\n<li>Damian Nowak (kierunek: <em>automatyka i robotyka<\/em>)<\/li>\n\n\n\n<li>Ernest G\u00f3rka (kierunek: <em>automatyka i robotyka<\/em>)<\/li>\n\n\n\n<li>Bruno W\u0142odarczyk (kierunek: <em>informatyka stosowana<\/em>)<\/li>\n\n\n\n<li>Kacper W\u0119gor (kierunek: <em>informatyka stosowana<\/em>)<\/li>\n\n\n\n<li>Kamil Smo\u0142ecki (kierunek: <em>informatyka stosowana<\/em>)<\/li>\n\n\n\n<li>Zbigniew Hryniewicz (kierunek: <em>in\u017cynieria medyczna<\/em>)<\/li>\n\n\n\n<li>Natalia Korczak (kierunek: <em>in\u017cynieria produkcji<\/em>)<\/li>\n\n\n\n<li>Micha\u0142 Knefel (kierunek: <em>in\u017cynieria \u015brodk\u00f3w transportu<\/em>)<\/li>\n\n\n\n<li>Karolina Katana (kierunek: <em>in\u017cynieria \u015brodk\u00f3w transportu<\/em>)<\/li>\n\n\n\n<li>Jakub J\u0119cek (kierunek: <em>in\u017cynieria \u015brodk\u00f3w transportu<\/em>)<\/li>\n\n\n\n<li>Zuzanna Cyunel (kierunek: <em>in\u017cynieria wzornictwa przemys\u0142owego<\/em>)<\/li>\n\n\n\n<li>Adrianna Chrzan (kierunek: <em>in\u017cynieria wzornictwa przemys\u0142owego<\/em>)<\/li>\n\n\n\n<li>Natalia \u0141akoma (kierunek: <em>in\u017cynieria wzornictwa przemys\u0142owego<\/em>)<\/li>\n\n\n\n<li>Mariola W\u0105s (kierunek: <em>mechanika i budowa maszyn<\/em>)<\/li>\n\n\n\n<li>Jan S\u0142aby (kierunek: <em>pojazdy samochodowe<\/em>)<\/li>\n<\/ul>\n\n\n\n<p>Tegoroczni maturzy\u015bci r\u00f3wnie\u017c b\u0119d\u0105 mie\u0107 okazj\u0119, by dzi\u0119ki wynikom osi\u0105gni\u0119tym podczas rekrutacji na Politechnik\u0119 Krakowsk\u0105, zdoby\u0107 na I roku tytu\u0142 Lidera i wsparcie pieni\u0119\u017cne. Jak zapowiada rektor, rozpocz\u0119ty w ubieg\u0142ym roku program \u201eStudent Lider\u201d b\u0119dzie kontynuowany.&nbsp;&nbsp;<\/p>\n\n\n\n<h2 class=\"wp-block-heading\">Rok 2020<\/h2>\n\n\n\n<p><strong>\u201eZ\u0142oty Indeks PK\u201d dla najzdolniejszych<\/strong><\/p>\n\n\n\n<p>Dodano: 06 marzec 2020<\/p>\n\n\n\n<p><strong>Politechnika Krakowska nagrodzi\u0142a dodatkowymi punktami w rekrutacji na studia blisko dziewi\u0119\u0107dziesi\u0119ciu tegorocznych maturzyst\u00f3w w&nbsp;kolejnej&nbsp;edycji og\u00f3lnopolskiego konkursu \u201e<\/strong><a rel=\"noreferrer noopener\" href=\"http:\/\/indeks.pk.edu.pl\/\" target=\"_blank\"><strong>O Z\u0142oty Indeks PK<\/strong><\/a><strong>\u201d. Uroczyste rozdanie certyfikat\u00f3w zaplanowano na 17 kwietnia br.&nbsp;<\/strong><\/p>\n\n\n\n<figure class=\"wp-block-image size-large\"><img loading=\"lazy\" decoding=\"async\" width=\"360\" height=\"240\" src=\"https:\/\/indeks.pk.edu.pl\/wp-content\/uploads\/2020\/12\/image-2.png\" alt=\"\" class=\"wp-image-78\" srcset=\"https:\/\/indeks.pk.edu.pl\/wp-content\/uploads\/2020\/12\/image-2.png 360w, https:\/\/indeks.pk.edu.pl\/wp-content\/uploads\/2020\/12\/image-2-300x200.png 300w\" sizes=\"auto, (max-width: 360px) 100vw, 360px\" \/><\/figure>\n\n\n\n<p>Konkurs, w kt\u00f3rym mogli bra\u0107 udzia\u0142 uczniowie szk\u00f3\u0142 ponadpodstawowych przyst\u0119puj\u0105cy w bie\u017c\u0105cym roku szkolnym do egzaminu maturalnego, zosta\u0142 rozegrany w dw\u00f3ch dyscyplinach \u2013 <em>matematyce<\/em> i&nbsp;<em>chemii<\/em>. Zawody mia\u0142y charakter dwustopniowy: I etap \u2013 zdalny, II etap \u2013 centralny na Politechnice. Uczestnicy mogli wybra\u0107 tylko jedn\u0105 dyscyplin\u0119.&nbsp;<\/p>\n\n\n\n<p>Do udzia\u0142u w I etapie konkursu (on-line), kt\u00f3ry odby\u0142 si\u0119 11 stycznia br., zarejestrowa\u0142o si\u0119 207 os\u00f3b. Zmagania fina\u0142owe zosta\u0142y rozegrane na kampusie g\u0142\u00f3wnym Politechniki Krakowskiej 22 lutego br. Wzi\u0119\u0142o w nich udzia\u0142 132 uczni\u00f3w \u2013 28 w dyscyplinie chemii i 104 w matematyce.<\/p>\n\n\n\n<p>Laureaci II etapu konkursu \u201eO Z\u0142oty Indeks PK\u201d otrzymaj\u0105 \u2013 w zale\u017cno\u015bci od uzyskanych wynik\u00f3w \u2013 odpowiednio 100, 50 lub 30 dodatkowych punkt\u00f3w, kt\u00f3re zostan\u0105 doliczone w post\u0119powaniu rekrutacyjnym na wybrany kierunek studi\u00f3w na Politechnice Krakowskiej (za wyj\u0105tkiem Wydzia\u0142u Architektury oraz kierunku <em>in\u017cynieria wzornictwa przemys\u0142owego<\/em> na Wydziale Mechanicznym).&nbsp;<\/p>\n\n\n\n<p>W tym roku \u201eZ\u0142ote Indeksy PK\u201d zdoby\u0142o 78 uczni\u00f3w w dziedzinie <em>matematyki<\/em> (laureaci<br>I stopnia \u2013 3 osoby; laureaci II stopnia \u2013 21 os\u00f3b; laureaci III stopnia \u2013 54 osoby) i 11 uczni\u00f3w w dziedzinie <em>chemii<\/em> (laureaci II stopnia \u2013 4 osoby; laureaci III stopnia \u2013 7 os\u00f3b).&nbsp;<\/p>\n\n\n\n<p>Dodatkowo laureaci I stopnia Konkursu otrzymuj\u0105 szans\u0119 na uzyskanie specjalnego stypendium w ramach programu \u201eStudent Lider pierwszego roku\u201d. Warunkiem uzyskania nagrody jest zaliczenie pierwszego semestru studi\u00f3w na Politechnice Krakowskiej i uzyskanie pe\u0142nej rejestracji na kolejny semestr do dnia 15 marca 2021 r.<\/p>\n\n\n\n<p><em>(bk)<\/em><\/p>\n\n\n\n<h2 class=\"wp-block-heading\">Rok 2019<\/h2>\n\n\n\n<figure class=\"wp-block-embed is-type-video is-provider-youtube wp-block-embed-youtube wp-embed-aspect-16-9 wp-has-aspect-ratio\"><div class=\"wp-block-embed__wrapper\">\n<div class='embed-container'><iframe loading=\"lazy\" title=\"Z\u0142oty Indeks PK 2019\" width=\"1920\" height=\"1080\" src=\"https:\/\/www.youtube.com\/embed\/tKuYPY3CI6g?feature=oembed\" frameborder=\"0\" allow=\"accelerometer; autoplay; clipboard-write; encrypted-media; gyroscope; picture-in-picture; web-share\" referrerpolicy=\"strict-origin-when-cross-origin\" allowfullscreen><\/iframe><\/div>\n<\/div><\/figure>\n\n\n\n<p><\/p>\n\n\n\n<p><strong>Z\u0142oty Indeks PK\u201d dla najzdolniejszych<br>z matematyki i chemii<\/strong><\/p>\n\n\n\n<p>Dodano: 05 kwiecie\u0144 2019<\/p>\n\n\n\n<p><a href=\"https:\/\/www.pk.edu.pl\/index.php?option=com_content&amp;view=category&amp;layout=blog&amp;id=49&amp;Itemid=944&amp;lang=pl\"><strong>Politechnika Krakowska <\/strong><\/a><strong>nagrodzi\u0142a dodatkowymi punktami w rekrutacji na studia kilkudziesi\u0119ciu tegorocznych maturzyst\u00f3w w kolejnej edycji og\u00f3lnopolskiego konkursu \u201eO Z\u0142oty Indeks PK\u201d. W pi\u0105tek, 5 kwietnia br. odby\u0142o si\u0119 uroczyste rozdanie certyfikat\u00f3w.&nbsp;<\/strong><\/p>\n\n\n\n<p>Konkurs, w kt\u00f3rym mogli bra\u0107 udzia\u0142 uczniowie szk\u00f3\u0142 ponadgimnazjalnych przyst\u0119puj\u0105cy w bie\u017c\u0105cym roku szkolnym do egzaminu maturalnego, zosta\u0142 rozegrany w dw\u00f3ch dyscyplinach&nbsp;\u2013 <em>matematyce<\/em> i <em>chemii<\/em>. Zawody mia\u0142y charakter dwustopniowy: I etap \u2013 zdalny, II etap \u2013 centralny na <a href=\"https:\/\/www.pk.edu.pl\/index.php?option=com_content&amp;view=category&amp;layout=blog&amp;id=49&amp;Itemid=944&amp;lang=pl\">Politechnice<\/a>. Uczestnicy mogli wybra\u0107 tylko jedn\u0105 dyscyplin\u0119.&nbsp;<\/p>\n\n\n\n<p>Do udzia\u0142u w I etapie konkursu (on-line), kt\u00f3ry odby\u0142 si\u0119 12 stycznia br., zarejestrowa\u0142y si\u0119 264 osoby. Zmagania fina\u0142owe zosta\u0142y rozegrane na kampusie g\u0142\u00f3wnym <a href=\"https:\/\/www.pk.edu.pl\/index.php?option=com_content&amp;view=category&amp;layout=blog&amp;id=49&amp;Itemid=944&amp;lang=pl\">Politechniki Krakowskiej<\/a> 23 lutego br. Wzi\u0119\u0142o w nich udzia\u0142 163 uczni\u00f3w \u2013 40 w dyscyplinie <em>chemii<\/em> i 123 w <em>matematyce<\/em>.&nbsp;<\/p>\n\n\n\n<p>Laureaci II etapu konkursu \u201eO Z\u0142oty Indeks PK\u201d otrzymali \u2013 w zale\u017cno\u015bci od uzyskanych wynik\u00f3w \u2013 odpowiednio 100, 50 lub 30 dodatkowych punkt\u00f3w, kt\u00f3re zostan\u0105 doliczone<br>w post\u0119powaniu rekrutacyjnym na wybrany kierunek studi\u00f3w na <a href=\"https:\/\/www.pk.edu.pl\/index.php?option=com_content&amp;view=category&amp;layout=blog&amp;id=49&amp;Itemid=944&amp;lang=pl\">Politechnice Krakowskiej<\/a> (za wyj\u0105tkiem <a rel=\"noreferrer noopener\" href=\"http:\/\/arch.pk.edu.pl\/\" target=\"_blank\">Wydzia\u0142u Architektury<\/a> oraz kierunku <em>in\u017cynieria wzornictwa przemys\u0142owego<\/em> na <a rel=\"noreferrer noopener\" href=\"http:\/\/mech.pk.edu.pl\/\" target=\"_blank\">Wydziale Mechanicznym<\/a>). Finalistom certyfikaty wr\u0119czy\u0142 prorektor ds. studenckich dr hab. in\u017c. Marek Stanuszek.<strong><br><\/strong><\/p>\n\n\n\n<figure class=\"wp-block-image size-large\"><img loading=\"lazy\" decoding=\"async\" width=\"665\" height=\"382\" src=\"https:\/\/indeks.pk.edu.pl\/wp-content\/uploads\/2020\/12\/image-1.png\" alt=\"\" class=\"wp-image-77\" srcset=\"https:\/\/indeks.pk.edu.pl\/wp-content\/uploads\/2020\/12\/image-1.png 665w, https:\/\/indeks.pk.edu.pl\/wp-content\/uploads\/2020\/12\/image-1-300x172.png 300w\" sizes=\"auto, (max-width: 665px) 100vw, 665px\" \/><\/figure>\n\n\n\n<p><strong>Laureaci ucz\u0119szczaj\u0105 do ni\u017cej wymienionych szk\u00f3\u0142:<\/strong><\/p>\n\n\n\n<p><strong><em>nagrody I stopnia w dyscyplinie matematyka<\/em><\/strong><\/p>\n\n\n\n<ul class=\"wp-block-list\">\n<li>Zesp\u00f3\u0142 Szk\u00f3\u0142 im. Ks. Stanis\u0142awa Staszica w Tarnobrzegu<\/li>\n\n\n\n<li>II Liceum Og\u00f3lnokszta\u0142c\u0105ce im. Miko\u0142aja Kopernika w Mielcu<\/li>\n\n\n\n<li>Zesp\u00f3\u0142 Szk\u00f3\u0142 Elektryczno-Mechanicznych w Nowym S\u0105czu<\/li>\n\n\n\n<li>II Liceum Og\u00f3lnokszta\u0142c\u0105ce im. Marii Konopnickiej w Nowym S\u0105czu<\/li>\n\n\n\n<li>Liceum Og\u00f3lnokszta\u0142c\u0105ce im. Miko\u0142aja Kopernika w Tarnobrzegu<\/li>\n\n\n\n<li>I LO im. Seweryna Goszczy\u0144skiego w Nowym Targu<\/li>\n\n\n\n<li>Zesp\u00f3\u0142 Szk\u00f3\u0142 im. ks. Stanis\u0142awa Staszica w Tarnobrzegu<\/li>\n\n\n\n<li>I LO im. Seweryna Goszczy\u0144skiego w Nowym Targu<\/li>\n\n\n\n<li>Zesp\u00f3\u0142 Szk\u00f3\u0142 im. ks. Stanis\u0142awa Staszica w Tarnobrzegu<\/li>\n\n\n\n<li>II Liceum Og\u00f3lnokszta\u0142c\u0105ce im. Marii Konopnickiej w Nowym S\u0105czu<\/li>\n\n\n\n<li>II Liceum Og\u00f3lnokszta\u0142c\u0105ce im. Marii Konopnickiej w Nowym S\u0105czu<\/li>\n\n\n\n<li>II Liceum Og\u00f3lnokszta\u0142c\u0105ce im. Marii Konopnickiej w Nowym S\u0105czu<\/li>\n<\/ul>\n\n\n\n<p><strong><em>nagrody II stopnia w dyscyplinie matematyka<\/em><\/strong><\/p>\n\n\n\n<ul class=\"wp-block-list\">\n<li>Liceum Og\u00f3lnokszta\u0142c\u0105ce im. Miko\u0142aja Kopernika w Tarnobrzegu<\/li>\n\n\n\n<li>Zesp\u00f3\u0142 Szk\u00f3\u0142 Elektryczno-Mechanicznych w Nowym S\u0105czu<\/li>\n\n\n\n<li>Katolickie Liceum Og\u00f3lnokszta\u0142c\u0105ce im. \u015awi\u0119tej Rodziny z Nazaretu w Krakowie<\/li>\n\n\n\n<li>I Liceum og\u00f3lnokszta\u0142c\u0105ce im. Marii Konopnickiej w Nowym S\u0105czu<\/li>\n\n\n\n<li>VIII Prywatne Akademickie Liceum Og\u00f3lnokszta\u0142c\u0105ce w Krakowie<\/li>\n\n\n\n<li>II Liceum Og\u00f3lnokszta\u0142c\u0105ce im. Stefana \u017beromskiego w D\u0105browie G\u00f3rniczej<\/li>\n\n\n\n<li>I Liceum Og\u00f3lnokszta\u0142c\u0105ce im. Kr\u00f3la Stanis\u0142awa Leszczy\u0144skiego w Ja\u015ble<\/li>\n\n\n\n<li>Liceum Og\u00f3lnokszta\u0142c\u0105ce im. Miko\u0142aja Kopernika&nbsp; w Tarnobrzegu<\/li>\n\n\n\n<li>Zesp\u00f3\u0142 Szk\u00f3\u0142 Chemicznych im. M. Sk\u0142odowskiej-Curie w Krakowie)<\/li>\n\n\n\n<li>I Liceum Og\u00f3lnokszta\u0142c\u0105ce im. Seweryna Goszczy\u0144skiego w Nowym Targu<\/li>\n\n\n\n<li>II Liceum Og\u00f3lnokszta\u0142c\u0105ce im. Miko\u0142aja Kopernika w Mielcu<\/li>\n\n\n\n<li>Liceum Og\u00f3lnokszta\u0142c\u0105ce im. Seweryna Goszczy\u0144skiego w Nowym Targu<\/li>\n\n\n\n<li>I Liceum Og\u00f3lnokszta\u0142c\u0105ce im. M. Kopernika w \u017bywcu<\/li>\n\n\n\n<li>VIII Liceum Og\u00f3lnokszta\u0142c\u0105ce im. Stanis\u0142awa Wyspia\u0144skiego w Krakowie<\/li>\n\n\n\n<li>I Liceum Og\u00f3lnokszta\u0142c\u0105ce im. M. Kopernika w \u017bywcu<\/li>\n\n\n\n<li>Regionalne Centrum Edukacji Zawodowej w Bi\u0142goraju<\/li>\n\n\n\n<li>Zesp\u00f3\u0142 Szk\u00f3\u0142 Budowlanych i Og\u00f3lnokszta\u0142c\u0105cych w Bi\u0142goraju<\/li>\n\n\n\n<li>I Liceum Og\u00f3lnokszta\u0142c\u0105ce im. Seweryna Goszczy\u0144skiego w Nowym Targu<\/li>\n\n\n\n<li>Liceum Og\u00f3lnokszta\u0142c\u0105ce im. Miko\u0142aja Kopernika w Tarnobrzegu<\/li>\n\n\n\n<li>I Liceum Og\u00f3lnokszta\u0142c\u0105ce im. Miko\u0142aja Kopernika w \u017bywcu<\/li>\n\n\n\n<li>Zesp\u00f3\u0142 Szk\u00f3\u0142 Mechaniczno-Elektrycznych w \u017bywcu)<\/li>\n\n\n\n<li>Zesp\u00f3\u0142 Szk\u00f3\u0142 Elektryczno-Mechanicznych w Nowym S\u0105czu<br>&nbsp;im. gen. J\u00f3zefa Kustronia Nowym S\u0105czu<\/li>\n\n\n\n<li>I Liceum Og\u00f3lnokszta\u0142c\u0105ce im. Seweryna. Goszczy\u0144skiego w Nowym Targu<\/li>\n\n\n\n<li>I Liceum Og\u00f3lnokszta\u0142c\u0105ce im. Miko\u0142aja Kopernika w \u017bywcu<\/li>\n\n\n\n<li>I Liceum Og\u00f3lnokszta\u0142c\u0105cego im. M. Kopernika)<\/li>\n\n\n\n<li>I Liceum Og\u00f3lnokszta\u0142c\u0105ce im. Kr\u00f3la Kazimierza Wielkiego w Olkuszu<\/li>\n\n\n\n<li>I Liceum Og\u00f3lnokszta\u0142c\u0105ce im. Jana D\u0142ugosza w Nowym S\u0105czu<\/li>\n\n\n\n<li>I Liceum Og\u00f3lnokszta\u0142c\u0105ce im. M. Kopernika w \u017bywcu<\/li>\n\n\n\n<li>VIII Liceum Og\u00f3lnokszta\u0142c\u0105ce im. Stanis\u0142awa Wyspia\u0144skiego w Krakowie<\/li>\n\n\n\n<li>VIII Liceum Og\u00f3lnokszta\u0142c\u0105ce im. Stanis\u0142awa Wyspia\u0144skiego w Krakowie<\/li>\n\n\n\n<li>I Liceum Og\u00f3lnokszta\u0142c\u0105ce \u2013 im. Kr\u00f3la Kazimierza Wielkiego w Olkuszu<\/li>\n\n\n\n<li>Zesp\u00f3\u0142 Szk\u00f3\u0142 im. ks. Stanis\u0142awa Staszica w Tarnobrzegu<\/li>\n\n\n\n<li>VIII Liceum Og\u00f3lnokszta\u0142c\u0105ce im. Stanis\u0142awa Wyspia\u0144skiego w Krakowie<\/li>\n\n\n\n<li>Zesp\u00f3\u0142 Szk\u00f3\u0142 im. Ojca \u015awi\u0119tego Jana Paw\u0142a II w Niepo\u0142omicach<\/li>\n\n\n\n<li>I Liceum Og\u00f3lnokszta\u0142c\u0105ce im. Miko\u0142aja Kopernika w \u017bywcu<\/li>\n\n\n\n<li>I Liceum Og\u00f3lnokszta\u0142c\u0105ce imienia Bart\u0142omieja Nowodworskiego w Krakowie<\/li>\n\n\n\n<li>Prywatne Akademickie Liceum Og\u00f3lnokszta\u0142c\u0105ce nr VIII w Krakowie<\/li>\n\n\n\n<li>I Liceum Og\u00f3lnokszta\u0142c\u0105ce im. Miko\u0142aja Kopernika w \u017bywcu<\/li>\n\n\n\n<li>Samorz\u0105dowe Liceum Og\u00f3lnokszta\u0142c\u0105ce Im. Cypriana Kamila Norwida w Stalowej Woli<\/li>\n\n\n\n<li>Zesp\u00f3\u0142 Szk\u00f3\u0142 Elektryczno-mechanicznych w Nowym S\u0105czu<\/li>\n\n\n\n<li>X Liceum Og\u00f3lnokszta\u0142c\u0105ce im. KEN w Krakowie<\/li>\n\n\n\n<li>Liceum Og\u00f3lnokszta\u0142c\u0105ce im. Miko\u0142aja Kopernika w Tarnobrzegu<br>Liceum Og\u00f3lnokszta\u0142c\u0105ce im. Miko\u0142aja Kopernika w Tarnobrzegu<\/li>\n<\/ul>\n\n\n\n<p><strong><em>nagrody I stopnia w dyscyplinie chemia<\/em><\/strong><\/p>\n\n\n\n<ul class=\"wp-block-list\">\n<li>I Liceum Og\u00f3lnokszta\u0142c\u0105ce z Oddzia\u0142ami Dwuj\u0119zycznymi im. Jana D\u0142ugosza w Nowym S\u0105czu<\/li>\n\n\n\n<li>I Liceum Og\u00f3lnokszta\u0142c\u0105ce im. M. Kopernika w \u017bywcu<\/li>\n<\/ul>\n\n\n\n<p><strong><em>nagrody II stopnia w dyscyplinie chemia<\/em><\/strong><\/p>\n\n\n\n<ul class=\"wp-block-list\">\n<li>Liceum Og\u00f3lnokszta\u0142c\u0105ce im. Marcina Wadowity w Wadowicach<\/li>\n\n\n\n<li>V Liceum Og\u00f3lnokszta\u0142c\u0105ce w Bielsku-Bia\u0142ej<\/li>\n\n\n\n<li>I Liceum Og\u00f3lnokszta\u0142c\u0105ce im. Miko\u0142aja Kopernika w \u017bywcu<\/li>\n\n\n\n<li>II LO im. Marii Konopnickiej w Nowym S\u0105czu<\/li>\n\n\n\n<li>VII Liceum Og\u00f3lnokszta\u0142c\u0105ce im. Zofii Na\u0142kowskiej w Krakowie<\/li>\n\n\n\n<li>I Liceum Og\u00f3lnokszta\u0142c\u0105ce im. Miko\u0142aja Kopernika w \u017bywcu)<\/li>\n\n\n\n<li>Liceum Og\u00f3lnokszta\u0142c\u0105ce Zakonu Pijar\u00f3w im. Stanis\u0142awa Konarskiego w Krakowie<\/li>\n\n\n\n<li>Liceum Og\u00f3lnokszta\u0142c\u0105ce z Oddzia\u0142ami Dwuj\u0119zycznymi im. Jana D\u0142ugosza<br>w Nowym S\u0105czu<\/li>\n\n\n\n<li>Zesp\u00f3\u0142 Szk\u00f3\u0142 Og\u00f3lnokszta\u0142c\u0105cych nr 2 w Nowym S\u0105czu<\/li>\n\n\n\n<li>I Liceum Og\u00f3lnokszta\u0142c\u0105ce im. Jana Zamoyskiego w Zamo\u015bciu<\/li>\n\n\n\n<li>IV Liceum Og\u00f3lnokszta\u0142c\u0105ce im. K. K. Baczy\u0144skiego w Olkuszu<\/li>\n\n\n\n<li>II Liceum Og\u00f3lnokszta\u0142c\u0105ce im. Kr\u00f3la Jana III Sobieskiego w Krakowie<\/li>\n\n\n\n<li>Liceum Og\u00f3lnokszta\u0142c\u0105ce im. Miko\u0142aja Kopernika w \u017bywcu<\/li>\n\n\n\n<li>Zesp\u00f3\u0142 Szk\u00f3\u0142 nr 2 im. Miko\u0142aja Reja w Kra\u015bniku<\/li>\n<\/ul>\n\n\n\n<p>Na zdj\u0119ciu: laureaci konkursu \u201eO Z\u0142oty Indeks PK\u201d w towarzystwie rektora prof. dr. hab. in\u017c. Jana Kaziora \/ fot. Jan Zych<\/p>\n\n\n\n<h2 class=\"wp-block-heading\">Rok 2018<\/h2>\n\n\n\n<p><strong>Znamy laureat\u00f3w konkursu \u201eO Z\u0142oty Indeks PK\u201d<\/strong><\/p>\n\n\n\n<p>Dodano: 13 kwiecie\u0144 2018<\/p>\n\n\n\n<p><strong>Politechnika Krakowska nagrodzi\u0142a dodatkowymi punktami w rekrutacji na studia prawie czterdziestu tegorocznych maturzyst\u00f3w kolejnej edycji og\u00f3lnopolskiego konkursu \u201eO Z\u0142oty Indeks PK\u201d. 13 kwietnia odby\u0142o si\u0119 uroczyste rozdanie certyfikat\u00f3w Z\u0142otego Indeksu.<\/strong><\/p>\n\n\n\n<figure class=\"wp-block-image size-large\"><img loading=\"lazy\" decoding=\"async\" width=\"619\" height=\"302\" src=\"https:\/\/indeks.pk.edu.pl\/wp-content\/uploads\/2020\/12\/image.png\" alt=\"\" class=\"wp-image-76\" srcset=\"https:\/\/indeks.pk.edu.pl\/wp-content\/uploads\/2020\/12\/image.png 619w, https:\/\/indeks.pk.edu.pl\/wp-content\/uploads\/2020\/12\/image-300x146.png 300w\" sizes=\"auto, (max-width: 619px) 100vw, 619px\" \/><\/figure>\n\n\n\n<p>Konkurs odbywa si\u0119 w dw\u00f3ch dyscyplinach &#8211; <em>matematyce<\/em> i <em>chemii<\/em>. Jego celem jest zwr\u00f3cenie szczeg\u00f3lnej uwagi m\u0142odzie\u017cy szk\u00f3\u0142 ponadgimnazjalnych na przedmioty \u015bcis\u0142e, przygotowuj\u0105ce do podj\u0119cia studi\u00f3w technicznych. Do I etapu Konkursu zarejestrowa\u0142o si\u0119 309&nbsp;os\u00f3b: 264 z <em>matematyki<\/em> oraz 45 z <em>chemii<\/em>. To o 164 osoby wi\u0119cej ni\u017c w ubieg\u0142ym roku.<\/p>\n\n\n\n<p>&nbsp;W drugim etapie rywalizacji <a href=\"http:\/\/indeks.pk.edu.pl\/\" target=\"_blank\" rel=\"noreferrer noopener\">O Z\u0142oty Indeks PK<\/a>&nbsp;w dyscyplinie <em>matematyka<\/em> uczelnia przyzna\u0142a po 100 punkt\u00f3w 11 najlepszym oraz 18 nagr\u00f3d II&nbsp;stopnia (po 50 punkt\u00f3w).<br>W dyscyplinie <em>chemia<\/em> najlepszym maturzystom przyznano 9 nagr\u00f3d po 100 punkt\u00f3w. Zwyci\u0119zcy b\u0119d\u0105 mogli wykorzysta\u0107 zdobyte punkty w post\u0119powaniu rekrutacyjnym w roku akademickim, w kt\u00f3rym b\u0119d\u0105 ubiega\u0107 si\u0119 o przyj\u0119cie na studia, na wybrany kierunek studi\u00f3w na Politechnice Krakowskiej (z wyj\u0105tkiem kierunk\u00f3w na <a href=\"http:\/\/arch.pk.edu.pl\/\" target=\"_blank\" rel=\"noreferrer noopener\">Wydziale Architektury<\/a> oraz kierunku <em>in\u017cynieria wzornictwa przemys\u0142owego<\/em> na <a href=\"http:\/\/mech.pk.edu.pl\/\" target=\"_blank\" rel=\"noreferrer noopener\">Wydziale Mechanicznym<\/a>).&nbsp;Laureatom konkursu certyfikaty wr\u0119czy\u0142 prorektor ds. studenckich prof. dr hab. in\u017c. Marek Stanuszek.<\/p>\n\n\n\n<p><strong>Laureaci ucz\u0119szczaj\u0105 do ni\u017cej wymienionych szk\u00f3\u0142:<\/strong><\/p>\n\n\n\n<p>&nbsp;<strong>nagrody I stopnia w dyscyplinie <em>matematyka<\/em>:<\/strong><\/p>\n\n\n\n<ul class=\"wp-block-list\">\n<li>LO im. Miko\u0142aja Kopernika w Tarnobrzegu<\/li>\n<\/ul>\n\n\n\n<ul class=\"wp-block-list\">\n<li>LO im. Tadeusza Ko\u015bciuszki w Ropczycach<\/li>\n\n\n\n<li>II LO im. Jana \u015aniadeckiego w Kielcach<\/li>\n\n\n\n<li>I LO im. Seweryna Goszczy\u0144skiego w Nowym Targu<\/li>\n\n\n\n<li>I LO im. Seweryna Goszczy\u0144skiego w Nowym Targu<\/li>\n\n\n\n<li>II LO im. Jana \u015aniadeckiego w Kielcach<\/li>\n\n\n\n<li>V LO im. ks. J\u00f3zefa Poniatowskiego w Warszawie<\/li>\n\n\n\n<li>III LO im. Stanis\u0142awa Wyspia\u0144skiego w Krakowie<\/li>\n\n\n\n<li>VIII LO im. Stanis\u0142awa Wyspia\u0144skiego w Krakowie<\/li>\n\n\n\n<li>Zesp\u00f3\u0142 Szk\u00f3\u0142 \u0141\u0105czno\u015bci Technikum \u0141\u0105czno\u015bci nr 14 im. Obro\u0144c\u00f3w Poczty Polskiej<br>&nbsp;w Krakowie<\/li>\n\n\n\n<li>I LO im. Seweryna Goszczy\u0144skiego w Nowym Targu<\/li>\n<\/ul>\n\n\n\n<p>&nbsp;<strong>nagrody II stopnia w dyscyplinie <em>matematyka<\/em>:<\/strong><\/p>\n\n\n\n<ul class=\"wp-block-list\">\n<li>Liceum Og\u00f3lnokszta\u0142c\u0105ce Zakonu Pijar\u00f3w w Krakowie<\/li>\n\n\n\n<li>Samorz\u0105dowe Liceum Og\u00f3lnokszta\u0142c\u0105ce im. Cypriana Kamila Norwida w Stalowej Woli<\/li>\n\n\n\n<li>I Liceum Og\u00f3lnokszta\u0142c\u0105ce im. Miko\u0142aja Kopernika w \u017bywcu<\/li>\n\n\n\n<li>I Liceum Og\u00f3lnokszta\u0142c\u0105ce im. Jana D\u0142ugosza w Nowym S\u0105czu<\/li>\n\n\n\n<li>Samorz\u0105dowe Liceum Og\u00f3lnokszta\u0142c\u0105ce im. Cypriana Kamila Norwida w Stalowej Woli<\/li>\n\n\n\n<li>Zesp\u00f3\u0142 Szk\u00f3\u0142 \u0141\u0105czno\u015bci Technikum \u0141\u0105czno\u015bci nr 14 im. Obro\u0144c\u00f3w Poczty Polskiej w Krakowie<\/li>\n\n\n\n<li>Liceum Og\u00f3lnokszta\u0142c\u0105ce im. Miko\u0142aja Kopernika w Tarnobrzegu<\/li>\n\n\n\n<li>Samorz\u0105dowe Liceum Og\u00f3lnokszta\u0142c\u0105ce im. Cypriana Kamila Norwida w Stalowej Woli<\/li>\n\n\n\n<li>Liceum Og\u00f3lnokszta\u0142c\u0105ce im. Miko\u0142aja Kopernika w Tarnobrzegu<\/li>\n\n\n\n<li>Zesp\u00f3\u0142 Szk\u00f3\u0142 \u0141\u0105czno\u015bci Technikum \u0141\u0105czno\u015bci nr 14 im. Obro\u0144c\u00f3w Poczty Polskiej w Krakowie<\/li>\n\n\n\n<li>Samorz\u0105dowe Liceum Og\u00f3lnokszta\u0142c\u0105ce im. Cypriana Kamila Norwida w Stalowej Woli<\/li>\n\n\n\n<li>Samorz\u0105dowe Liceum Og\u00f3lnokszta\u0142c\u0105ce im. Cypriana Kamila Norwida w Stalowej Woli<\/li>\n\n\n\n<li>I Liceum Og\u00f3lnokszta\u0142c\u0105ce im. Tadeusza Ko\u015bciuszki w My\u015blenicach<\/li>\n\n\n\n<li>Katolickie Liceum im. \u015bw. Rodziny z Nazaretu w Krakowie<\/li>\n\n\n\n<li>Publiczne Liceum Og\u00f3lnokszta\u0142c\u0105ce nr 2 im. Marii Konopnickiej w Opolu<\/li>\n\n\n\n<li>I Liceum Og\u00f3lnokszta\u0142c\u0105ce im. Seweryna Goszczy\u0144skiego w Nowym Targu<\/li>\n\n\n\n<li>I Liceum Og\u00f3lnokszta\u0142c\u0105ce im. Tadeusza Ko\u015bciuszki w My\u015blenicach<\/li>\n\n\n\n<li>I Liceum Og\u00f3lnokszta\u0142c\u0105ce im. Bart\u0142omieja Nowodworskiego w Krakowie<\/li>\n<\/ul>\n\n\n\n<p><strong>nagrody I stopnia w dyscyplinie <em>chemia<\/em>:<\/strong><\/p>\n\n\n\n<ul class=\"wp-block-list\">\n<li>I Liceum Og\u00f3lnokszta\u0142c\u0105ce im. M. Kopernika w \u017bywcu<\/li>\n\n\n\n<li>II Liceum Og\u00f3lnokszta\u0142c\u0105ce im. ks. Jana Twardowskiego w D\u0119bicy<\/li>\n\n\n\n<li>VIII Liceum Og\u00f3lnokszta\u0142c\u0105ce im. Stanis\u0142awa Wyspia\u0144skiego w Krakowie<\/li>\n\n\n\n<li>Liceum Og\u00f3lnokszta\u0142c\u0105ce Zakonu Pijar\u00f3w im. ks. Stanis\u0142awa Konarskiego w Krakowie<\/li>\n\n\n\n<li>II Liceum og\u00f3lnokszta\u0142c\u0105ce im. Marii Konopnickiej w Nowym S\u0105czu<\/li>\n\n\n\n<li>I Liceum Og\u00f3lnokszta\u0142c\u0105ce im. Komisji Edukacji Narodowej w Sanoku<\/li>\n\n\n\n<li>I Liceum Og\u00f3lnokszta\u0142c\u0105ce w Ja\u015ble im. Kr\u00f3la Stanis\u0142awa Leszczy\u0144skiego w Ja\u015ble<\/li>\n\n\n\n<li>I Liceum Og\u00f3lnokszta\u0142c\u0105ce im. Kr\u00f3la Kazimierza Wielkiego w Bochni<\/li>\n\n\n\n<li>II Liceum Og\u00f3lnokszta\u0142c\u0105ce im. Miko\u0142aja Reja w Kra\u015bniku<\/li>\n<\/ul>\n\n\n\n<p>Na zdj\u0119ciu: laureaci konkursu&nbsp;\u201eO Z\u0142oty Indeks PK\u201d&nbsp;\/ fot. Jan Zych<\/p>\n\n\n\n<h2 class=\"wp-block-heading\">Rok 2017<\/h2>\n\n\n\n<p><strong>Z\u0142oty Indeks dla najzdolniejszych<br>z matematyki i chemii<\/strong><\/p>\n\n\n\n<p>Dodano: 03 kwiecie\u0144 2017<\/p>\n\n\n\n<p><strong>Politechnika Krakowska nagrodzi\u0142a dodatkowymi punktami w rekrutacji na studia ponad czterdziestu tegorocznych maturzyst\u00f3w, w og\u00f3lnopolskim konkursie \u201eO Z\u0142oty Indeks PK\u201d. 31 marca &nbsp;2017 r. odby\u0142o si\u0119 uroczyste rozdanie certyfikat\u00f3w Z\u0142otego Indeksu.<\/strong><\/p>\n\n\n\n<p>&nbsp;<br>Konkurs odby\u0142 si\u0119 w dw\u00f3ch dyscyplinach &#8211; <em>matematyka<\/em> i <em>chemia<\/em>. Zwyci\u0119zcy otrzymali dodatkowe punkty w post\u0119powaniu rekrutacyjnym w roku akademickim, w kt\u00f3rym b\u0119d\u0105 ubiega\u0107 si\u0119 o przyj\u0119cie na studia, na wybrany kierunek studi\u00f3w na Politechnice Krakowskiej (z wyj\u0105tkiem kierunk\u00f3w na <a href=\"http:\/\/www.arch.pk.edu.pl\" target=\"_blank\" rel=\"noreferrer noopener\">Wydziale Architektury<\/a> oraz kierunku <em>in\u017cynieria wzornictwa przemys\u0142owego<\/em> na <a href=\"http:\/\/www.mech.pk.edu.pl\" target=\"_blank\" rel=\"noreferrer noopener\">Wydziale Mechanicznym<\/a>).<\/p>\n\n\n\n<p>W rywalizacji o Z\u0142oty Indeks PK, w dyscyplinie <em>matematyka<\/em> uczelnia przyzna\u0142a po 100 punkt\u00f3w 10 najlepszym oraz 24 nagrody II stopnia (po 50 punkt\u00f3w). W dyscyplinie <em>chemia<\/em> najlepszym maturzystom przyznano 10 nagr\u00f3d po 100 punkt\u00f3w.<\/p>\n\n\n\n<p><strong>Laureaci s\u0105 ucz\u0119szczaj\u0105 do ni\u017cej wymienionych szk\u00f3\u0142:<\/strong><\/p>\n\n\n\n<p>&nbsp;<br><strong>Najlepsi z matematyki nagrody I stopnia:<\/strong> LO im. Jana Matejki w Wieliczce, LO im. ks. Stanis\u0142awa Konarskiego w Krakowie, VI LO w Bydgoszczy, VI Liceum Og\u00f3lnokszta\u0142c\u0105ce<br>w Bydgoszczy, III LO im. Adama Mickiewicza w Tarnowie, LO im. Miko\u0142aja Kopernika<br>w Tarnobrzegu, I LO im. Seweryna Goszczy\u0144skiego w Nowym Targu, ZS im. ks. Stanis\u0142awa Staszica w Tarnobrzegu, LO im. Miko\u0142aja Kopernika w Tarnobrzegu, I LO im. Seweryna Goszczy\u0144skiego w Nowym Targu.<\/p>\n\n\n\n<p><br><strong>Laureaci nagr\u00f3d II stopnia z matematyki z nast\u0119puj\u0105cych szk\u00f3\u0142:<\/strong> ZSO nr 1 im. Seweryna Goszczy\u0144skiego w Nowym Targu , LO im. Miko\u0142aja Kopernika w Tarnobrzegu, ZS nr 1<br>w Bochni, ZSP Ma\u0142opolska Szko\u0142a Go\u015bcinno\u015bci im. Tytusa Cha\u0142ubi\u0144skiego w My\u015blenicach, I LO im. Miko\u0142aja Kopernika w \u017bywcu, II LO im. Marii Konopnickiej w Nowym S\u0105czu,<br>ZS nr 1 im. Stanis\u0142awa Staszica w Bochni, LO im. Jana Matejki w Wieliczce, II LO im Marii Konopnickiej w Nowym S\u0105czu, ZSL w Le\u017cajsku, I LO im. T. Ko\u015bciuszki w My\u015blenicach,<br>I LO im. Miko\u0142aja Kopernika w Kro\u015bnie , I LO im. Miko\u0142aja Kopernika w &nbsp;, II LO im. Marii Konopnickiej w Nowym S\u0105czu, I LO im. Seweryna Goszczy\u0144skiego w Nowym Targu, II LO im. Marii Konopnickiej w Nowym S\u0105czu), (ZS im. ks. Stanis\u0142awa Staszica w Tarnobrzegu), Stanis\u0142aw T\u0119czy\u0144ski ,I LO im. Tadeusza Ko\u015bciuszki w My\u015blenicach, I LO im. Miko\u0142aja Kopernika w \u017bywcu, II LO im. ks. prof. J\u00f3zefa Tischnera w Rabce-Zdroju, PZSTiZ<br>w \u015awiebodzinie, ZSP Ma\u0142opolska Szko\u0142a Go\u015bcinno\u015bci im. Tytusa Cha\u0142ubi\u0144skiego<br>w My\u015blenicach, LO im. M. Kopernika w Tarnobrzegu), Bobak II LO im. Marii Konopnickiej<br>w Nowym S\u0105czu).<\/p>\n\n\n\n<p><br><strong>Laureaci nagr\u00f3d I stopnia z chemii:<\/strong> V LO im. Augusta Witkowskiego w Krakowie, (II LO im. Marii Konopnickiej w Nowy S\u0105czu, I LO im. Marii Konopnickiej w Nowym S\u0105czu,<br>II LO im. Marii Konopnickiej w Nowym S\u0105czu, I LO im. Miko\u0142aja Kopernika w \u017bywcu, I LO w Wadowicach), LO im. Ks. Stanis\u0142awa Konarskiego w O\u015bwi\u0119cimiu, II LO im. Marii Konopnickiej w Nowym S\u0105czu, I LO im. Seweryna Goszczy\u0144skiego w Nowym Targu,&nbsp; Liceum Og\u00f3lnokszta\u0142c\u0105ce im. Miko\u0142aja Kopernika w \u017bywcu.<\/p>\n\n\n\n<p><br>Konkurs \u201eO Z\u0142oty Indeks PK\u201d jest dwuetapowym konkursem, w kt\u00f3rym udzia\u0142 wzi\u0105\u0107 mogli tegoroczni maturzy\u015bci szk\u00f3\u0142 ponadgimnazjalnych z ca\u0142ej Polski. 21 stycznia odby\u0142 si\u0119 I etap konkursu, na platformie e-learningowej (online), a zakwalifikowani w nim wzi\u0119li udzia\u0142<br>w finale (25 lutego) na Politechnice Krakowskiej.<\/p>\n\n\n\n<p><br>Laureatom konkursu certyfikaty wr\u0119czy\u0142 prorektor ds. studenckich prof. dr hab. in\u017c. Marek Stanuszek.<\/p>\n\n\n\n<h2 class=\"wp-block-heading\">Rok 2016<\/h2>\n\n\n\n<figure class=\"wp-block-embed is-type-video is-provider-youtube wp-block-embed-youtube wp-embed-aspect-16-9 wp-has-aspect-ratio\"><div class=\"wp-block-embed__wrapper\">\n<div class='embed-container'><iframe loading=\"lazy\" title=\"Z\u0142oty Indeks Politechniki Krakowskiej\" width=\"1920\" height=\"1080\" src=\"https:\/\/www.youtube.com\/embed\/07DEMyWVJqM?feature=oembed\" frameborder=\"0\" allow=\"accelerometer; autoplay; clipboard-write; encrypted-media; gyroscope; picture-in-picture; web-share\" referrerpolicy=\"strict-origin-when-cross-origin\" allowfullscreen><\/iframe><\/div>\n<\/div><\/figure>\n\n\n\n<h2 class=\"wp-block-heading\"><\/h2>\n\n\n\n<p><\/p>\n","protected":false},"excerpt":{"rendered":"<p>Rok 2026 Laureaci 11. edycji konkursu \u201eO Z\u0142oty Indeks PK\u201d odwiedzili Politechnik\u0119 Krakowsk\u0105 i odebrali dyplomy Og\u00f3lnopolski konkurs \u201eO Z\u0142oty Indeks PK\u201d to przedsi\u0119wzi\u0119cie, kt\u00f3re na sta\u0142e wpisa\u0142o si\u0119 do kalendarza wydarze\u0144 organizowanych przez Politechnik\u0119 Krakowsk\u0105, a dedykowanych uczniom szk\u00f3\u0142 \u015brednich. Po raz 11. maturzy\u015bci z ca\u0142ej Polski i nie tylko oni, bowiem w tym&hellip; <br \/> <a class=\"read-more\" href=\"https:\/\/indeks.pk.edu.pl\/?page_id=69\">Dowiedz si\u0119 wi\u0119cej<\/a><\/p>\n","protected":false},"author":1,"featured_media":0,"parent":0,"menu_order":0,"comment_status":"closed","ping_status":"closed","template":"","meta":{"footnotes":""},"class_list":["post-69","page","type-page","status-publish","hentry"],"_links":{"self":[{"href":"https:\/\/indeks.pk.edu.pl\/index.php?rest_route=\/wp\/v2\/pages\/69","targetHints":{"allow":["GET"]}}],"collection":[{"href":"https:\/\/indeks.pk.edu.pl\/index.php?rest_route=\/wp\/v2\/pages"}],"about":[{"href":"https:\/\/indeks.pk.edu.pl\/index.php?rest_route=\/wp\/v2\/types\/page"}],"author":[{"embeddable":true,"href":"https:\/\/indeks.pk.edu.pl\/index.php?rest_route=\/wp\/v2\/users\/1"}],"replies":[{"embeddable":true,"href":"https:\/\/indeks.pk.edu.pl\/index.php?rest_route=%2Fwp%2Fv2%2Fcomments&post=69"}],"version-history":[{"count":21,"href":"https:\/\/indeks.pk.edu.pl\/index.php?rest_route=\/wp\/v2\/pages\/69\/revisions"}],"predecessor-version":[{"id":521,"href":"https:\/\/indeks.pk.edu.pl\/index.php?rest_route=\/wp\/v2\/pages\/69\/revisions\/521"}],"wp:attachment":[{"href":"https:\/\/indeks.pk.edu.pl\/index.php?rest_route=%2Fwp%2Fv2%2Fmedia&parent=69"}],"curies":[{"name":"wp","href":"https:\/\/api.w.org\/{rel}","templated":true}]}}